{"id":9757,"date":"2020-04-11T08:52:45","date_gmt":"2020-04-11T06:52:45","guid":{"rendered":"https:\/\/lgspeiteng.lu\/?page_id=9757"},"modified":"2020-04-11T09:44:55","modified_gmt":"2020-04-11T07:44:55","slug":"artikelen","status":"publish","type":"page","link":"https:\/\/lgspeiteng.lu\/fr_FR\/artikelen","title":{"rendered":"Artikel Archiv"},"content":{"rendered":"\n<section class=\"wp-block-uagb-section uagb-section__wrap uagb-section__background-image uagb-block-f1171332-73ce-4c44-b895-e519a60be3b1\"><div class=\"uagb-section__overlay\"><\/div><div class=\"uagb-section__inner-wrap\">\n<div class=\"wp-block-uagb-advanced-heading uagb-block-427f9762-aee7-42e5-a8dd-f00ed98c23b4\" id=\"uagb-adv-heading-39e34168-4059-4c71-9558-eae261c0d5e4\"><h1 class=\"uagb-heading-text\">Artikel Archiv<\/h1><p class=\"uagb-desc-text\"><\/p><\/div>\n<\/div><\/section>\n\n\n\n<section class=\"wp-block-uagb-section uagb-section__wrap uagb-section__background-undefined uagb-block-74af97d8-c3c9-4e07-a5c0-1960e12f5705\"><div class=\"uagb-section__overlay\"><\/div><div class=\"uagb-section__inner-wrap\"><div class=\"sya_container\" id=\"sya_container\"><h2><a id=\"year2026\"><\/a><a href=\"#\" onclick=\"this.parentNode.nextSibling.style.display=(this.parentNode.nextSibling.style.display!='none'?'none':'');return false;\">2026<\/a> <span class=\"sya_yearcount\">(2)<\/span><\/h2><ul style=\"display:none;\"><li class=\"\"><div class=\"sya_postcontent\"><span class=\"sya_date\">24. f\u00e9vrier  |  <\/span><a href=\"https:\/\/lgspeiteng.lu\/fr_FR\/14938\" class=\"post-14938\" rel=\"bookmark\">lettre d\u00b4information th\u00e9atre<\/a> <span class=\"sya_categories\">(Scoutsziedel)<\/span> <span class=\"sya_tags\">(Theater)<\/span> <span class=\"sya_author\">(par Claire D)<\/span><\/div><\/li><li class=\"\"><div class=\"sya_postcontent\"><span class=\"sya_date\">01. f\u00e9vrier  |  <\/span><a href=\"https:\/\/lgspeiteng.lu\/fr_FR\/14929\" class=\"post-14929\" rel=\"bookmark\">Buergbrennen  2026<\/a> <span class=\"sya_categories\">(Scoutsziedel)<\/span> <span class=\"sya_tags\">(Buergbrennen)<\/span> <span class=\"sya_author\">(par Claire D)<\/span><\/div><\/li><\/ul><h2><a id=\"year2025\"><\/a><a href=\"#\" onclick=\"this.parentNode.nextSibling.style.display=(this.parentNode.nextSibling.style.display!='none'?'none':'');return false;\">2025<\/a> <span class=\"sya_yearcount\">(11)<\/span><\/h2><ul style=\"display:none;\"><li class=\"\"><div class=\"sya_postcontent\"><span class=\"sya_date\">07. d\u00e9cembre  |  <\/span><a href=\"https:\/\/lgspeiteng.lu\/fr_FR\/14912\" class=\"post-14912\" rel=\"bookmark\">lettre d\u00b4information fichier des membres et Cotisations<\/a> <span class=\"sya_categories\">(Scoutsziedel)<\/span> <span class=\"sya_tags\">(Kotisatioun, Membersfichier, Pabeiersammlung)<\/span> <span class=\"sya_author\">(par Claire D)<\/span><\/div><\/li><li class=\"\"><div class=\"sya_postcontent\"><span class=\"sya_date\">30. juillet  |  <\/span><a href=\"https:\/\/lgspeiteng.lu\/fr_FR\/14886\" class=\"post-14886\" rel=\"bookmark\">Andr\u00e9ck (5\/5) vum 100 Joer Gruppecamp<\/a> <span class=\"sya_categories\">(Fotoen)<\/span> <span class=\"sya_tags\">(100 Joer, camp, Kuelbecherhaff)<\/span> <span class=\"sya_author\">(par Gilles)<\/span><\/div><\/li><li class=\"\"><div class=\"sya_postcontent\"><span class=\"sya_date\">27. juillet  |  <\/span><a href=\"https:\/\/lgspeiteng.lu\/fr_FR\/14828\" class=\"post-14828\" rel=\"bookmark\">Andr\u00e9ck (4) vum 100 Joer Gruppecamp<\/a> <span class=\"sya_categories\">(Fotoen)<\/span> <span class=\"sya_author\">(par Gilles)<\/span><\/div><\/li><li class=\"\"><div class=\"sya_postcontent\"><span class=\"sya_date\">23. juillet  |  <\/span><a href=\"https:\/\/lgspeiteng.lu\/fr_FR\/14780\" class=\"post-14780\" rel=\"bookmark\">Andr\u00e9ck (3) vum 100 Joer Gruppecamp<\/a> <span class=\"sya_categories\">(Fotoen)<\/span> <span class=\"sya_author\">(par Gilles)<\/span><\/div><\/li><li class=\"\"><div class=\"sya_postcontent\"><span class=\"sya_date\">22. juillet  |  <\/span><a href=\"https:\/\/lgspeiteng.lu\/fr_FR\/14777\" class=\"post-14777\" rel=\"bookmark\">Andr\u00e9ck (2) vum 100 Joer Gruppecamp<\/a> <span class=\"sya_categories\">(Fotoen)<\/span> <span class=\"sya_tags\">(100 Joer, Kuelbecherhaff)<\/span> <span class=\"sya_author\">(par Gilles)<\/span><\/div><\/li><li class=\"\"><div class=\"sya_postcontent\"><span class=\"sya_date\">21. juillet  |  <\/span><a href=\"https:\/\/lgspeiteng.lu\/fr_FR\/14711\" class=\"post-14711\" rel=\"bookmark\">Andr\u00e9ck (1) vum 100 Joer Gruppecamp<\/a> <span class=\"sya_categories\">(Fotoen)<\/span> <span class=\"sya_tags\">(100 Joer, Kuelbecherhaff)<\/span> <span class=\"sya_author\">(par Gilles)<\/span><\/div><\/li><li class=\"\"><div class=\"sya_postcontent\"><span class=\"sya_date\">04. juillet  |  <\/span><a href=\"https:\/\/lgspeiteng.lu\/fr_FR\/14675\" class=\"post-14675\" rel=\"bookmark\">Informations pour le camp de groupe<\/a> <span class=\"sya_categories\">(Scoutsziedel)<\/span> <span class=\"sya_tags\">(fiche medicale, Grillfest, Gruppecamp, RGPD)<\/span> <span class=\"sya_author\">(par Claire D)<\/span><\/div><\/li><li class=\"\"><div class=\"sya_postcontent\"><span class=\"sya_date\">28. juin  |  <\/span><a href=\"https:\/\/lgspeiteng.lu\/fr_FR\/14655\" class=\"post-14655\" rel=\"bookmark\">Guildendag<\/a> <span class=\"sya_categories\">(Guilde)<\/span> <span class=\"sya_tags\">(100 Joer, Grillfest, Invitatioun, Kuelbecherhaff)<\/span> <span class=\"sya_author\">(par Leo Lutgen)<\/span><\/div><\/li><li class=\"\"><div class=\"sya_postcontent\"><span class=\"sya_date\">09. juin  |  <\/span><a href=\"https:\/\/lgspeiteng.lu\/fr_FR\/14650\" class=\"post-14650\" rel=\"bookmark\">Fotoen: 100 Joer Fest vun de P\u00e9itenger Guiden a Scouten<\/a> <span class=\"sya_categories\">(Fotoen)<\/span> <span class=\"sya_tags\">(100 Joer)<\/span> <span class=\"sya_author\">(par Gilles)<\/span><\/div><\/li><li class=\"\"><div class=\"sya_postcontent\"><span class=\"sya_date\">21. f\u00e9vrier  |  <\/span><a href=\"https:\/\/lgspeiteng.lu\/fr_FR\/14408\" class=\"post-14408\" rel=\"bookmark\">Aktivit\u00e9iten vu M\u00e4erz bis Juli 2025<\/a> <span class=\"sya_categories\">(Guilde)<\/span> <span class=\"sya_tags\">(100 Joer, Buergbrennen, Grillfest, Theater)<\/span> <span class=\"sya_author\">(par Leo Lutgen)<\/span><\/div><\/li><li class=\"\"><div class=\"sya_postcontent\"><span class=\"sya_date\">10. f\u00e9vrier  |  <\/span><a href=\"https:\/\/lgspeiteng.lu\/fr_FR\/14392\" class=\"post-14392\" rel=\"bookmark\">Lettre d'information f\u00eate des brandons et th\u00e9\u00e2tre 2025<\/a> <span class=\"sya_categories\">(Scoutsziedel)<\/span> <span class=\"sya_tags\">(Buergbrennen, Theater)<\/span> <span class=\"sya_author\">(par Claire D)<\/span><\/div><\/li><\/ul><h2><a id=\"year2024\"><\/a><a href=\"#\" onclick=\"this.parentNode.nextSibling.style.display=(this.parentNode.nextSibling.style.display!='none'?'none':'');return false;\">2024<\/a> <span class=\"sya_yearcount\">(17)<\/span><\/h2><ul style=\"display:none;\"><li class=\"\"><div class=\"sya_postcontent\"><span class=\"sya_date\">28. d\u00e9cembre  |  <\/span><a href=\"https:\/\/lgspeiteng.lu\/fr_FR\/14382\" class=\"post-14382\" rel=\"bookmark\">lettre d'information fichier des membres et cotisation 2025<\/a> <span class=\"sya_categories\">(Scoutsziedel)<\/span> <span class=\"sya_tags\">(Cotisatioun, Membersfichier, Pabeiersammlung)<\/span> <span class=\"sya_author\">(par Claire D)<\/span><\/div><\/li><li class=\"\"><div class=\"sya_postcontent\"><span class=\"sya_date\">19. novembre  |  <\/span><a href=\"https:\/\/lgspeiteng.lu\/fr_FR\/14378\" class=\"post-14378\" rel=\"bookmark\">Adventskr\u00e4nz 2024<\/a> <span class=\"sya_categories\">(Scoutsziedel)<\/span> <span class=\"sya_author\">(par Claire D)<\/span><\/div><\/li><li class=\"\"><div class=\"sya_postcontent\"><span class=\"sya_date\">19. novembre  |  <\/span><a href=\"https:\/\/lgspeiteng.lu\/fr_FR\/14371\" class=\"post-14371\" rel=\"bookmark\">lettre d'information march\u00e9 de St. Nicolas 2024<\/a> <span class=\"sya_categories\">(Scoutsziedel)<\/span> <span class=\"sya_tags\">(Adventskr\u00e4nz, Bazar, Nikloosmaart)<\/span> <span class=\"sya_author\">(par Claire D)<\/span><\/div><\/li><li class=\"\"><div class=\"sya_postcontent\"><span class=\"sya_date\">07. octobre  |  <\/span><a href=\"https:\/\/lgspeiteng.lu\/fr_FR\/14353\" class=\"post-14353\" rel=\"bookmark\">Comm\u00e9moration nationale le dimanche 13 octobre \u00e0 Lamadelaine<\/a> <span class=\"sya_categories\">(Scoutsziedel)<\/span> <span class=\"sya_tags\">(Comm\u00e9moratioun)<\/span> <span class=\"sya_author\">(par Claire D)<\/span><\/div><\/li><li class=\"\"><div class=\"sya_postcontent\"><span class=\"sya_date\">16. septembre  |  <\/span><a href=\"https:\/\/lgspeiteng.lu\/fr_FR\/14346\" class=\"post-14346\" rel=\"bookmark\">lettre d'information 21 Septembre 2024<\/a> <span class=\"sya_categories\">(Scoutsziedel)<\/span> <span class=\"sya_tags\">(Infoziedel, Schnupperversammlung)<\/span> <span class=\"sya_author\">(par Claire D)<\/span><\/div><\/li><li class=\"\"><div class=\"sya_postcontent\"><span class=\"sya_date\">28. ao\u00fbt  |  <\/span><a href=\"https:\/\/lgspeiteng.lu\/fr_FR\/14331\" class=\"post-14331\" rel=\"bookmark\">lettre d'information septembre 2024<\/a> <span class=\"sya_categories\">(Scoutsziedel)<\/span> <span class=\"sya_tags\">(Borne des Passeurs, Chefdag, Comm\u00e9moratioun, Grupperot, Hyman Josefson, Kleedersammlung, Kongress, liberatioun, Pabeiersammlung, Rockabilly)<\/span> <span class=\"sya_author\">(par Claire D)<\/span><\/div><\/li><li class=\"\"><div class=\"sya_postcontent\"><span class=\"sya_date\">07. juillet  |  <\/span><a href=\"https:\/\/lgspeiteng.lu\/fr_FR\/14302\" class=\"post-14302\" rel=\"bookmark\">Informations pour le camping des castors 2024<\/a> <span class=\"sya_categories\">(Biber)<\/span> <span class=\"sya_author\">(par Claire D)<\/span><\/div><\/li><li class=\"\"><div class=\"sya_postcontent\"><span class=\"sya_date\">07. juillet  |  <\/span><a href=\"https:\/\/lgspeiteng.lu\/fr_FR\/14292\" class=\"post-14292\" rel=\"bookmark\">Infoziedel Camping 2024<\/a> <span class=\"sya_categories\">(Scoutsziedel)<\/span> <span class=\"sya_tags\">(Ahn, Brexbachtal, Camping, Eltereversammlung, Koblenz, Pabeiersammlung, Vakanzaktioun)<\/span> <span class=\"sya_author\">(par Claire D)<\/span><\/div><\/li><li class=\"\"><div class=\"sya_postcontent\"><span class=\"sya_date\">17. juin  |  <\/span><a href=\"https:\/\/lgspeiteng.lu\/fr_FR\/14278\" class=\"post-14278\" rel=\"bookmark\">lettre d'information jusqu'au 6 juillet 2024<\/a> <span class=\"sya_categories\">(Scoutsziedel)<\/span> <span class=\"sya_tags\">(Camping, Food Festival, Nationalfeierdag)<\/span> <span class=\"sya_author\">(par Claire D)<\/span><\/div><\/li><li class=\"\"><div class=\"sya_postcontent\"><span class=\"sya_date\">04. juin  |  <\/span><a href=\"https:\/\/lgspeiteng.lu\/fr_FR\/14269\" class=\"post-14269\" rel=\"bookmark\">LISTE DE MAT\u00c9RIEL<\/a> <span class=\"sya_categories\">(AvEx, Scoutsziedel)<\/span> <span class=\"sya_author\">(par Claire D)<\/span><\/div><\/li><li class=\"\"><div class=\"sya_postcontent\"><span class=\"sya_date\">02. juin  |  <\/span><a href=\"https:\/\/lgspeiteng.lu\/fr_FR\/14253\" class=\"post-14253\" rel=\"bookmark\">lettre d'information jusqu'au 15 juin 2024<\/a> <span class=\"sya_categories\">(Scoutsziedel)<\/span> <span class=\"sya_tags\">(Camping, Grupperot, Naturdach W\u00ebllefcher, Pabeiersammlung)<\/span> <span class=\"sya_author\">(par Claire D)<\/span><\/div><\/li><li class=\"\"><div class=\"sya_postcontent\"><span class=\"sya_date\">30. avril  |  <\/span><a href=\"https:\/\/lgspeiteng.lu\/fr_FR\/14243\" class=\"post-14243\" rel=\"bookmark\">lettre d'information jusqu'au 25 mai 2024<\/a> <span class=\"sya_categories\">(Scoutsziedel)<\/span> <span class=\"sya_tags\">(100 Joer, BiberMud, Pabeiersammlung, Schaffweekend, Weekend)<\/span> <span class=\"sya_author\">(par Claire D)<\/span><\/div><\/li><li class=\"\"><div class=\"sya_postcontent\"><span class=\"sya_date\">15. avril  |  <\/span><a href=\"https:\/\/lgspeiteng.lu\/fr_FR\/14230\" class=\"post-14230\" rel=\"bookmark\">lettre d'information jusqu'au 27 avril 2024<\/a> <span class=\"sya_categories\">(Scoutsziedel)<\/span> <span class=\"sya_tags\">(Bealtaine, BiberMud, Nuetsrally, Schaff WE, Schaffweekend, W\u00ebllefchersrallye)<\/span> <span class=\"sya_author\">(par Claire D)<\/span><\/div><\/li><li class=\"\"><div class=\"sya_postcontent\"><span class=\"sya_date\">20. mars  |  <\/span><a href=\"https:\/\/lgspeiteng.lu\/fr_FR\/14222\" class=\"post-14222\" rel=\"bookmark\">lettre d'information jusqu'au 13 avril 2024<\/a> <span class=\"sya_categories\">(Scoutsziedel)<\/span> <span class=\"sya_tags\">(Fr\u00e9ijoersbotz, Grouss Botz)<\/span> <span class=\"sya_author\">(par Claire D)<\/span><\/div><\/li><li class=\"\"><div class=\"sya_postcontent\"><span class=\"sya_date\">19. f\u00e9vrier  |  <\/span><a href=\"https:\/\/lgspeiteng.lu\/fr_FR\/14210\" class=\"post-14210\" rel=\"bookmark\">lettre d'information jusqu'au 16 mars<\/a> <span class=\"sya_categories\">(Scoutsziedel)<\/span> <span class=\"sya_tags\">(Pabeiersammlung, Schlittschung, Theater)<\/span> <span class=\"sya_author\">(par Claire D)<\/span><\/div><\/li><li class=\"\"><div class=\"sya_postcontent\"><span class=\"sya_date\">22. janvier  |  <\/span><a href=\"https:\/\/lgspeiteng.lu\/fr_FR\/14201\" class=\"post-14201\" rel=\"bookmark\">lettre d'information f\u00eate des brandons 2024<\/a> <span class=\"sya_categories\">(Scoutsziedel)<\/span> <span class=\"sya_tags\">(BiberMud, Buergbrennen, Theater)<\/span> <span class=\"sya_author\">(par Claire D)<\/span><\/div><\/li><li class=\"\"><div class=\"sya_postcontent\"><span class=\"sya_date\">07. janvier  |  <\/span><a href=\"https:\/\/lgspeiteng.lu\/fr_FR\/14182\" class=\"post-14182\" rel=\"bookmark\">Infoziedel bis den 20 Januar<\/a> <span class=\"sya_categories\">(Scoutsziedel)<\/span> <span class=\"sya_tags\">(100 Joer, Avex S\u00fcden, Buergbrennen, Theater)<\/span> <span class=\"sya_author\">(par Claire D)<\/span><\/div><\/li><\/ul><h2><a id=\"year2023\"><\/a><a href=\"#\" onclick=\"this.parentNode.nextSibling.style.display=(this.parentNode.nextSibling.style.display!='none'?'none':'');return false;\">2023<\/a> <span class=\"sya_yearcount\">(18)<\/span><\/h2><ul style=\"display:none;\"><li class=\"\"><div class=\"sya_postcontent\"><span class=\"sya_date\">11. d\u00e9cembre  |  <\/span><a href=\"https:\/\/lgspeiteng.lu\/fr_FR\/14161\" class=\"post-14161\" rel=\"bookmark\">lettre d&rsquo;information d\u00e9cembre 2023<\/a> <span class=\"sya_categories\">(Scoutsziedel)<\/span> <span class=\"sya_tags\">(100 Joer, Friddensliicht, Pabeiersammlung)<\/span> <span class=\"sya_author\">(par Claire D)<\/span><\/div><\/li><li class=\"\"><div class=\"sya_postcontent\"><span class=\"sya_date\">20. novembre  |  <\/span><a href=\"https:\/\/lgspeiteng.lu\/fr_FR\/14154\" class=\"post-14154\" rel=\"bookmark\">Adventskr\u00e4nz 2023<\/a> <span class=\"sya_categories\">(Scoutsziedel)<\/span> <span class=\"sya_author\">(par Claire D)<\/span><\/div><\/li><li class=\"\"><div class=\"sya_postcontent\"><span class=\"sya_date\">20. novembre  |  <\/span><a href=\"https:\/\/lgspeiteng.lu\/fr_FR\/14145\" class=\"post-14145\" rel=\"bookmark\">lettre d'information jusqu'au 9 d\u00e9cembre<\/a> <span class=\"sya_categories\">(Scoutsziedel)<\/span> <span class=\"sya_tags\">(Adventskr\u00e4nz, Niklosmaart, Pabeiersammlung)<\/span> <span class=\"sya_author\">(par Claire D)<\/span><\/div><\/li><li class=\"\"><div class=\"sya_postcontent\"><span class=\"sya_date\">06. novembre  |  <\/span><a href=\"https:\/\/lgspeiteng.lu\/fr_FR\/14133\" class=\"post-14133\" rel=\"bookmark\">lettre d'information jusqu'au 18 novembre<\/a> <span class=\"sya_categories\">(Scoutsziedel)<\/span> <span class=\"sya_tags\">(Membersfichier, Versammlung)<\/span> <span class=\"sya_author\">(par Claire D)<\/span><\/div><\/li><li class=\"\"><div class=\"sya_postcontent\"><span class=\"sya_date\">15. octobre  |  <\/span><a href=\"https:\/\/lgspeiteng.lu\/fr_FR\/14122\" class=\"post-14122\" rel=\"bookmark\">lettre d'information jusqu'au 4 Novembre<\/a> <span class=\"sya_categories\">(Scoutsziedel)<\/span> <span class=\"sya_tags\">(Montee)<\/span> <span class=\"sya_author\">(par Claire D)<\/span><\/div><\/li><li class=\"\"><div class=\"sya_postcontent\"><span class=\"sya_date\">03. octobre  |  <\/span><a href=\"https:\/\/lgspeiteng.lu\/fr_FR\/14108\" class=\"post-14108\" rel=\"bookmark\">lettre d'information jusqu'au 14 octobre<\/a> <span class=\"sya_categories\">(Scoutsziedel)<\/span> <span class=\"sya_tags\">(Franziskusmass, Journ\u00e9e de la Comm\u00e9moration, Membersfichier, Montee, Sortie)<\/span> <span class=\"sya_author\">(par Claire D)<\/span><\/div><\/li><li class=\"\"><div class=\"sya_postcontent\"><span class=\"sya_date\">18. septembre  |  <\/span><a href=\"https:\/\/lgspeiteng.lu\/fr_FR\/14060\" class=\"post-14060\" rel=\"bookmark\">Correction de la lettre d'information jusqu'au 30 septembre<\/a> <span class=\"sya_categories\">(Scoutsziedel)<\/span> <span class=\"sya_tags\">(premi\u00e8re r\u00e9union)<\/span> <span class=\"sya_author\">(par Claire D)<\/span><\/div><\/li><li class=\"\"><div class=\"sya_postcontent\"><span class=\"sya_date\">31. ao\u00fbt  |  <\/span><a href=\"https:\/\/lgspeiteng.lu\/fr_FR\/14045\" class=\"post-14045\" rel=\"bookmark\">Infoziedel bis den 30 September<\/a> <span class=\"sya_categories\">(Scoutsziedel)<\/span> <span class=\"sya_tags\">(Chefdag, Kannerfest, Kleedersammlung, Kongress, liberatioun, Pabeiersammlung, Rockabilly)<\/span> <span class=\"sya_author\">(par Claire D)<\/span><\/div><\/li><li class=\"\"><div class=\"sya_postcontent\"><span class=\"sya_date\">26. juin  |  <\/span><a href=\"https:\/\/lgspeiteng.lu\/fr_FR\/14031\" class=\"post-14031\" rel=\"bookmark\">Nanoq 2023<\/a> <span class=\"sya_categories\">(Biber)<\/span> <span class=\"sya_tags\">(Nanoq)<\/span> <span class=\"sya_author\">(par Claire D)<\/span><\/div><\/li><li class=\"\"><div class=\"sya_postcontent\"><span class=\"sya_date\">26. juin  |  <\/span><a href=\"https:\/\/lgspeiteng.lu\/fr_FR\/14024\" class=\"post-14024\" rel=\"bookmark\">Infoziedel fir de Camp 2023<\/a> <span class=\"sya_categories\">(Scoutsziedel)<\/span> <span class=\"sya_tags\">(camp, Nanoq, Pabeiersammlung, Terraviva)<\/span> <span class=\"sya_author\">(par Claire D)<\/span><\/div><\/li><li class=\"\"><div class=\"sya_postcontent\"><span class=\"sya_date\">06. juin  |  <\/span><a href=\"https:\/\/lgspeiteng.lu\/fr_FR\/14012\" class=\"post-14012\" rel=\"bookmark\">Infoziedel bis den 23.Juni 2023<\/a> <span class=\"sya_categories\">(Scoutsziedel)<\/span> <span class=\"sya_tags\">(Bibertreff, camp, K\u00e9iscup, Nationalfeierdag, Pabeiersammlung, W\u00ebllefchersrallye)<\/span> <span class=\"sya_author\">(par Claire D)<\/span><\/div><\/li><li class=\"\"><div class=\"sya_postcontent\"><span class=\"sya_date\">08. mai  |  <\/span><a href=\"https:\/\/lgspeiteng.lu\/fr_FR\/14002\" class=\"post-14002\" rel=\"bookmark\">Infoziedel bis d'P\u00e4ischtvakanz 2023<\/a> <span class=\"sya_categories\">(Scoutsziedel)<\/span> <span class=\"sya_tags\">(Schaff WE, Schaffweekend)<\/span> <span class=\"sya_author\">(par Claire D)<\/span><\/div><\/li><li class=\"\"><div class=\"sya_postcontent\"><span class=\"sya_date\">16. avril  |  <\/span><a href=\"https:\/\/lgspeiteng.lu\/fr_FR\/13995\" class=\"post-13995\" rel=\"bookmark\">Lettre d'information jusqu'au 6 mai 2023<\/a> <span class=\"sya_categories\">(Scoutsziedel)<\/span> <span class=\"sya_tags\">(Bibertreff)<\/span> <span class=\"sya_author\">(par Claire D)<\/span><\/div><\/li><li class=\"\"><div class=\"sya_postcontent\"><span class=\"sya_date\">12. mars  |  <\/span><a href=\"https:\/\/lgspeiteng.lu\/fr_FR\/13986\" class=\"post-13986\" rel=\"bookmark\">lettre d'information pour mars 2023<\/a> <span class=\"sya_categories\">(Scoutsziedel)<\/span> <span class=\"sya_tags\">(Fr\u00e9ijoersbotz, Grupperot, Pabeiersammlung, Showdown, Weekend)<\/span> <span class=\"sya_author\">(par Claire D)<\/span><\/div><\/li><li class=\"\"><div class=\"sya_postcontent\"><span class=\"sya_date\">12. f\u00e9vrier  |  <\/span><a href=\"https:\/\/lgspeiteng.lu\/fr_FR\/13975\" class=\"post-13975\" rel=\"bookmark\">lettre d'information jusqu'au 11 mars<\/a> <span class=\"sya_categories\">(Scoutsziedel)<\/span> <span class=\"sya_tags\">(Buergbrennen, F\u00e4schen, Pabeiersammlung, Prouwen, Theater)<\/span> <span class=\"sya_author\">(par Claire D)<\/span><\/div><\/li><li class=\"\"><div class=\"sya_postcontent\"><span class=\"sya_date\">02. f\u00e9vrier  |  <\/span><a href=\"https:\/\/lgspeiteng.lu\/fr_FR\/13966\" class=\"post-13966\" rel=\"bookmark\">PROGRAMM VUN DER GUILDE: FEBRUAR-M\u00c4ERZ 2023<\/a> <span class=\"sya_categories\">(Guilde, Neiegkeeten, Scoutsziedel)<\/span> <span class=\"sya_author\">(par Scherer Georges)<\/span><\/div><\/li><li class=\"\"><div class=\"sya_postcontent\"><span class=\"sya_date\">23. janvier  |  <\/span><a href=\"https:\/\/lgspeiteng.lu\/fr_FR\/13959\" class=\"post-13959\" rel=\"bookmark\">lettre d'information pour la f\u00eate des brandons 2023<\/a> <span class=\"sya_categories\">(Scoutsziedel)<\/span> <span class=\"sya_tags\">(Buergbrennen, B\u00fchn, F\u00e4schen, Pabeiersammlung, Prouwen, Theater)<\/span> <span class=\"sya_author\">(par Claire D)<\/span><\/div><\/li><li class=\"\"><div class=\"sya_postcontent\"><span class=\"sya_date\">08. janvier  |  <\/span><a href=\"https:\/\/lgspeiteng.lu\/fr_FR\/13946\" class=\"post-13946\" rel=\"bookmark\">lettre d'information jusqu'au 21 janvier<\/a> <span class=\"sya_categories\">(Scoutsziedel)<\/span> <span class=\"sya_tags\">(Buergbrennen, Cotisatioun, Theater)<\/span> <span class=\"sya_author\">(par Claire D)<\/span><\/div><\/li><\/ul><h2><a id=\"year2022\"><\/a><a href=\"#\" onclick=\"this.parentNode.nextSibling.style.display=(this.parentNode.nextSibling.style.display!='none'?'none':'');return false;\">2022<\/a> <span class=\"sya_yearcount\">(27)<\/span><\/h2><ul style=\"display:none;\"><li class=\"\"><div class=\"sya_postcontent\"><span class=\"sya_date\">04. d\u00e9cembre  |  <\/span><a href=\"https:\/\/lgspeiteng.lu\/fr_FR\/13907\" class=\"post-13907\" rel=\"bookmark\">Infoziedel Chr\u00ebschtdach 2022<\/a> <span class=\"sya_categories\">(Scoutsziedel)<\/span> <span class=\"sya_tags\">(Camping, Friddensliicht, Pabeiersammlung)<\/span> <span class=\"sya_author\">(par Claire D)<\/span><\/div><\/li><li class=\"\"><div class=\"sya_postcontent\"><span class=\"sya_date\">06. novembre  |  <\/span><a href=\"https:\/\/lgspeiteng.lu\/fr_FR\/13897\" class=\"post-13897\" rel=\"bookmark\">lettre d'information pour le march\u00e9 de St. Nicolas 2022<\/a> <span class=\"sya_categories\">(Scoutsziedel)<\/span> <span class=\"sya_tags\">(Adventskr\u00e4nz, Bazar, Cotisatioun, Membersfichier, Niklosmart)<\/span> <span class=\"sya_author\">(par Claire D)<\/span><\/div><\/li><li class=\"\"><div class=\"sya_postcontent\"><span class=\"sya_date\">21. octobre  |  <\/span><a href=\"https:\/\/lgspeiteng.lu\/fr_FR\/13880\" class=\"post-13880\" rel=\"bookmark\">Programm vun der Guilde: November-Dezember 2022<\/a> <span class=\"sya_categories\">(Scoutsziedel)<\/span> <span class=\"sya_author\">(par Scherer Georges)<\/span><\/div><\/li><li class=\"\"><div class=\"sya_postcontent\"><span class=\"sya_date\">20. octobre  |  <\/span><a href=\"https:\/\/lgspeiteng.lu\/fr_FR\/13874\" class=\"post-13874\" rel=\"bookmark\">lettre d'information Mont\u00e9e 2022<\/a> <span class=\"sya_categories\">(Scoutsziedel)<\/span> <span class=\"sya_tags\">(Montee, Pabeiersammlung, Square Hyman Josefson)<\/span> <span class=\"sya_author\">(par Claire D)<\/span><\/div><\/li><li class=\"\"><div class=\"sya_postcontent\"><span class=\"sya_date\">03. octobre  |  <\/span><a href=\"https:\/\/lgspeiteng.lu\/fr_FR\/13862\" class=\"post-13862\" rel=\"bookmark\">Ajoute fir den Infoziedel Oktober 2022<\/a> <span class=\"sya_categories\">(Scoutsziedel)<\/span> <span class=\"sya_tags\">(Comm\u00e9moratioun)<\/span> <span class=\"sya_author\">(par Claire D)<\/span><\/div><\/li><li class=\"\"><div class=\"sya_postcontent\"><span class=\"sya_date\">25. septembre  |  <\/span><a href=\"https:\/\/lgspeiteng.lu\/fr_FR\/13856\" class=\"post-13856\" rel=\"bookmark\"><\/a> <span class=\"sya_categories\">(Scoutsziedel)<\/span> <span class=\"sya_tags\">(Comm\u00e9moratioun, Franz vun Assisi Feier, Franziskusmass, Grupperot, K\u00e9iskapp, Montee, Pabeiersammlung, Plaquette)<\/span> <span class=\"sya_author\">(par Claire D)<\/span><\/div><\/li><li class=\"\"><div class=\"sya_postcontent\"><span class=\"sya_date\">15. septembre  |  <\/span><a href=\"https:\/\/lgspeiteng.lu\/fr_FR\/13834\" class=\"post-13834\" rel=\"bookmark\">Infos pour le weekend de promesse CaraPio<\/a> <span class=\"sya_categories\">(CaraPio)<\/span> <span class=\"sya_tags\">(Suessem, Weekend)<\/span> <span class=\"sya_author\">(par Gilles)<\/span><\/div><\/li><li class=\"\"><div class=\"sya_postcontent\"><span class=\"sya_date\">07. septembre  |  <\/span><a href=\"https:\/\/lgspeiteng.lu\/fr_FR\/13827\" class=\"post-13827\" rel=\"bookmark\">Programm vun der Guilde: September-Oktober 2022<\/a> <span class=\"sya_categories\">(Branchen, Guilde, Scoutsziedel)<\/span> <span class=\"sya_author\">(par Scherer Georges)<\/span><\/div><\/li><li class=\"\"><div class=\"sya_postcontent\"><span class=\"sya_date\">04. septembre  |  <\/span><a href=\"https:\/\/lgspeiteng.lu\/fr_FR\/13815\" class=\"post-13815\" rel=\"bookmark\">Infoziedel September 2022<\/a> <span class=\"sya_categories\">(Scoutsziedel)<\/span> <span class=\"sya_tags\">(Borne des Passeurs, Chefdag, Grupperot, Hyman Josefson, Kleedersammlung, Kongress, liberatioun, Rockabilly, Schnupperversammlung)<\/span> <span class=\"sya_author\">(par Claire D)<\/span><\/div><\/li><li class=\"\"><div class=\"sya_postcontent\"><span class=\"sya_date\">31. ao\u00fbt  |  <\/span><a href=\"https:\/\/lgspeiteng.lu\/fr_FR\/13805\" class=\"post-13805\" rel=\"bookmark\">80. Anniversaire vum Generalstreik 31.8.1942<\/a> <span class=\"sya_categories\">(Onkategor\u00e9iert)<\/span> <span class=\"sya_tags\">(2. Weltkrich, Resistenz)<\/span> <span class=\"sya_author\">(par Gilles)<\/span><\/div><\/li><li class=\"\"><div class=\"sya_postcontent\"><span class=\"sya_date\">12. juillet  |  <\/span><a href=\"https:\/\/lgspeiteng.lu\/fr_FR\/13797\" class=\"post-13797\" rel=\"bookmark\">Infoziedel Camp 2022<\/a> <span class=\"sya_categories\">(Scoutsziedel)<\/span> <span class=\"sya_tags\">(camp, Schaffweekend, Vakanzaktioun)<\/span> <span class=\"sya_author\">(par Claire D)<\/span><\/div><\/li><li class=\"\"><div class=\"sya_postcontent\"><span class=\"sya_date\">28. juin  |  <\/span><a href=\"https:\/\/lgspeiteng.lu\/fr_FR\/13787\" class=\"post-13787\" rel=\"bookmark\">Infoziedel bis den 9. Juli<\/a> <span class=\"sya_categories\">(Scoutsziedel)<\/span> <span class=\"sya_tags\">(Grillfest)<\/span> <span class=\"sya_author\">(par Claire D)<\/span><\/div><\/li><li class=\"\"><div class=\"sya_postcontent\"><span class=\"sya_date\">14. juin  |  <\/span><a href=\"https:\/\/lgspeiteng.lu\/fr_FR\/13778\" class=\"post-13778\" rel=\"bookmark\">Infoziedel bis de 25. Juni 2022<\/a> <span class=\"sya_categories\">(Scoutsziedel)<\/span> <span class=\"sya_tags\">(Camping, Nationalfeierdag, Te Deum, W\u00ebllefchersrallye)<\/span> <span class=\"sya_author\">(par Claire D)<\/span><\/div><\/li><li class=\"\"><div class=\"sya_postcontent\"><span class=\"sya_date\">25. mai  |  <\/span><a href=\"https:\/\/lgspeiteng.lu\/fr_FR\/13761\" class=\"post-13761\" rel=\"bookmark\">Infoziedel bis den 11. Juni 2022<\/a> <span class=\"sya_categories\">(Scoutsziedel)<\/span> <span class=\"sya_tags\">(Bealtaine, Neihaischen)<\/span> <span class=\"sya_author\">(par Claire D)<\/span><\/div><\/li><li class=\"\"><div class=\"sya_postcontent\"><span class=\"sya_date\">16. mai  |  <\/span><a href=\"https:\/\/lgspeiteng.lu\/fr_FR\/13754\" class=\"post-13754\" rel=\"bookmark\">Nei Fotoen: Scoutstheater 2022<\/a> <span class=\"sya_categories\">(Fotoen)<\/span> <span class=\"sya_tags\">(Theater)<\/span> <span class=\"sya_author\">(par Gilles)<\/span><\/div><\/li><li class=\"\"><div class=\"sya_postcontent\"><span class=\"sya_date\">30. avril  |  <\/span><a href=\"https:\/\/lgspeiteng.lu\/fr_FR\/13679\" class=\"post-13679\" rel=\"bookmark\">Infobr\u00e9if JoCaPi Walk\u00e4la 2022 zu K\u00e4l<\/a> <span class=\"sya_categories\">(CaraPio, Scoutsziedel)<\/span> <span class=\"sya_tags\">(Jocapi, Wikinger)<\/span> <span class=\"sya_author\">(par Gilles)<\/span><\/div><\/li><li class=\"\"><div class=\"sya_postcontent\"><span class=\"sya_date\">25. avril  |  <\/span><a href=\"https:\/\/lgspeiteng.lu\/fr_FR\/13669\" class=\"post-13669\" rel=\"bookmark\">lettre d'information th\u00e9\u00e2tre 2022 mai<\/a> <span class=\"sya_categories\">(Scoutsziedel)<\/span> <span class=\"sya_tags\">(Jocapi, Pabeiersammlung, Theater)<\/span> <span class=\"sya_author\">(par Claire D)<\/span><\/div><\/li><li class=\"\"><div class=\"sya_postcontent\"><span class=\"sya_date\">06. avril  |  <\/span><a href=\"https:\/\/lgspeiteng.lu\/fr_FR\/13653\" class=\"post-13653\" rel=\"bookmark\">Infoziedel bis den 23. Abr\u00ebll 2022<\/a> <span class=\"sya_categories\">(Scoutsziedel)<\/span> <span class=\"sya_tags\">(Iron Scout, K\u00e4erjeng, Nidderkuer, Theater)<\/span> <span class=\"sya_author\">(par Claire D)<\/span><\/div><\/li><li class=\"\"><div class=\"sya_postcontent\"><span class=\"sya_date\">14. mars  |  <\/span><a href=\"https:\/\/lgspeiteng.lu\/fr_FR\/13638\" class=\"post-13638\" rel=\"bookmark\">lettre d'information jusqu'au 02 avril 2022<\/a> <span class=\"sya_categories\">(Scoutsziedel)<\/span> <span class=\"sya_tags\">(EggBot, Escape Room, Grupperot, Iron Scout, Jocapi, Pabeiersammlung, Theater)<\/span> <span class=\"sya_author\">(par Claire D)<\/span><\/div><\/li><li class=\"\"><div class=\"sya_postcontent\"><span class=\"sya_date\">05. mars  |  <\/span><a href=\"https:\/\/lgspeiteng.lu\/fr_FR\/13616\" class=\"post-13616\" rel=\"bookmark\">Fotoen: Buergbrennen 2022<\/a> <span class=\"sya_categories\">(Fotoen)<\/span> <span class=\"sya_tags\">(Buergbrennen)<\/span> <span class=\"sya_author\">(par Gilles)<\/span><\/div><\/li><li class=\"\"><div class=\"sya_postcontent\"><span class=\"sya_date\">20. f\u00e9vrier  |  <\/span><a href=\"https:\/\/lgspeiteng.lu\/fr_FR\/13589\" class=\"post-13589\" rel=\"bookmark\">Lettre d'information pour la f\u00eate des brandons 2022<\/a> <span class=\"sya_categories\">(Scoutsziedel)<\/span> <span class=\"sya_tags\">(Buergbrennen, World Thinking Day)<\/span> <span class=\"sya_author\">(par Claire D)<\/span><\/div><\/li><li class=\"\"><div class=\"sya_postcontent\"><span class=\"sya_date\">08. f\u00e9vrier  |  <\/span><a href=\"https:\/\/lgspeiteng.lu\/fr_FR\/13537\" class=\"post-13537\" rel=\"bookmark\">Nei Fotoen: d&rsquo;CaraPio kachen eng Zopp mat Steng<\/a> <span class=\"sya_categories\">(CaraPio, Fotoen)<\/span> <span class=\"sya_tags\">(Bouneschlupp, CaraPio, Kachen, Kelten, Zopp)<\/span> <span class=\"sya_author\">(par Gilles)<\/span><\/div><\/li><li class=\"\"><div class=\"sya_postcontent\"><span class=\"sya_date\">26. janvier  |  <\/span><a href=\"https:\/\/lgspeiteng.lu\/fr_FR\/13496\" class=\"post-13496\" rel=\"bookmark\">Guilde Aktivit\u00e9iten an \u00c4nnerungen vun den Aktivit\u00e9iten:  Februar a M\u00e4erz<\/a> <span class=\"sya_categories\">(Guilde)<\/span> <span class=\"sya_tags\">(Choucroute, K\u00e4erjeng, Keelen, Useldeng)<\/span> <span class=\"sya_author\">(par Renee LIWEI)<\/span><\/div><\/li><li class=\"\"><div class=\"sya_postcontent\"><span class=\"sya_date\">19. janvier  |  <\/span><a href=\"https:\/\/lgspeiteng.lu\/fr_FR\/13486\" class=\"post-13486\" rel=\"bookmark\">Guilde Aktivit\u00e9iten Januar a Februar 2022<\/a> <span class=\"sya_categories\">(Guilde)<\/span> <span class=\"sya_tags\">(Keelen)<\/span> <span class=\"sya_author\">(par Renee LIWEI)<\/span><\/div><\/li><li class=\"\"><div class=\"sya_postcontent\"><span class=\"sya_date\">17. janvier  |  <\/span><a href=\"https:\/\/lgspeiteng.lu\/fr_FR\/13469\" class=\"post-13469\" rel=\"bookmark\">Infoziedel bis de 5. Februar 2022<\/a> <span class=\"sya_categories\">(Scoutsziedel)<\/span> <span class=\"sya_tags\">(Buergbrennen, Iron Scout, Pabeiersammlung, Struthof, Theater)<\/span> <span class=\"sya_author\">(par Claire D)<\/span><\/div><\/li><li class=\"\"><div class=\"sya_postcontent\"><span class=\"sya_date\">16. janvier  |  <\/span><a href=\"https:\/\/lgspeiteng.lu\/fr_FR\/13464\" class=\"post-13464\" rel=\"bookmark\">Fotoen: CaraPio S\u00fcden am Alsace<\/a> <span class=\"sya_categories\">(CaraPio, Fotoen)<\/span> <span class=\"sya_tags\">(Alsace, CaraPio S\u00fcden, Frankr\u00e4ich, Struthof)<\/span> <span class=\"sya_author\">(par Gilles)<\/span><\/div><\/li><li class=\"\"><div class=\"sya_postcontent\"><span class=\"sya_date\">03. janvier  |  <\/span><a href=\"https:\/\/lgspeiteng.lu\/fr_FR\/13444\" class=\"post-13444\" rel=\"bookmark\">Infoziedel bis den 15 Januar 2022<\/a> <span class=\"sya_categories\">(Scoutsziedel)<\/span> <span class=\"sya_tags\">(D\u00e9ifferdeng, Detektiv)<\/span> <span class=\"sya_author\">(par Claire D)<\/span><\/div><\/li><\/ul><h2><a id=\"year2021\"><\/a><a href=\"#\" onclick=\"this.parentNode.nextSibling.style.display=(this.parentNode.nextSibling.style.display!='none'?'none':'');return false;\">2021<\/a> <span class=\"sya_yearcount\">(32)<\/span><\/h2><ul style=\"display:none;\"><li class=\"\"><div class=\"sya_postcontent\"><span class=\"sya_date\">30. novembre  |  <\/span><a href=\"https:\/\/lgspeiteng.lu\/fr_FR\/13419\" class=\"post-13419\" rel=\"bookmark\">Infoziedel fir Dezember 2021<\/a> <span class=\"sya_categories\">(Scoutsziedel)<\/span> <span class=\"sya_tags\">(CaraPio S\u00fcden, Friddensliicht, Struthof)<\/span> <span class=\"sya_author\">(par Claire D)<\/span><\/div><\/li><li class=\"\"><div class=\"sya_postcontent\"><span class=\"sya_date\">14. novembre  |  <\/span><a href=\"https:\/\/lgspeiteng.lu\/fr_FR\/13392\" class=\"post-13392\" rel=\"bookmark\">Couronnes de l'Avent 2021<\/a> <span class=\"sya_categories\">(Neiegkeeten)<\/span> <span class=\"sya_tags\">(Adventskranz, Niklosmart)<\/span> <span class=\"sya_author\">(par Claire D)<\/span><\/div><\/li><li class=\"\"><div class=\"sya_postcontent\"><span class=\"sya_date\">08. novembre  |  <\/span><a href=\"https:\/\/lgspeiteng.lu\/fr_FR\/13375\" class=\"post-13375\" rel=\"bookmark\">Niklosmaart<\/a> <span class=\"sya_categories\">(Scoutsziedel)<\/span> <span class=\"sya_tags\">(Niklosmart, Science Festival, Struthof)<\/span> <span class=\"sya_author\">(par Claire D)<\/span><\/div><\/li><li class=\"\"><div class=\"sya_postcontent\"><span class=\"sya_date\">07. novembre  |  <\/span><a href=\"https:\/\/lgspeiteng.lu\/fr_FR\/13367\" class=\"post-13367\" rel=\"bookmark\">Fotoen: Mont\u00e9es Weekend 2021 zu Bilschdref<\/a> <span class=\"sya_categories\">(Fotoen)<\/span> <span class=\"sya_tags\">(Bilschdref, Mont\u00e9e, Tarzan)<\/span> <span class=\"sya_author\">(par Gilles)<\/span><\/div><\/li><li class=\"\"><div class=\"sya_postcontent\"><span class=\"sya_date\">07. novembre  |  <\/span><a href=\"https:\/\/lgspeiteng.lu\/fr_FR\/13329\" class=\"post-13329\" rel=\"bookmark\">Fotoen: Mont\u00e9e 2019 zu Monnerech<\/a> <span class=\"sya_categories\">(Fotoen)<\/span> <span class=\"sya_tags\">(Mont\u00e9e)<\/span> <span class=\"sya_author\">(par Gilles)<\/span><\/div><\/li><li class=\"\"><div class=\"sya_postcontent\"><span class=\"sya_date\">18. octobre  |  <\/span><a href=\"https:\/\/lgspeiteng.lu\/fr_FR\/13256\" class=\"post-13256\" rel=\"bookmark\">lettre d'information jusqu'au 6 Novembre 2021<\/a> <span class=\"sya_categories\">(Scoutsziedel)<\/span> <span class=\"sya_tags\">(Mont\u00e9e, Zeremonie Monument des Morts)<\/span> <span class=\"sya_author\">(par Claire D)<\/span><\/div><\/li><li class=\"\"><div class=\"sya_postcontent\"><span class=\"sya_date\">03. octobre  |  <\/span><a href=\"https:\/\/lgspeiteng.lu\/fr_FR\/13245\" class=\"post-13245\" rel=\"bookmark\">Ajoute fir den Infoziedel \u00ab bis den 16 Oktober 2021 \u00bb<\/a> <span class=\"sya_categories\">(Scoutsziedel)<\/span> <span class=\"sya_tags\">(Journ\u00e9e de la Comm\u00e9moration, monument aux morts)<\/span> <span class=\"sya_author\">(par Claire D)<\/span><\/div><\/li><li class=\"\"><div class=\"sya_postcontent\"><span class=\"sya_date\">27. septembre  |  <\/span><a href=\"https:\/\/lgspeiteng.lu\/fr_FR\/13235\" class=\"post-13235\" rel=\"bookmark\">Infoziedel bis de 16. Oktober 2021<\/a> <span class=\"sya_categories\">(Scoutsziedel)<\/span> <span class=\"sya_tags\">(Franziskusmass, Membersfichier)<\/span> <span class=\"sya_author\">(par Claire D)<\/span><\/div><\/li><li class=\"\"><div class=\"sya_postcontent\"><span class=\"sya_date\">26. septembre  |  <\/span><a href=\"https:\/\/lgspeiteng.lu\/fr_FR\/13223\" class=\"post-13223\" rel=\"bookmark\">Fotoen: Biber Versammlungen 2021<\/a> <span class=\"sya_categories\">(Biber, Fotoen)<\/span> <span class=\"sya_author\">(par Gilles)<\/span><\/div><\/li><li class=\"\"><div class=\"sya_postcontent\"><span class=\"sya_date\">20. septembre  |  <\/span><a href=\"https:\/\/lgspeiteng.lu\/fr_FR\/13000\" class=\"post-13000\" rel=\"bookmark\">Fotoen: Biber Versammlungen 2020<\/a> <span class=\"sya_categories\">(Biber, Fotoen)<\/span> <span class=\"sya_author\">(par Gilles)<\/span><\/div><\/li><li class=\"\"><div class=\"sya_postcontent\"><span class=\"sya_date\">18. septembre  |  <\/span><a href=\"https:\/\/lgspeiteng.lu\/fr_FR\/12977\" class=\"post-12977\" rel=\"bookmark\">Fotoen: \u00c9ischt Versammlung fir 2021-22<\/a> <span class=\"sya_categories\">(AvEx, Biber, CaraPio, Fotoen)<\/span> <span class=\"sya_author\">(par Gilles)<\/span><\/div><\/li><li class=\"\"><div class=\"sya_postcontent\"><span class=\"sya_date\">18. septembre  |  <\/span><a href=\"https:\/\/lgspeiteng.lu\/fr_FR\/12973\" class=\"post-12973\" rel=\"bookmark\">Hippeti Hop<\/a> <span class=\"sya_categories\">(AvEx)<\/span> <span class=\"sya_tags\">(Spill)<\/span> <span class=\"sya_author\">(par Gilles)<\/span><\/div><\/li><li class=\"\"><div class=\"sya_postcontent\"><span class=\"sya_date\">18. septembre  |  <\/span><a href=\"https:\/\/lgspeiteng.lu\/fr_FR\/12969\" class=\"post-12969\" rel=\"bookmark\">Guilde Aktivit\u00e9iten September \u2013 Oktober 2021<\/a> <span class=\"sya_categories\">(Guilde)<\/span> <span class=\"sya_tags\">(Belvaux, Borne des Passeurs, Journ\u00e9e Comm\u00e9morative du Passeur, Kleedersammlung, Schengen)<\/span> <span class=\"sya_author\">(par Scherer Georges)<\/span><\/div><\/li><li class=\"\"><div class=\"sya_postcontent\"><span class=\"sya_date\">03. septembre  |  <\/span><a href=\"https:\/\/lgspeiteng.lu\/fr_FR\/12926\" class=\"post-12926\" rel=\"bookmark\">Infoziedel bis de 26. September 2021<\/a> <span class=\"sya_categories\">(Scoutsziedel)<\/span> <span class=\"sya_tags\">(Borne des Passeurs, Chefdag, Hyman Josefson, Journ\u00e9e Comm\u00e9morative du Passeur, Journ\u00e9e de la Comm\u00e9moration, Kleedersammlung, Kongress, liberatioun, Schnupperversammlung, Versammlung)<\/span> <span class=\"sya_author\">(par Claire D)<\/span><\/div><\/li><li class=\"\"><div class=\"sya_postcontent\"><span class=\"sya_date\">11. juillet  |  <\/span><a href=\"https:\/\/lgspeiteng.lu\/fr_FR\/12610\" class=\"post-12610\" rel=\"bookmark\">Infoziedel fir d&rsquo;Summervakanz 2021<\/a> <span class=\"sya_categories\">(Scoutsziedel)<\/span> <span class=\"sya_tags\">(camp, COVID19, Schaff WE, Vakanzaktioun, Wolz)<\/span> <span class=\"sya_author\">(par Claire D)<\/span><\/div><\/li><li class=\"\"><div class=\"sya_postcontent\"><span class=\"sya_date\">21. juin  |  <\/span><a href=\"https:\/\/lgspeiteng.lu\/fr_FR\/12572\" class=\"post-12572\" rel=\"bookmark\">Infoziedel bis den 10. Juli 2021<\/a> <span class=\"sya_categories\">(Scoutsziedel)<\/span> <span class=\"sya_tags\">(Camping, Iron Scout, Nationalfeierdag)<\/span> <span class=\"sya_author\">(par Claire D)<\/span><\/div><\/li><li class=\"\"><div class=\"sya_postcontent\"><span class=\"sya_date\">20. juin  |  <\/span><a href=\"https:\/\/lgspeiteng.lu\/fr_FR\/12559\" class=\"post-12559\" rel=\"bookmark\">Interview op P\u00e9iteng on Air<\/a> <span class=\"sya_categories\">(Neiegkeeten)<\/span> <span class=\"sya_tags\">(Interview, P\u00e9iteng on Air, Radio)<\/span> <span class=\"sya_author\">(par Gilles)<\/span><\/div><\/li><li class=\"\"><div class=\"sya_postcontent\"><span class=\"sya_date\">15. juin  |  <\/span><a href=\"https:\/\/lgspeiteng.lu\/fr_FR\/12545\" class=\"post-12545\" rel=\"bookmark\">Sortie op Munzen an d\u2018Robbesscheier<\/a> <span class=\"sya_categories\">(Guilde, Scoutsziedel)<\/span> <span class=\"sya_author\">(par Scherer Georges)<\/span><\/div><\/li><li class=\"\"><div class=\"sya_postcontent\"><span class=\"sya_date\">14. juin  |  <\/span><a href=\"https:\/\/lgspeiteng.lu\/fr_FR\/12520\" class=\"post-12520\" rel=\"bookmark\">Annexe Infoziedel Nationalfeierdag 23.06.2021<\/a> <span class=\"sya_categories\">(Scoutsziedel)<\/span> <span class=\"sya_tags\">(Nationalfeierdag, Rodange, Te Deum)<\/span> <span class=\"sya_author\">(par Claire D)<\/span><\/div><\/li><li class=\"\"><div class=\"sya_postcontent\"><span class=\"sya_date\">30. mai  |  <\/span><a href=\"https:\/\/lgspeiteng.lu\/fr_FR\/12098\" class=\"post-12098\" rel=\"bookmark\">Lettre d'information jusqu'au 19 juin 2021<\/a> <span class=\"sya_categories\">(Scoutsziedel)<\/span> <span class=\"sya_tags\">(Camp 2021, Grillfest Guilde, Iron Scout, Mataarbeschteriessen)<\/span> <span class=\"sya_author\">(par Claire D)<\/span><\/div><\/li><li class=\"\"><div class=\"sya_postcontent\"><span class=\"sya_date\">23. mai  |  <\/span><a href=\"https:\/\/lgspeiteng.lu\/fr_FR\/11291\" class=\"post-11291\" rel=\"bookmark\">Programm vun der Guilde: Juni-Juli 2021<\/a> <span class=\"sya_categories\">(Guilde, Scoutsziedel)<\/span> <span class=\"sya_tags\">(Grillfest, Kuelbecherhaff, Mataarbeschteriessen, Munzen, Robbesscheier)<\/span> <span class=\"sya_author\">(par Scherer Georges)<\/span><\/div><\/li><li class=\"\"><div class=\"sya_postcontent\"><span class=\"sya_date\">08. mai  |  <\/span><a href=\"https:\/\/lgspeiteng.lu\/fr_FR\/10895\" class=\"post-10895\" rel=\"bookmark\">Programm vun der Guilde: Abr\u00ebll bis Juni 2021<\/a> <span class=\"sya_categories\">(Guilde, Scoutsziedel)<\/span> <span class=\"sya_author\">(par Scherer Georges)<\/span><\/div><\/li><li class=\"\"><div class=\"sya_postcontent\"><span class=\"sya_date\">05. mai  |  <\/span><a href=\"https:\/\/lgspeiteng.lu\/fr_FR\/10890\" class=\"post-10890\" rel=\"bookmark\">Scoutismus &#8211; Grad elo!<\/a> <span class=\"sya_categories\">(Neiegkeeten, Video)<\/span> <span class=\"sya_tags\">(COVID19)<\/span> <span class=\"sya_author\">(par Gilles)<\/span><\/div><\/li><li class=\"\"><div class=\"sya_postcontent\"><span class=\"sya_date\">02. mai  |  <\/span><a href=\"https:\/\/lgspeiteng.lu\/fr_FR\/10883\" class=\"post-10883\" rel=\"bookmark\">Infoziedel fir de Mee 2021<\/a> <span class=\"sya_categories\">(Scoutsziedel)<\/span> <span class=\"sya_tags\">(Iron Scout, Mataarbeschteriessen, W\u00ebllefrallye)<\/span> <span class=\"sya_author\">(par Claire D)<\/span><\/div><\/li><li class=\"\"><div class=\"sya_postcontent\"><span class=\"sya_date\">07. avril  |  <\/span><a href=\"https:\/\/lgspeiteng.lu\/fr_FR\/10860\" class=\"post-10860\" rel=\"bookmark\">Detailer fir den Trimagesche JoCaPi 2021 zu Dikrech<\/a> <span class=\"sya_categories\">(CaraPio)<\/span> <span class=\"sya_tags\">(Dikrech, Jocapi)<\/span> <span class=\"sya_author\">(par Gilles)<\/span><\/div><\/li><li class=\"\"><div class=\"sya_postcontent\"><span class=\"sya_date\">07. mars  |  <\/span><a href=\"https:\/\/lgspeiteng.lu\/fr_FR\/10854\" class=\"post-10854\" rel=\"bookmark\">Infoziedel fir de M\u00e4erz 2021<\/a> <span class=\"sya_categories\">(Scoutsziedel)<\/span> <span class=\"sya_tags\">(Absurdrallye, BiberMud, Claudio Heiderscheid, Fr\u00e9ijoersbotz, Ironscout, Jocapi)<\/span> <span class=\"sya_author\">(par Claire D)<\/span><\/div><\/li><li class=\"\"><div class=\"sya_postcontent\"><span class=\"sya_date\">21. f\u00e9vrier  |  <\/span><a href=\"https:\/\/lgspeiteng.lu\/fr_FR\/10842\" class=\"post-10842\" rel=\"bookmark\">Infoziedel bis den 6 M\u00e4erz 2021<\/a> <span class=\"sya_categories\">(Scoutsziedel)<\/span> <span class=\"sya_tags\">(Ironscout, Jocapi, MAD2GO)<\/span> <span class=\"sya_author\">(par Claire D)<\/span><\/div><\/li><li class=\"\"><div class=\"sya_postcontent\"><span class=\"sya_date\">20. f\u00e9vrier  |  <\/span><a href=\"https:\/\/lgspeiteng.lu\/fr_FR\/10808\" class=\"post-10808\" rel=\"bookmark\">Buergbrennen 2021 Liveblog<\/a> <span class=\"sya_categories\">(Fotoen)<\/span> <span class=\"sya_tags\">(Buergbrennen)<\/span> <span class=\"sya_author\">(par Gilles)<\/span><\/div><\/li><li class=\"\"><div class=\"sya_postcontent\"><span class=\"sya_date\">14. f\u00e9vrier  |  <\/span><a href=\"https:\/\/lgspeiteng.lu\/fr_FR\/10692\" class=\"post-10692\" rel=\"bookmark\">Infoziedel fir d&rsquo;Buergbrennen 2021<\/a> <span class=\"sya_categories\">(Scoutsziedel)<\/span> <span class=\"sya_tags\">(Buergbrennen)<\/span> <span class=\"sya_author\">(par Claire D)<\/span><\/div><\/li><li class=\"\"><div class=\"sya_postcontent\"><span class=\"sya_date\">31. janvier  |  <\/span><a href=\"https:\/\/lgspeiteng.lu\/fr_FR\/10651\" class=\"post-10651\" rel=\"bookmark\">Lettre d'information pour f\u00e9vrier 2021<\/a> <span class=\"sya_categories\">(Scoutsziedel)<\/span> <span class=\"sya_tags\">(Buergbrennen, Ironscout, Jocapi, MAD2GO)<\/span> <span class=\"sya_author\">(par Claire D)<\/span><\/div><\/li><li class=\"\"><div class=\"sya_postcontent\"><span class=\"sya_date\">10. janvier  |  <\/span><a href=\"https:\/\/lgspeiteng.lu\/fr_FR\/10640\" class=\"post-10640\" rel=\"bookmark\">Infoziedel bis den 30 Januar 2021<\/a> <span class=\"sya_categories\">(Scoutsziedel)<\/span> <span class=\"sya_author\">(par Claire D)<\/span><\/div><\/li><li class=\"\"><div class=\"sya_postcontent\"><span class=\"sya_date\">03. janvier  |  <\/span><a href=\"https:\/\/lgspeiteng.lu\/fr_FR\/10623\" class=\"post-10623\" rel=\"bookmark\">Infoziedel bis den 10. Januar 2021<\/a> <span class=\"sya_categories\">(Scoutsziedel)<\/span> <span class=\"sya_author\">(par Claire D)<\/span><\/div><\/li><\/ul><h2><a id=\"year2020\"><\/a><a href=\"#\" onclick=\"this.parentNode.nextSibling.style.display=(this.parentNode.nextSibling.style.display!='none'?'none':'');return false;\">2020<\/a> <span class=\"sya_yearcount\">(49)<\/span><\/h2><ul style=\"display:none;\"><li class=\"\"><div class=\"sya_postcontent\"><span class=\"sya_date\">16. d\u00e9cembre  |  <\/span><a href=\"https:\/\/lgspeiteng.lu\/fr_FR\/10602\" class=\"post-10602\" rel=\"bookmark\">Fortsetzung vun eiser Corona-BA<\/a> <span class=\"sya_categories\">(Neiegkeeten)<\/span> <span class=\"sya_tags\">(Bonne Action, COVID19, Don, Izulu Water)<\/span> <span class=\"sya_author\">(par Claire D)<\/span><\/div><\/li><li class=\"\"><div class=\"sya_postcontent\"><span class=\"sya_date\">01. d\u00e9cembre  |  <\/span><a href=\"https:\/\/lgspeiteng.lu\/fr_FR\/10597\" class=\"post-10597\" rel=\"bookmark\">lettre d'information pour le d\u00e9cembre 2020<\/a> <span class=\"sya_categories\">(Scoutsziedel)<\/span> <span class=\"sya_author\">(par Claire D)<\/span><\/div><\/li><li class=\"\"><div class=\"sya_postcontent\"><span class=\"sya_date\">29. novembre  |  <\/span><a href=\"https:\/\/lgspeiteng.lu\/fr_FR\/10589\" class=\"post-10589\" rel=\"bookmark\">Infoziedel fir Dezember 2020<\/a> <span class=\"sya_categories\">(Scoutsziedel)<\/span> <span class=\"sya_tags\">(Friddensliicht)<\/span> <span class=\"sya_author\">(par Claire D)<\/span><\/div><\/li><li class=\"\"><div class=\"sya_postcontent\"><span class=\"sya_date\">08. novembre  |  <\/span><a href=\"https:\/\/lgspeiteng.lu\/fr_FR\/10567\" class=\"post-10567\" rel=\"bookmark\">Infoziedel fir den November 2020<\/a> <span class=\"sya_categories\">(Scoutsziedel)<\/span> <span class=\"sya_tags\">(Adventskr\u00e4nz, Chr\u00ebschtmaart, Cotisatioun, Niklosmart)<\/span> <span class=\"sya_author\">(par Claire D)<\/span><\/div><\/li><li class=\"\"><div class=\"sya_postcontent\"><span class=\"sya_date\">04. novembre  |  <\/span><a href=\"https:\/\/lgspeiteng.lu\/fr_FR\/10560\" class=\"post-10560\" rel=\"bookmark\">Adventskr\u00e4nz 2020<\/a> <span class=\"sya_categories\">(Scoutsziedel)<\/span> <span class=\"sya_tags\">(Adventskr\u00e4nz, Bazar, Chr\u00ebschtmaart)<\/span> <span class=\"sya_author\">(par Claire D)<\/span><\/div><\/li><li class=\"\"><div class=\"sya_postcontent\"><span class=\"sya_date\">11. octobre  |  <\/span><a href=\"https:\/\/lgspeiteng.lu\/fr_FR\/10214\" class=\"post-10214\" rel=\"bookmark\">Lettre d'information Octobre 2020 Mont\u00e9e<\/a> <span class=\"sya_categories\">(Scoutsziedel)<\/span> <span class=\"sya_author\">(par Claire D)<\/span><\/div><\/li><li class=\"\"><div class=\"sya_postcontent\"><span class=\"sya_date\">27. septembre  |  <\/span><a href=\"https:\/\/lgspeiteng.lu\/fr_FR\/10188\" class=\"post-10188\" rel=\"bookmark\">Lettre d'information pour l'Octobre 2020<\/a> <span class=\"sya_categories\">(Scoutsziedel)<\/span> <span class=\"sya_tags\">(Franziskusmass)<\/span> <span class=\"sya_author\">(par Claire D)<\/span><\/div><\/li><li class=\"\"><div class=\"sya_postcontent\"><span class=\"sya_date\">13. septembre  |  <\/span><a href=\"https:\/\/lgspeiteng.lu\/fr_FR\/10164\" class=\"post-10164\" rel=\"bookmark\">Programm vun der Guilde: September\/ Oktober 2020<\/a> <span class=\"sya_categories\">(Guilde)<\/span> <span class=\"sya_tags\">(Comit\u00e9, Franz vun Assisi Feier, Generalversammlung, Keelen, Restaurant, Stau, Tr\u00ebppeltuer)<\/span> <span class=\"sya_author\">(par Scherer Georges)<\/span><\/div><\/li><li class=\"\"><div class=\"sya_postcontent\"><span class=\"sya_date\">07. septembre  |  <\/span><a href=\"https:\/\/lgspeiteng.lu\/fr_FR\/10148\" class=\"post-10148\" rel=\"bookmark\">Infoziedel September 2020<\/a> <span class=\"sya_categories\">(Scoutsziedel)<\/span> <span class=\"sya_tags\">(Chefdag, Journ\u00e9e Comm\u00e9morative du Passeur, Kleedersammlung, Kongress, Square Hyman Josefson)<\/span> <span class=\"sya_author\">(par Claire D)<\/span><\/div><\/li><li class=\"\"><div class=\"sya_postcontent\"><span class=\"sya_date\">01. ao\u00fbt  |  <\/span><a href=\"https:\/\/lgspeiteng.lu\/fr_FR\/10122\" class=\"post-10122\" rel=\"bookmark\">Reminder: Schaff-WE fir CaraPio, RaRo, Albatrossen, Chef, Guilde a Mataarbechter<\/a> <span class=\"sya_categories\">(Scoutsziedel)<\/span> <span class=\"sya_tags\">(Chalet, Garage, Schaffweekend, Zelt)<\/span> <span class=\"sya_author\">(par Claire D)<\/span><\/div><\/li><li class=\"\"><div class=\"sya_postcontent\"><span class=\"sya_date\">01. ao\u00fbt  |  <\/span><a href=\"https:\/\/lgspeiteng.lu\/fr_FR\/10119\" class=\"post-10119\" rel=\"bookmark\">Programm vun der Guilde: September 2020 (2. Deel)<\/a> <span class=\"sya_categories\">(Guilde)<\/span> <span class=\"sya_tags\">(Comit\u00e9, Esch\/Sauer, Franz vun Assisi Feier, Generalversammlung, Lasauvage, Mus\u00e9e, Schaffweekend, Solarboot, Tr\u00ebppeltuer)<\/span> <span class=\"sya_author\">(par Scherer Georges)<\/span><\/div><\/li><li class=\"\"><div class=\"sya_postcontent\"><span class=\"sya_date\">06. juillet  |  <\/span><a href=\"https:\/\/lgspeiteng.lu\/fr_FR\/10095\" class=\"post-10095\" rel=\"bookmark\">Lettre d'information pour les camps 2020<\/a> <span class=\"sya_categories\">(Scoutsziedel)<\/span> <span class=\"sya_tags\">(camp, COVID19, Kuelbecherhaff, Schaffweekend)<\/span> <span class=\"sya_author\">(par Claire D)<\/span><\/div><\/li><li class=\"\"><div class=\"sya_postcontent\"><span class=\"sya_date\">22. juin  |  <\/span><a href=\"https:\/\/lgspeiteng.lu\/fr_FR\/10078\" class=\"post-10078\" rel=\"bookmark\">Programm vun der Guilde: September 2020<\/a> <span class=\"sya_categories\">(Scoutsziedel)<\/span> <span class=\"sya_tags\">(Boot, Giele Botter, Grillfest, Keelen)<\/span> <span class=\"sya_author\">(par Scherer Georges)<\/span><\/div><\/li><li class=\"\"><div class=\"sya_postcontent\"><span class=\"sya_date\">22. juin  |  <\/span><a href=\"https:\/\/lgspeiteng.lu\/fr_FR\/10070\" class=\"post-10070\" rel=\"bookmark\">Infoziedel Juni a Juli 2020<\/a> <span class=\"sya_categories\">(Scoutsziedel)<\/span> <span class=\"sya_tags\">(camp, COVID19, Nationalfeierdag, Vakanzaktioun)<\/span> <span class=\"sya_author\">(par Claire D)<\/span><\/div><\/li><li class=\"\"><div class=\"sya_postcontent\"><span class=\"sya_date\">01. juin  |  <\/span><a href=\"https:\/\/lgspeiteng.lu\/fr_FR\/10059\" class=\"post-10059\" rel=\"bookmark\">Nei al Fotoen: Chefdag 1991<\/a> <span class=\"sya_categories\">(Fotoen)<\/span> <span class=\"sya_tags\">(Chefdag)<\/span> <span class=\"sya_author\">(par Gilles)<\/span><\/div><\/li><li class=\"\"><div class=\"sya_postcontent\"><span class=\"sya_date\">19. mai  |  <\/span><a href=\"https:\/\/lgspeiteng.lu\/fr_FR\/10017\" class=\"post-10017\" rel=\"bookmark\">Ajoute fir den Infoziedel vum Mee<\/a> <span class=\"sya_categories\">(Scoutsziedel)<\/span> <span class=\"sya_tags\">(Pabeiersammlung)<\/span> <span class=\"sya_author\">(par Claire D)<\/span><\/div><\/li><li class=\"\"><div class=\"sya_postcontent\"><span class=\"sya_date\">11. mai  |  <\/span><a href=\"https:\/\/lgspeiteng.lu\/fr_FR\/10008\" class=\"post-10008\" rel=\"bookmark\">Kaart Pr\u00ebnz Charles<\/a> <span class=\"sya_categories\">(Biber, Neiegkeeten, W\u00ebllefcher)<\/span> <span class=\"sya_tags\">(Chefscout, Grand-Duc, Guillaume)<\/span> <span class=\"sya_author\">(par Gilles)<\/span><\/div><\/li><li class=\"\"><div class=\"sya_postcontent\"><span class=\"sya_date\">10. mai  |  <\/span><a href=\"https:\/\/lgspeiteng.lu\/fr_FR\/10003\" class=\"post-10003\" rel=\"bookmark\">Ouschter-Challenge Gew\u00ebnner<\/a> <span class=\"sya_categories\">(Sitenews)<\/span> <span class=\"sya_tags\">(Challenge, homescouting, Ouschteren)<\/span> <span class=\"sya_author\">(par Gilles)<\/span><\/div><\/li><li class=\"\"><div class=\"sya_postcontent\"><span class=\"sya_date\">28. avril  |  <\/span><a href=\"https:\/\/lgspeiteng.lu\/fr_FR\/9989\" class=\"post-9989\" rel=\"bookmark\">1. Mee Feier a Scoutskiermes online<\/a> <span class=\"sya_categories\">(Neiegkeeten)<\/span> <span class=\"sya_tags\">(Bilschdr\u00ebff, Kiermes, Neih, Wuertgottesd\u00e9ngscht)<\/span> <span class=\"sya_author\">(par Gilles)<\/span><\/div><\/li><li class=\"\"><div class=\"sya_postcontent\"><span class=\"sya_date\">26. avril  |  <\/span><a href=\"https:\/\/lgspeiteng.lu\/fr_FR\/9969\" class=\"post-9969\" rel=\"bookmark\">Infoziedel Mee 2020<\/a> <span class=\"sya_categories\">(Scoutsziedel)<\/span> <span class=\"sya_tags\">(Bonne Action, camp, COVID19, Odyssey, Slov'It)<\/span> <span class=\"sya_author\">(par Claire D)<\/span><\/div><\/li><li class=\"\"><div class=\"sya_postcontent\"><span class=\"sya_date\">26. avril  |  <\/span><a href=\"https:\/\/lgspeiteng.lu\/fr_FR\/9954\" class=\"post-9954\" rel=\"bookmark\">Knoten 3D App Gratis<\/a> <span class=\"sya_categories\">(Neiegkeeten, Scoutstricken)<\/span> <span class=\"sya_tags\">(App, Handy, Knuet)<\/span> <span class=\"sya_author\">(par Gilles)<\/span><\/div><\/li><li class=\"\"><div class=\"sya_postcontent\"><span class=\"sya_date\">20. avril  |  <\/span><a href=\"https:\/\/lgspeiteng.lu\/fr_FR\/9937\" class=\"post-9937\" rel=\"bookmark\">Ouschter Challenge: Pr\u00e4isser<\/a> <span class=\"sya_categories\">(Neiegkeeten)<\/span> <span class=\"sya_tags\">(Ouschteren)<\/span> <span class=\"sya_author\">(par Gilles)<\/span><\/div><\/li><li class=\"\"><div class=\"sya_postcontent\"><span class=\"sya_date\">19. avril  |  <\/span><a href=\"https:\/\/lgspeiteng.lu\/fr_FR\/9930\" class=\"post-9930\" rel=\"bookmark\">B.A. Jeekelshaff<\/a> <span class=\"sya_categories\">(Neiegkeeten)<\/span> <span class=\"sya_tags\">(Bonne Action, COVID19, Jekelshaff)<\/span> <span class=\"sya_author\">(par Claire D)<\/span><\/div><\/li><li class=\"\"><div class=\"sya_postcontent\"><span class=\"sya_date\">17. avril  |  <\/span><a href=\"https:\/\/lgspeiteng.lu\/fr_FR\/9912\" class=\"post-9912\" rel=\"bookmark\">Video vum Theater 2020: CaraPio &#8211; La Chasse au Porc<\/a> <span class=\"sya_categories\">(CaraPio, Video)<\/span> <span class=\"sya_tags\">(Theater)<\/span> <span class=\"sya_author\">(par Gilles)<\/span><\/div><\/li><li class=\"\"><div class=\"sya_postcontent\"><span class=\"sya_date\">15. avril  |  <\/span><a href=\"https:\/\/lgspeiteng.lu\/fr_FR\/9900\" class=\"post-9900\" rel=\"bookmark\">Nei Fotoen: CaraPio S\u00fcden Wanterhike 2020<\/a> <span class=\"sya_categories\">(CaraPio, Fotoen)<\/span> <span class=\"sya_tags\">(CaraPio S\u00fcden, Fond de Gras, Wanterhike)<\/span> <span class=\"sya_author\">(par Gilles)<\/span><\/div><\/li><li class=\"\"><div class=\"sya_postcontent\"><span class=\"sya_date\">13. avril  |  <\/span><a href=\"https:\/\/lgspeiteng.lu\/fr_FR\/9841\" class=\"post-9841\" rel=\"bookmark\">W\u00ebllefcher Challenge #homescouting<\/a> <span class=\"sya_categories\">(Scoutsziedel, W\u00ebllefcher)<\/span> <span class=\"sya_tags\">(Challenge, homescouting)<\/span> <span class=\"sya_author\">(par Alex)<\/span><\/div><\/li><li class=\"\"><div class=\"sya_postcontent\"><span class=\"sya_date\">12. avril  |  <\/span><a href=\"https:\/\/lgspeiteng.lu\/fr_FR\/9828\" class=\"post-9828\" rel=\"bookmark\">Ouschteree\u00ebr Sich Challenge<\/a> <span class=\"sya_categories\">(Neiegkeeten)<\/span> <span class=\"sya_tags\">(Challenge, Ee\u00ebr, Ouschteren)<\/span> <span class=\"sya_author\">(par Gilles)<\/span><\/div><\/li><li class=\"\"><div class=\"sya_postcontent\"><span class=\"sya_date\">11. avril  |  <\/span><a href=\"https:\/\/lgspeiteng.lu\/fr_FR\/9797\" class=\"post-9797\" rel=\"bookmark\">Nei Fotoen: Kavalkade 2018<\/a> <span class=\"sya_categories\">(Fotoen)<\/span> <span class=\"sya_tags\">(Kavalkade)<\/span> <span class=\"sya_author\">(par Gilles)<\/span><\/div><\/li><li class=\"\"><div class=\"sya_postcontent\"><span class=\"sya_date\">10. avril  |  <\/span><a href=\"https:\/\/lgspeiteng.lu\/fr_FR\/9736\" class=\"post-9736\" rel=\"bookmark\">Kanner Jugend Telefon<\/a> <span class=\"sya_categories\">(Neiegkeeten)<\/span> <span class=\"sya_tags\">(COVID19)<\/span> <span class=\"sya_author\">(par Gilles)<\/span><\/div><\/li><li class=\"\"><div class=\"sya_postcontent\"><span class=\"sya_date\">09. avril  |  <\/span><a href=\"https:\/\/lgspeiteng.lu\/fr_FR\/9695\" class=\"post-9695\" rel=\"bookmark\">Ajoute Infoziedel Abr\u00ebll 2020<\/a> <span class=\"sya_categories\">(CaraPio, Guilde, RaRo, Scoutsziedel)<\/span> <span class=\"sya_tags\">(COVID19, Pabeiersammlung)<\/span> <span class=\"sya_author\">(par Claire D)<\/span><\/div><\/li><li class=\"\"><div class=\"sya_postcontent\"><span class=\"sya_date\">09. avril  |  <\/span><a href=\"https:\/\/lgspeiteng.lu\/fr_FR\/9609\" class=\"post-9609\" rel=\"bookmark\">En neie Look fir 2020<\/a> <span class=\"sya_categories\">(Sitenews)<\/span> <span class=\"sya_author\">(par Gilles)<\/span><\/div><\/li><li class=\"\"><div class=\"sya_postcontent\"><span class=\"sya_date\">08. avril  |  <\/span><a href=\"https:\/\/lgspeiteng.lu\/fr_FR\/9294\" class=\"post-9294\" rel=\"bookmark\">Experimenter #homescouting<\/a> <span class=\"sya_categories\">(AvEx, CaraPio, Neiegkeeten, RaRo, W\u00ebllefcher)<\/span> <span class=\"sya_tags\">(Experiment, homescouting)<\/span> <span class=\"sya_author\">(par Gilles)<\/span><\/div><\/li><li class=\"\"><div class=\"sya_postcontent\"><span class=\"sya_date\">06. avril  |  <\/span><a href=\"https:\/\/lgspeiteng.lu\/fr_FR\/9286\" class=\"post-9286\" rel=\"bookmark\">Kannerdoheem.lu #homescouting<\/a> <span class=\"sya_categories\">(AvEx, Biber, Neiegkeeten, W\u00ebllefcher)<\/span> <span class=\"sya_tags\">(homescouting)<\/span> <span class=\"sya_author\">(par Gilles)<\/span><\/div><\/li><li class=\"\"><div class=\"sya_postcontent\"><span class=\"sya_date\">04. avril  |  <\/span><a href=\"https:\/\/lgspeiteng.lu\/fr_FR\/9252\" class=\"post-9252\" rel=\"bookmark\">LGS Aktivit\u00e9iten fir all Branche #homescouting<\/a> <span class=\"sya_categories\">(AvEx, Biber, CaraPio, Neiegkeeten, W\u00ebllefcher)<\/span> <span class=\"sya_tags\">(homescouting)<\/span> <span class=\"sya_author\">(par Gilles)<\/span><\/div><\/li><li class=\"\"><div class=\"sya_postcontent\"><span class=\"sya_date\">03. avril  |  <\/span><a href=\"https:\/\/lgspeiteng.lu\/fr_FR\/9233\" class=\"post-9233\" rel=\"bookmark\">LiDAR vu L\u00ebtzebuerg #homescouting<\/a> <span class=\"sya_categories\">(Neiegkeeten, Scoutstricken)<\/span> <span class=\"sya_tags\">(Geoportail, homescouting, Kaart)<\/span> <span class=\"sya_author\">(par Gilles)<\/span><\/div><\/li><li class=\"\"><div class=\"sya_postcontent\"><span class=\"sya_date\">02. avril  |  <\/span><a href=\"https:\/\/lgspeiteng.lu\/fr_FR\/9222\" class=\"post-9222\" rel=\"bookmark\">3D gedruckt Gesiichtschutz Vis\u00e9ier<\/a> <span class=\"sya_categories\">(Neiegkeeten)<\/span> <span class=\"sya_tags\">(Bonne Action, COVID19)<\/span> <span class=\"sya_author\">(par Gilles)<\/span><\/div><\/li><li class=\"\"><div class=\"sya_postcontent\"><span class=\"sya_date\">02. avril  |  <\/span><a href=\"https:\/\/lgspeiteng.lu\/fr_FR\/9218\" class=\"post-9218\" rel=\"bookmark\">JOTI Spezial Editioun #homescouting<\/a> <span class=\"sya_categories\">(CaraPio, Neiegkeeten)<\/span> <span class=\"sya_tags\">(homescouting, Jamboree, online)<\/span> <span class=\"sya_author\">(par Gilles)<\/span><\/div><\/li><li class=\"\"><div class=\"sya_postcontent\"><span class=\"sya_date\">28. mars  |  <\/span><a href=\"https:\/\/lgspeiteng.lu\/fr_FR\/9199\" class=\"post-9199\" rel=\"bookmark\">Bonne Action Coronavirus<\/a> <span class=\"sya_categories\">(Neiegkeeten)<\/span> <span class=\"sya_tags\">(Bonne Action, COVID19, featured)<\/span> <span class=\"sya_author\">(par Gilles)<\/span><\/div><\/li><li class=\"\"><div class=\"sya_postcontent\"><span class=\"sya_date\">28. mars  |  <\/span><a href=\"https:\/\/lgspeiteng.lu\/fr_FR\/9195\" class=\"post-9195\" rel=\"bookmark\">Infoziedel Abr\u00ebll 2020<\/a> <span class=\"sya_categories\">(Scoutsziedel)<\/span> <span class=\"sya_tags\">(COVID19, featured, Iron Scout, Jocapi, R\u00e9iser, Weekend, W\u00ebllefchersrally)<\/span> <span class=\"sya_author\">(par Claire D)<\/span><\/div><\/li><li class=\"\"><div class=\"sya_postcontent\"><span class=\"sya_date\">14. mars  |  <\/span><a href=\"https:\/\/lgspeiteng.lu\/fr_FR\/9140\" class=\"post-9140\" rel=\"bookmark\">Guilde Programm\u00e4nnerung fir de M\u00e4erz 2020<\/a> <span class=\"sya_categories\">(Guilde, Neiegkeeten)<\/span> <span class=\"sya_tags\">(COVID19)<\/span> <span class=\"sya_author\">(par Scherer Georges)<\/span><\/div><\/li><li class=\"\"><div class=\"sya_postcontent\"><span class=\"sya_date\">13. mars  |  <\/span><a href=\"https:\/\/lgspeiteng.lu\/fr_FR\/9130\" class=\"post-9130\" rel=\"bookmark\">r\u00e9unions jusqu'au 27 mars<\/a> <span class=\"sya_categories\">(Scoutsziedel)<\/span> <span class=\"sya_author\">(par Claire D)<\/span><\/div><\/li><li class=\"\"><div class=\"sya_postcontent\"><span class=\"sya_date\">07. mars  |  <\/span><a href=\"https:\/\/lgspeiteng.lu\/fr_FR\/8942\" class=\"post-8942\" rel=\"bookmark\">Fotoen: Theater 2020 (Kuddel-Muddel)<\/a> <span class=\"sya_categories\">(Fotoen)<\/span> <span class=\"sya_tags\">(featured, Kuddel-Muddel, Theater)<\/span> <span class=\"sya_author\">(par Gilles)<\/span><\/div><\/li><li class=\"\"><div class=\"sya_postcontent\"><span class=\"sya_date\">02. mars  |  <\/span><a href=\"https:\/\/lgspeiteng.lu\/fr_FR\/8907\" class=\"post-8907\" rel=\"bookmark\">Video: Buergbrennen 2020<\/a> <span class=\"sya_categories\">(Video)<\/span> <span class=\"sya_tags\">(Buergbrennen, featured, Lidd)<\/span> <span class=\"sya_author\">(par Gilles)<\/span><\/div><\/li><li class=\"\"><div class=\"sya_postcontent\"><span class=\"sya_date\">12. f\u00e9vrier  |  <\/span><a href=\"https:\/\/lgspeiteng.lu\/fr_FR\/8698\" class=\"post-8698\" rel=\"bookmark\">Programm vun der Guilde Februar &#8211; M\u00e4rz &#8211; Abr\u00ebll 2020<\/a> <span class=\"sya_categories\">(Guilde, Neiegkeeten)<\/span> <span class=\"sya_author\">(par Scherer Georges)<\/span><\/div><\/li><li class=\"\"><div class=\"sya_postcontent\"><span class=\"sya_date\">09. f\u00e9vrier  |  <\/span><a href=\"https:\/\/lgspeiteng.lu\/fr_FR\/8692\" class=\"post-8692\" rel=\"bookmark\">lettre d'information pour la f\u00eate des brandons et le th\u00e9\u00e2tre 2020<\/a> <span class=\"sya_categories\">(Scoutsziedel)<\/span> <span class=\"sya_tags\">(Albatrossentreff, Buergbrennen, Theater)<\/span> <span class=\"sya_author\">(par Claire D)<\/span><\/div><\/li><li class=\"\"><div class=\"sya_postcontent\"><span class=\"sya_date\">09. f\u00e9vrier  |  <\/span><a href=\"https:\/\/lgspeiteng.lu\/fr_FR\/8685\" class=\"post-8685\" rel=\"bookmark\">Theater 2020<\/a> <span class=\"sya_categories\">(Neiegkeeten)<\/span> <span class=\"sya_tags\">(Theater)<\/span> <span class=\"sya_author\">(par Gilles)<\/span><\/div><\/li><li class=\"\"><div class=\"sya_postcontent\"><span class=\"sya_date\">26. janvier  |  <\/span><a href=\"https:\/\/lgspeiteng.lu\/fr_FR\/8675\" class=\"post-8675\" rel=\"bookmark\">lettre d'information randonn\u00e9e hivernale caritative f\u00e9vrier 2020<\/a> <span class=\"sya_categories\">(Scoutsziedel)<\/span> <span class=\"sya_tags\">(Odyssey, Wanterhike)<\/span> <span class=\"sya_author\">(par Claire D)<\/span><\/div><\/li><li class=\"\"><div class=\"sya_postcontent\"><span class=\"sya_date\">06. janvier  |  <\/span><a href=\"https:\/\/lgspeiteng.lu\/fr_FR\/8658\" class=\"post-8658\" rel=\"bookmark\">Programm vun der Guilde: Januar-Februar 2020<\/a> <span class=\"sya_categories\">(Guilde, Neiegkeeten)<\/span> <span class=\"sya_author\">(par Scherer Georges)<\/span><\/div><\/li><li class=\"\"><div class=\"sya_postcontent\"><span class=\"sya_date\">05. janvier  |  <\/span><a href=\"https:\/\/lgspeiteng.lu\/fr_FR\/8652\" class=\"post-8652\" rel=\"bookmark\">lettre d'information jusqu'au 25 janvier 2020<\/a> <span class=\"sya_categories\">(Scoutsziedel)<\/span> <span class=\"sya_tags\">(Hike, Raclette, Schlittschung, Wantergrillen)<\/span> <span class=\"sya_author\">(par Claire D)<\/span><\/div><\/li><\/ul><h2><a id=\"year2019\"><\/a><a href=\"#\" onclick=\"this.parentNode.nextSibling.style.display=(this.parentNode.nextSibling.style.display!='none'?'none':'');return false;\">2019<\/a> <span class=\"sya_yearcount\">(27)<\/span><\/h2><ul style=\"display:none;\"><li class=\"\"><div class=\"sya_postcontent\"><span class=\"sya_date\">16. d\u00e9cembre  |  <\/span><a href=\"https:\/\/lgspeiteng.lu\/fr_FR\/8643\" class=\"post-8643\" rel=\"bookmark\">CaraPio Wanterhike 2020<\/a> <span class=\"sya_categories\">(CaraPio)<\/span> <span class=\"sya_tags\">(CaraPio S\u00fcden, Wanterhike)<\/span> <span class=\"sya_author\">(par Gilles)<\/span><\/div><\/li><li class=\"\"><div class=\"sya_postcontent\"><span class=\"sya_date\">02. d\u00e9cembre  |  <\/span><a href=\"https:\/\/lgspeiteng.lu\/fr_FR\/8639\" class=\"post-8639\" rel=\"bookmark\">lettre d\u00b4information pour la fin de 2019<\/a> <span class=\"sya_categories\">(Scoutsziedel)<\/span> <span class=\"sya_author\">(par Claire D)<\/span><\/div><\/li><li class=\"\"><div class=\"sya_postcontent\"><span class=\"sya_date\">21. novembre  |  <\/span><a href=\"https:\/\/lgspeiteng.lu\/fr_FR\/8637\" class=\"post-8637\" rel=\"bookmark\">Programme vun der Guilde: November-Dezember2019<\/a> <span class=\"sya_categories\">(Scoutsziedel)<\/span> <span class=\"sya_author\">(par Scherer Georges)<\/span><\/div><\/li><li class=\"\"><div class=\"sya_postcontent\"><span class=\"sya_date\">10. novembre  |  <\/span><a href=\"https:\/\/lgspeiteng.lu\/fr_FR\/8622\" class=\"post-8622\" rel=\"bookmark\">Adventskranz Bestellung<\/a> <span class=\"sya_categories\">(Scoutsziedel)<\/span> <span class=\"sya_tags\">(Adventskranz, Niklosmart)<\/span> <span class=\"sya_author\">(par Claire D)<\/span><\/div><\/li><li class=\"\"><div class=\"sya_postcontent\"><span class=\"sya_date\">10. novembre  |  <\/span><a href=\"https:\/\/lgspeiteng.lu\/fr_FR\/8620\" class=\"post-8620\" rel=\"bookmark\">lettre d'information march\u00e9 de no\u00ebl 2019<\/a> <span class=\"sya_categories\">(Scoutsziedel)<\/span> <span class=\"sya_tags\">(Niklosmart, Slov'It)<\/span> <span class=\"sya_author\">(par Claire D)<\/span><\/div><\/li><li class=\"\"><div class=\"sya_postcontent\"><span class=\"sya_date\">13. octobre  |  <\/span><a href=\"https:\/\/lgspeiteng.lu\/fr_FR\/8611\" class=\"post-8611\" rel=\"bookmark\">Infoziedel Oktober 2019<\/a> <span class=\"sya_categories\">(Scoutsziedel)<\/span> <span class=\"sya_tags\">(Montee)<\/span> <span class=\"sya_author\">(par Claire D)<\/span><\/div><\/li><li class=\"\"><div class=\"sya_postcontent\"><span class=\"sya_date\">06. octobre  |  <\/span><a href=\"https:\/\/lgspeiteng.lu\/fr_FR\/8603\" class=\"post-8603\" rel=\"bookmark\">Ajoute fir den Infoziedel \u00ab Enn September 2019 \u00bb<\/a> <span class=\"sya_categories\">(Scoutsziedel)<\/span> <span class=\"sya_author\">(par Claire D)<\/span><\/div><\/li><li class=\"\"><div class=\"sya_postcontent\"><span class=\"sya_date\">27. septembre  |  <\/span><a href=\"https:\/\/lgspeiteng.lu\/fr_FR\/8595\" class=\"post-8595\" rel=\"bookmark\">Programm vun der Guilde: Oktober-November<\/a> <span class=\"sya_categories\">(Guilde, Neiegkeeten)<\/span> <span class=\"sya_author\">(par Scherer Georges)<\/span><\/div><\/li><li class=\"\"><div class=\"sya_postcontent\"><span class=\"sya_date\">25. septembre  |  <\/span><a href=\"https:\/\/lgspeiteng.lu\/fr_FR\/8581\" class=\"post-8581\" rel=\"bookmark\">Lettre d'infos fin septembre<\/a> <span class=\"sya_categories\">(Scoutsziedel)<\/span> <span class=\"sya_tags\">(Chef Scout, Franz vun Assisi Feier, Grand-Duc, Kongress, Monnerech, Montee, RaRo Cup, Stad)<\/span> <span class=\"sya_author\">(par Claire D)<\/span><\/div><\/li><li class=\"\"><div class=\"sya_postcontent\"><span class=\"sya_date\">20. ao\u00fbt  |  <\/span><a href=\"https:\/\/lgspeiteng.lu\/fr_FR\/8568\" class=\"post-8568\" rel=\"bookmark\">lettre d'information Septembre 2019<\/a> <span class=\"sya_categories\">(Scoutsziedel)<\/span> <span class=\"sya_tags\">(Befreiung, Comit\u00e9 du Souvenir, Gedenkfeier, Grand-Duc, Journ\u00e9e Comm\u00e9morative du Passeur, Square Hyman Josefson)<\/span> <span class=\"sya_author\">(par Claire D)<\/span><\/div><\/li><li class=\"\"><div class=\"sya_postcontent\"><span class=\"sya_date\">18. ao\u00fbt  |  <\/span><a href=\"https:\/\/lgspeiteng.lu\/fr_FR\/8563\" class=\"post-8563\" rel=\"bookmark\">PROGRAMM VUN DER GUILDE: SEPTEMBER 2019<\/a> <span class=\"sya_categories\">(Guilde, Scoutsziedel)<\/span> <span class=\"sya_author\">(par Scherer Georges)<\/span><\/div><\/li><li class=\"\"><div class=\"sya_postcontent\"><span class=\"sya_date\">04. juillet  |  <\/span><a href=\"https:\/\/lgspeiteng.lu\/fr_FR\/8560\" class=\"post-8560\" rel=\"bookmark\">Programm vun der Guilde: Juli &#8211; August 2019<\/a> <span class=\"sya_categories\">(Guilde, Neiegkeeten)<\/span> <span class=\"sya_author\">(par Scherer Georges)<\/span><\/div><\/li><li class=\"\"><div class=\"sya_postcontent\"><span class=\"sya_date\">30. juin  |  <\/span><a href=\"https:\/\/lgspeiteng.lu\/fr_FR\/8556\" class=\"post-8556\" rel=\"bookmark\">lettre d\u00b4information juillet et ao\u00fat 2019<\/a> <span class=\"sya_categories\">(Scoutsziedel)<\/span> <span class=\"sya_author\">(par Claire D)<\/span><\/div><\/li><li class=\"\"><div class=\"sya_postcontent\"><span class=\"sya_date\">16. juin  |  <\/span><a href=\"https:\/\/lgspeiteng.lu\/fr_FR\/8548\" class=\"post-8548\" rel=\"bookmark\">lettre d'information pour la f\u00eate nationale 2019<\/a> <span class=\"sya_categories\">(Scoutsziedel)<\/span> <span class=\"sya_tags\">(Nationalfeierdag)<\/span> <span class=\"sya_author\">(par Claire D)<\/span><\/div><\/li><li class=\"\"><div class=\"sya_postcontent\"><span class=\"sya_date\">03. juin  |  <\/span><a href=\"https:\/\/lgspeiteng.lu\/fr_FR\/8544\" class=\"post-8544\" rel=\"bookmark\">lettre d'information juin 2019<\/a> <span class=\"sya_categories\">(Scoutsziedel)<\/span> <span class=\"sya_author\">(par Claire D)<\/span><\/div><\/li><li class=\"\"><div class=\"sya_postcontent\"><span class=\"sya_date\">15. mai  |  <\/span><a href=\"https:\/\/lgspeiteng.lu\/fr_FR\/8542\" class=\"post-8542\" rel=\"bookmark\">Programm vun der Guilde: Mee-Juni 2019<\/a> <span class=\"sya_categories\">(Guilde, Neiegkeeten)<\/span> <span class=\"sya_author\">(par Scherer Georges)<\/span><\/div><\/li><li class=\"\"><div class=\"sya_postcontent\"><span class=\"sya_date\">05. mai  |  <\/span><a href=\"https:\/\/lgspeiteng.lu\/fr_FR\/8538\" class=\"post-8538\" rel=\"bookmark\">lettre d'information Mai 2019<\/a> <span class=\"sya_categories\">(Scoutsziedel)<\/span> <span class=\"sya_author\">(par Claire D)<\/span><\/div><\/li><li class=\"\"><div class=\"sya_postcontent\"><span class=\"sya_date\">23. avril  |  <\/span><a href=\"https:\/\/lgspeiteng.lu\/fr_FR\/8535\" class=\"post-8535\" rel=\"bookmark\">lettre d'information fin avril 2019<\/a> <span class=\"sya_categories\">(Scoutsziedel)<\/span> <span class=\"sya_author\">(par Claire D)<\/span><\/div><\/li><li class=\"\"><div class=\"sya_postcontent\"><span class=\"sya_date\">27. mars  |  <\/span><a href=\"https:\/\/lgspeiteng.lu\/fr_FR\/8527\" class=\"post-8527\" rel=\"bookmark\">PROGRAMM VUN DER GUILDE: Abr\u00ebll 2019<\/a> <span class=\"sya_categories\">(Guilde, Neiegkeeten)<\/span> <span class=\"sya_author\">(par Scherer Georges)<\/span><\/div><\/li><li class=\"\"><div class=\"sya_postcontent\"><span class=\"sya_date\">17. mars  |  <\/span><a href=\"https:\/\/lgspeiteng.lu\/fr_FR\/8521\" class=\"post-8521\" rel=\"bookmark\">lettre d'information mars-avril 2019<\/a> <span class=\"sya_categories\">(Scoutsziedel)<\/span> <span class=\"sya_author\">(par Claire D)<\/span><\/div><\/li><li class=\"\"><div class=\"sya_postcontent\"><span class=\"sya_date\">03. mars  |  <\/span><a href=\"https:\/\/lgspeiteng.lu\/fr_FR\/8514\" class=\"post-8514\" rel=\"bookmark\">lettre d' information f\u00eate des brandons 2019<\/a> <span class=\"sya_categories\">(Scoutsziedel)<\/span> <span class=\"sya_tags\">(Buergbrennen)<\/span> <span class=\"sya_author\">(par Claire D)<\/span><\/div><\/li><li class=\"\"><div class=\"sya_postcontent\"><span class=\"sya_date\">01. mars  |  <\/span><a href=\"https:\/\/lgspeiteng.lu\/fr_FR\/8512\" class=\"post-8512\" rel=\"bookmark\">PROGRAMM VUN DER GUILDE: M\u00c4ERZ 2019<\/a> <span class=\"sya_categories\">(Guilde, Neiegkeeten)<\/span> <span class=\"sya_author\">(par Scherer Georges)<\/span><\/div><\/li><li class=\"\"><div class=\"sya_postcontent\"><span class=\"sya_date\">03. f\u00e9vrier  |  <\/span><a href=\"https:\/\/lgspeiteng.lu\/fr_FR\/8508\" class=\"post-8508\" rel=\"bookmark\">lettre d'information f\u00e9vrier 2019<\/a> <span class=\"sya_categories\">(Scoutsziedel)<\/span> <span class=\"sya_author\">(par Claire D)<\/span><\/div><\/li><li class=\"\"><div class=\"sya_postcontent\"><span class=\"sya_date\">31. janvier  |  <\/span><a href=\"https:\/\/lgspeiteng.lu\/fr_FR\/8506\" class=\"post-8506\" rel=\"bookmark\">Programm vun der Guilde: Februar 2019<\/a> <span class=\"sya_categories\">(Guilde, Neiegkeeten)<\/span> <span class=\"sya_author\">(par Scherer Georges)<\/span><\/div><\/li><li class=\"\"><div class=\"sya_postcontent\"><span class=\"sya_date\">20. janvier  |  <\/span><a href=\"https:\/\/lgspeiteng.lu\/fr_FR\/8502\" class=\"post-8502\" rel=\"bookmark\">lettre d'information fin janvier 2019<\/a> <span class=\"sya_categories\">(Scoutsziedel)<\/span> <span class=\"sya_author\">(par Claire D)<\/span><\/div><\/li><li class=\"\"><div class=\"sya_postcontent\"><span class=\"sya_date\">07. janvier  |  <\/span><a href=\"https:\/\/lgspeiteng.lu\/fr_FR\/8495\" class=\"post-8495\" rel=\"bookmark\">Programm vun der Guilde: Januar 2019<\/a> <span class=\"sya_categories\">(Guilde, Neiegkeeten, Scoutsziedel)<\/span> <span class=\"sya_author\">(par Scherer Georges)<\/span><\/div><\/li><li class=\"\"><div class=\"sya_postcontent\"><span class=\"sya_date\">07. janvier  |  <\/span><a href=\"https:\/\/lgspeiteng.lu\/fr_FR\/8493\" class=\"post-8493\" rel=\"bookmark\">Lettre d\u2019information janvier 2019<\/a> <span class=\"sya_categories\">(Scoutsziedel)<\/span> <span class=\"sya_author\">(par Claire D)<\/span><\/div><\/li><\/ul><h2><a id=\"year2018\"><\/a><a href=\"#\" onclick=\"this.parentNode.nextSibling.style.display=(this.parentNode.nextSibling.style.display!='none'?'none':'');return false;\">2018<\/a> <span class=\"sya_yearcount\">(27)<\/span><\/h2><ul style=\"display:none;\"><li class=\"\"><div class=\"sya_postcontent\"><span class=\"sya_date\">09. d\u00e9cembre  |  <\/span><a href=\"https:\/\/lgspeiteng.lu\/fr_FR\/8491\" class=\"post-8491\" rel=\"bookmark\">Infoziedel 2018<\/a> <span class=\"sya_categories\">(Scoutsziedel)<\/span> <span class=\"sya_author\">(par Claire D)<\/span><\/div><\/li><li class=\"\"><div class=\"sya_postcontent\"><span class=\"sya_date\">18. novembre  |  <\/span><a href=\"https:\/\/lgspeiteng.lu\/fr_FR\/8488\" class=\"post-8488\" rel=\"bookmark\">Infoziedel Nikloosmaart 2018<\/a> <span class=\"sya_categories\">(Scoutsziedel)<\/span> <span class=\"sya_author\">(par Claire D)<\/span><\/div><\/li><li class=\"\"><div class=\"sya_postcontent\"><span class=\"sya_date\">05. novembre  |  <\/span><a href=\"https:\/\/lgspeiteng.lu\/fr_FR\/8486\" class=\"post-8486\" rel=\"bookmark\">Infoziedel Ufank November 2018<\/a> <span class=\"sya_categories\">(Scoutsziedel)<\/span> <span class=\"sya_author\">(par Claire D)<\/span><\/div><\/li><li class=\"\"><div class=\"sya_postcontent\"><span class=\"sya_date\">25. octobre  |  <\/span><a href=\"https:\/\/lgspeiteng.lu\/fr_FR\/8483\" class=\"post-8483\" rel=\"bookmark\">PROGRAMM VUN DER GUILDE: NOVEMBER-DEZEMBER 2018<\/a> <span class=\"sya_categories\">(Guilde, Neiegkeeten)<\/span> <span class=\"sya_author\">(par Scherer Georges)<\/span><\/div><\/li><li class=\"\"><div class=\"sya_postcontent\"><span class=\"sya_date\">21. octobre  |  <\/span><a href=\"https:\/\/lgspeiteng.lu\/fr_FR\/8479\" class=\"post-8479\" rel=\"bookmark\">Mont\u00e9e 2018<\/a> <span class=\"sya_categories\">(Scoutsziedel)<\/span> <span class=\"sya_author\">(par Claire D)<\/span><\/div><\/li><li class=\"\"><div class=\"sya_postcontent\"><span class=\"sya_date\">07. octobre  |  <\/span><a href=\"https:\/\/lgspeiteng.lu\/fr_FR\/8474\" class=\"post-8474\" rel=\"bookmark\">LETTRE D\u2019INFORMATION POUR LA MI-OCTOBRE 2018 <\/a> <span class=\"sya_categories\">(Scoutsziedel)<\/span> <span class=\"sya_author\">(par Claire D)<\/span><\/div><\/li><li class=\"\"><div class=\"sya_postcontent\"><span class=\"sya_date\">23. septembre  |  <\/span><a href=\"https:\/\/lgspeiteng.lu\/fr_FR\/8462\" class=\"post-8462\" rel=\"bookmark\">lettre d'information pour septembre 2018<\/a> <span class=\"sya_categories\">(Scoutsziedel)<\/span> <span class=\"sya_author\">(par Claire D)<\/span><\/div><\/li><li class=\"\"><div class=\"sya_postcontent\"><span class=\"sya_date\">02. septembre  |  <\/span><a href=\"https:\/\/lgspeiteng.lu\/fr_FR\/8460\" class=\"post-8460\" rel=\"bookmark\">PROGRAMM VUN DER GUILDE: September &#8211; Oktober 2018<\/a> <span class=\"sya_categories\">(Guilde)<\/span> <span class=\"sya_author\">(par Scherer Georges)<\/span><\/div><\/li><li class=\"\"><div class=\"sya_postcontent\"><span class=\"sya_date\">02. septembre  |  <\/span><a href=\"https:\/\/lgspeiteng.lu\/fr_FR\/8458\" class=\"post-8458\" rel=\"bookmark\">Infoziedel september 2018<\/a> <span class=\"sya_categories\">(Scoutsziedel)<\/span> <span class=\"sya_author\">(par Claire D)<\/span><\/div><\/li><li class=\"\"><div class=\"sya_postcontent\"><span class=\"sya_date\">07. ao\u00fbt  |  <\/span><a href=\"https:\/\/lgspeiteng.lu\/fr_FR\/8439\" class=\"post-8439\" rel=\"bookmark\">Fotoen: CaraPio Wandercamp 100 Joer Estland<\/a> <span class=\"sya_categories\">(CaraPio, Fotoen)<\/span> <span class=\"sya_tags\">(camp, camp volant, CaraPio, Estland, Wandercamp)<\/span> <span class=\"sya_author\">(par Gilles)<\/span><\/div><\/li><li class=\"\"><div class=\"sya_postcontent\"><span class=\"sya_date\">08. juillet  |  <\/span><a href=\"https:\/\/lgspeiteng.lu\/fr_FR\/8360\" class=\"post-8360\" rel=\"bookmark\">Lettre d'information juillet et aout 2018<\/a> <span class=\"sya_categories\">(Scoutsziedel)<\/span> <span class=\"sya_author\">(par Claire D)<\/span><\/div><\/li><li class=\"\"><div class=\"sya_postcontent\"><span class=\"sya_date\">28. juin  |  <\/span><a href=\"https:\/\/lgspeiteng.lu\/fr_FR\/8353\" class=\"post-8353\" rel=\"bookmark\">Programm vun der Guilde: Juli \u2013 August 2018<\/a> <span class=\"sya_categories\">(Guilde, Neiegkeeten)<\/span> <span class=\"sya_author\">(par Scherer Georges)<\/span><\/div><\/li><li class=\"\"><div class=\"sya_postcontent\"><span class=\"sya_date\">24. juin  |  <\/span><a href=\"https:\/\/lgspeiteng.lu\/fr_FR\/8347\" class=\"post-8347\" rel=\"bookmark\">lettre d'information d\u00e9but Juillet 2018<\/a> <span class=\"sya_categories\">(Scoutsziedel)<\/span> <span class=\"sya_tags\">(BiberMud, Iechternach, Neihaischen)<\/span> <span class=\"sya_author\">(par Claire D)<\/span><\/div><\/li><li class=\"\"><div class=\"sya_postcontent\"><span class=\"sya_date\">10. juin  |  <\/span><a href=\"https:\/\/lgspeiteng.lu\/fr_FR\/8333\" class=\"post-8333\" rel=\"bookmark\">lettre d'information f\u00eate nationale 2018<\/a> <span class=\"sya_categories\">(Scoutsziedel)<\/span> <span class=\"sya_author\">(par Claire D)<\/span><\/div><\/li><li class=\"\"><div class=\"sya_postcontent\"><span class=\"sya_date\">28. mai  |  <\/span><a href=\"https:\/\/lgspeiteng.lu\/fr_FR\/8330\" class=\"post-8330\" rel=\"bookmark\">Infoziedel Juni 2018<\/a> <span class=\"sya_categories\">(Scoutsziedel)<\/span> <span class=\"sya_author\">(par Claire D)<\/span><\/div><\/li><li class=\"\"><div class=\"sya_postcontent\"><span class=\"sya_date\">08. mai  |  <\/span><a href=\"https:\/\/lgspeiteng.lu\/fr_FR\/8310\" class=\"post-8310\" rel=\"bookmark\">LGS Shop<\/a> <span class=\"sya_categories\">(Scoutsziedel)<\/span> <span class=\"sya_author\">(par Claire D)<\/span><\/div><\/li><li class=\"\"><div class=\"sya_postcontent\"><span class=\"sya_date\">30. avril  |  <\/span><a href=\"https:\/\/lgspeiteng.lu\/fr_FR\/8303\" class=\"post-8303\" rel=\"bookmark\">Infoziedel fir Mee 2018<\/a> <span class=\"sya_categories\">(Scoutsziedel)<\/span> <span class=\"sya_author\">(par Claire D)<\/span><\/div><\/li><li class=\"\"><div class=\"sya_postcontent\"><span class=\"sya_date\">25. avril  |  <\/span><a href=\"https:\/\/lgspeiteng.lu\/fr_FR\/8301\" class=\"post-8301\" rel=\"bookmark\">Programme vun der Guilde: Mai &#8211; Juni 2018<\/a> <span class=\"sya_categories\">(Guilde, Neiegkeeten)<\/span> <span class=\"sya_author\">(par Scherer Georges)<\/span><\/div><\/li><li class=\"\"><div class=\"sya_postcontent\"><span class=\"sya_date\">14. avril  |  <\/span><a href=\"https:\/\/lgspeiteng.lu\/fr_FR\/8295\" class=\"post-8295\" rel=\"bookmark\">Infoziedel Abr\u00ebll 2018<\/a> <span class=\"sya_categories\">(Scoutsziedel)<\/span> <span class=\"sya_author\">(par Claire D)<\/span><\/div><\/li><li class=\"\"><div class=\"sya_postcontent\"><span class=\"sya_date\">12. mars  |  <\/span><a href=\"https:\/\/lgspeiteng.lu\/fr_FR\/8283\" class=\"post-8283\" rel=\"bookmark\">Infoziedel M\u00e4erz 2018<\/a> <span class=\"sya_categories\">(Scoutsziedel)<\/span> <span class=\"sya_author\">(par Claire D)<\/span><\/div><\/li><li class=\"\"><div class=\"sya_postcontent\"><span class=\"sya_date\">24. f\u00e9vrier  |  <\/span><a href=\"https:\/\/lgspeiteng.lu\/fr_FR\/8279\" class=\"post-8279\" rel=\"bookmark\">Programm vun der Guilde: M\u00e4erz &#8211; Abr\u00ebl 2018<\/a> <span class=\"sya_categories\">(Guilde, Neiegkeeten)<\/span> <span class=\"sya_author\">(par Scherer Georges)<\/span><\/div><\/li><li class=\"\"><div class=\"sya_postcontent\"><span class=\"sya_date\">19. f\u00e9vrier  |  <\/span><a href=\"https:\/\/lgspeiteng.lu\/fr_FR\/8277\" class=\"post-8277\" rel=\"bookmark\">lettre d\u00b4information cavalcade 2018<\/a> <span class=\"sya_categories\">(Scoutsziedel)<\/span> <span class=\"sya_author\">(par Claire D)<\/span><\/div><\/li><li class=\"\"><div class=\"sya_postcontent\"><span class=\"sya_date\">18. f\u00e9vrier  |  <\/span><a href=\"https:\/\/lgspeiteng.lu\/fr_FR\/8274\" class=\"post-8274\" rel=\"bookmark\">Sponsore Blat fir den Iron Scout 2018<\/a> <span class=\"sya_categories\">(CaraPio)<\/span> <span class=\"sya_tags\">(Iron Scout)<\/span> <span class=\"sya_author\">(par Administrator)<\/span><\/div><\/li><li class=\"\"><div class=\"sya_postcontent\"><span class=\"sya_date\">28. janvier  |  <\/span><a href=\"https:\/\/lgspeiteng.lu\/fr_FR\/8263\" class=\"post-8263\" rel=\"bookmark\">lettre d'information pour la f\u00eate des brandons 2018<\/a> <span class=\"sya_categories\">(Scoutsziedel)<\/span> <span class=\"sya_tags\">(Buergbrennen)<\/span> <span class=\"sya_author\">(par Claire D)<\/span><\/div><\/li><li class=\"\"><div class=\"sya_postcontent\"><span class=\"sya_date\">21. janvier  |  <\/span><a href=\"https:\/\/lgspeiteng.lu\/fr_FR\/8254\" class=\"post-8254\" rel=\"bookmark\">Theater 2018<\/a> <span class=\"sya_categories\">(Neiegkeeten)<\/span> <span class=\"sya_tags\">(Theater)<\/span> <span class=\"sya_author\">(par Gilles)<\/span><\/div><\/li><li class=\"\"><div class=\"sya_postcontent\"><span class=\"sya_date\">14. janvier  |  <\/span><a href=\"https:\/\/lgspeiteng.lu\/fr_FR\/8249\" class=\"post-8249\" rel=\"bookmark\">lettre d'information pour fin janvier 2018<\/a> <span class=\"sya_categories\">(Scoutsziedel)<\/span> <span class=\"sya_tags\">(Jocapi, Nuetsrally, Schlittschung, Wantergrillen)<\/span> <span class=\"sya_author\">(par Claire D)<\/span><\/div><\/li><li class=\"\"><div class=\"sya_postcontent\"><span class=\"sya_date\">01. janvier  |  <\/span><a href=\"https:\/\/lgspeiteng.lu\/fr_FR\/8243\" class=\"post-8243\" rel=\"bookmark\">lettre d'information pour janvier 2018<\/a> <span class=\"sya_categories\">(Scoutsziedel)<\/span> <span class=\"sya_author\">(par Claire D)<\/span><\/div><\/li><\/ul><h2><a id=\"year2017\"><\/a><a href=\"#\" onclick=\"this.parentNode.nextSibling.style.display=(this.parentNode.nextSibling.style.display!='none'?'none':'');return false;\">2017<\/a> <span class=\"sya_yearcount\">(33)<\/span><\/h2><ul style=\"display:none;\"><li class=\"\"><div class=\"sya_postcontent\"><span class=\"sya_date\">30. d\u00e9cembre  |  <\/span><a href=\"https:\/\/lgspeiteng.lu\/fr_FR\/8231\" class=\"post-8231\" rel=\"bookmark\">Programm Januar \u2013 Februar 2018<\/a> <span class=\"sya_categories\">(Guilde, Neiegkeeten)<\/span> <span class=\"sya_author\">(par Scherer Georges)<\/span><\/div><\/li><li class=\"\"><div class=\"sya_postcontent\"><span class=\"sya_date\">18. d\u00e9cembre  |  <\/span><a href=\"https:\/\/lgspeiteng.lu\/fr_FR\/8225\" class=\"post-8225\" rel=\"bookmark\">Buch: Guiden a Scouten zu P\u00e9iteng<\/a> <span class=\"sya_categories\">(Neiegkeeten)<\/span> <span class=\"sya_tags\">(Buch, Geschicht)<\/span> <span class=\"sya_author\">(par Gilles)<\/span><\/div><\/li><li class=\"\"><div class=\"sya_postcontent\"><span class=\"sya_date\">05. d\u00e9cembre  |  <\/span><a href=\"https:\/\/lgspeiteng.lu\/fr_FR\/8223\" class=\"post-8223\" rel=\"bookmark\">Annexe<\/a> <span class=\"sya_categories\">(Scoutsziedel)<\/span> <span class=\"sya_author\">(par Claire D)<\/span><\/div><\/li><li class=\"\"><div class=\"sya_postcontent\"><span class=\"sya_date\">20. novembre  |  <\/span><a href=\"https:\/\/lgspeiteng.lu\/fr_FR\/8215\" class=\"post-8215\" rel=\"bookmark\">Lettre d'infos pour le march\u00e9 de no\u00ebl 2017<\/a> <span class=\"sya_categories\">(Scoutsziedel)<\/span> <span class=\"sya_tags\">(Niklosmart)<\/span> <span class=\"sya_author\">(par Claire D)<\/span><\/div><\/li><li class=\"\"><div class=\"sya_postcontent\"><span class=\"sya_date\">05. novembre  |  <\/span><a href=\"https:\/\/lgspeiteng.lu\/fr_FR\/8196\" class=\"post-8196\" rel=\"bookmark\">lettre d'information Novembre 2017<\/a> <span class=\"sya_categories\">(Scoutsziedel)<\/span> <span class=\"sya_tags\">(Montee, Mr X)<\/span> <span class=\"sya_author\">(par Claire D)<\/span><\/div><\/li><li class=\"\"><div class=\"sya_postcontent\"><span class=\"sya_date\">27. octobre  |  <\/span><a href=\"https:\/\/lgspeiteng.lu\/fr_FR\/8194\" class=\"post-8194\" rel=\"bookmark\">Programme vun der Guilde: November-Dezember 2017<\/a> <span class=\"sya_categories\">(Guilde)<\/span> <span class=\"sya_author\">(par Scherer Georges)<\/span><\/div><\/li><li class=\"\"><div class=\"sya_postcontent\"><span class=\"sya_date\">15. octobre  |  <\/span><a href=\"https:\/\/lgspeiteng.lu\/fr_FR\/8190\" class=\"post-8190\" rel=\"bookmark\">lettre d'information pour la mont\u00e9e 2017<\/a> <span class=\"sya_categories\">(Scoutsziedel)<\/span> <span class=\"sya_author\">(par Claire D)<\/span><\/div><\/li><li class=\"\"><div class=\"sya_postcontent\"><span class=\"sya_date\">10. octobre  |  <\/span><a href=\"https:\/\/lgspeiteng.lu\/fr_FR\/8187\" class=\"post-8187\" rel=\"bookmark\">Annexe Infoziedel vum Oktober 2017<\/a> <span class=\"sya_categories\">(Scoutsziedel)<\/span> <span class=\"sya_author\">(par Claire D)<\/span><\/div><\/li><li class=\"\"><div class=\"sya_postcontent\"><span class=\"sya_date\">01. octobre  |  <\/span><a href=\"https:\/\/lgspeiteng.lu\/fr_FR\/8182\" class=\"post-8182\" rel=\"bookmark\">lettre d'information pour octobre 2017<\/a> <span class=\"sya_categories\">(Scoutsziedel)<\/span> <span class=\"sya_author\">(par Claire D)<\/span><\/div><\/li><li class=\"\"><div class=\"sya_postcontent\"><span class=\"sya_date\">17. septembre  |  <\/span><a href=\"https:\/\/lgspeiteng.lu\/fr_FR\/8176\" class=\"post-8176\" rel=\"bookmark\">Infoziedel September 2017<\/a> <span class=\"sya_categories\">(Scoutsziedel)<\/span> <span class=\"sya_author\">(par Claire D)<\/span><\/div><\/li><li class=\"\"><div class=\"sya_postcontent\"><span class=\"sya_date\">31. ao\u00fbt  |  <\/span><a href=\"https:\/\/lgspeiteng.lu\/fr_FR\/8173\" class=\"post-8173\" rel=\"bookmark\">Programm vunder Guilde: September-Oktober 2017<\/a> <span class=\"sya_categories\">(Guilde)<\/span> <span class=\"sya_author\">(par Scherer Georges)<\/span><\/div><\/li><li class=\"\"><div class=\"sya_postcontent\"><span class=\"sya_date\">30. ao\u00fbt  |  <\/span><a href=\"https:\/\/lgspeiteng.lu\/fr_FR\/8171\" class=\"post-8171\" rel=\"bookmark\">Infoziedel September 2017<\/a> <span class=\"sya_categories\">(Scoutsziedel)<\/span> <span class=\"sya_author\">(par Claire D)<\/span><\/div><\/li><li class=\"\"><div class=\"sya_postcontent\"><span class=\"sya_date\">18. juillet  |  <\/span><a href=\"https:\/\/lgspeiteng.lu\/fr_FR\/7887\" class=\"post-7887\" rel=\"bookmark\">Fotoe vum GoUrban<\/a> <span class=\"sya_categories\">(AvEx, Biber, CaraPio, Fotoen, Guilde, RaRo, W\u00ebllefcher)<\/span> <span class=\"sya_tags\">(GoUrban)<\/span> <span class=\"sya_author\">(par Gilles)<\/span><\/div><\/li><li class=\"\"><div class=\"sya_postcontent\"><span class=\"sya_date\">03. juillet  |  <\/span><a href=\"https:\/\/lgspeiteng.lu\/fr_FR\/7870\" class=\"post-7870\" rel=\"bookmark\">lettre d'information Camp Gourban<\/a> <span class=\"sya_categories\">(Scoutsziedel)<\/span> <span class=\"sya_author\">(par Claire D)<\/span><\/div><\/li><li class=\"\"><div class=\"sya_postcontent\"><span class=\"sya_date\">25. juin  |  <\/span><a href=\"https:\/\/lgspeiteng.lu\/fr_FR\/7863\" class=\"post-7863\" rel=\"bookmark\">lettre d'information Juillet 2017<\/a> <span class=\"sya_categories\">(Scoutsziedel)<\/span> <span class=\"sya_author\">(par Claire D)<\/span><\/div><\/li><li class=\"\"><div class=\"sya_postcontent\"><span class=\"sya_date\">15. juin  |  <\/span><a href=\"https:\/\/lgspeiteng.lu\/fr_FR\/7855\" class=\"post-7855\" rel=\"bookmark\">Programm vun der Guilde: Juli-August 2017<\/a> <span class=\"sya_categories\">(Guilde, Scoutsziedel)<\/span> <span class=\"sya_author\">(par Scherer Georges)<\/span><\/div><\/li><li class=\"\"><div class=\"sya_postcontent\"><span class=\"sya_date\">10. juin  |  <\/span><a href=\"https:\/\/lgspeiteng.lu\/fr_FR\/7842\" class=\"post-7842\" rel=\"bookmark\">lettre d'information pour la f\u00eate nationale<\/a> <span class=\"sya_categories\">(Scoutsziedel)<\/span> <span class=\"sya_tags\">(Nationalfeierdag, Te Deum)<\/span> <span class=\"sya_author\">(par Claire D)<\/span><\/div><\/li><li class=\"\"><div class=\"sya_postcontent\"><span class=\"sya_date\">27. mai  |  <\/span><a href=\"https:\/\/lgspeiteng.lu\/fr_FR\/7835\" class=\"post-7835\" rel=\"bookmark\">GoUrban T-shirt<\/a> <span class=\"sya_categories\">(Scoutsziedel)<\/span> <span class=\"sya_tags\">(GoUrban, T-Shirt)<\/span> <span class=\"sya_author\">(par Gilles)<\/span><\/div><\/li><li class=\"\"><div class=\"sya_postcontent\"><span class=\"sya_date\">08. mai  |  <\/span><a href=\"https:\/\/lgspeiteng.lu\/fr_FR\/7824\" class=\"post-7824\" rel=\"bookmark\">Programm vun der Guilde: Mee &#8211; Juni 2017<\/a> <span class=\"sya_categories\">(Guilde, Scoutsziedel)<\/span> <span class=\"sya_author\">(par Scherer Georges)<\/span><\/div><\/li><li class=\"\"><div class=\"sya_postcontent\"><span class=\"sya_date\">07. mai  |  <\/span><a href=\"https:\/\/lgspeiteng.lu\/fr_FR\/7822\" class=\"post-7822\" rel=\"bookmark\">Lettre d'information Mai 2017<\/a> <span class=\"sya_categories\">(Scoutsziedel)<\/span> <span class=\"sya_author\">(par Claire D)<\/span><\/div><\/li><li class=\"\"><div class=\"sya_postcontent\"><span class=\"sya_date\">01. mai  |  <\/span><a href=\"https:\/\/lgspeiteng.lu\/fr_FR\/7820\" class=\"post-7820\" rel=\"bookmark\">Fotoe vum Theater 2017<\/a> <span class=\"sya_categories\">(Fotoen)<\/span> <span class=\"sya_tags\">(Theater)<\/span> <span class=\"sya_author\">(par Gilles)<\/span><\/div><\/li><li class=\"\"><div class=\"sya_postcontent\"><span class=\"sya_date\">23. avril  |  <\/span><a href=\"https:\/\/lgspeiteng.lu\/fr_FR\/7741\" class=\"post-7741\" rel=\"bookmark\">lettre d'information jusqu'au 6 mai<\/a> <span class=\"sya_categories\">(Scoutsziedel)<\/span> <span class=\"sya_author\">(par Claire D)<\/span><\/div><\/li><li class=\"\"><div class=\"sya_postcontent\"><span class=\"sya_date\">02. avril  |  <\/span><a href=\"https:\/\/lgspeiteng.lu\/fr_FR\/7736\" class=\"post-7736\" rel=\"bookmark\">Loftfotoe vum Kuelbecherhaff<\/a> <span class=\"sya_categories\">(Fotoen, Sitenews)<\/span> <span class=\"sya_tags\">(Kuelbecherhaff)<\/span> <span class=\"sya_author\">(par Administrator)<\/span><\/div><\/li><li class=\"\"><div class=\"sya_postcontent\"><span class=\"sya_date\">19. mars  |  <\/span><a href=\"https:\/\/lgspeiteng.lu\/fr_FR\/7718\" class=\"post-7718\" rel=\"bookmark\">Lettre d'infos jusqu'aux vacances de paques<\/a> <span class=\"sya_categories\">(Scoutsziedel)<\/span> <span class=\"sya_author\">(par Claire D)<\/span><\/div><\/li><li class=\"\"><div class=\"sya_postcontent\"><span class=\"sya_date\">08. mars  |  <\/span><a href=\"https:\/\/lgspeiteng.lu\/fr_FR\/7710\" class=\"post-7710\" rel=\"bookmark\">Fotoe vum Buergbrennen 2017<\/a> <span class=\"sya_categories\">(Fotoen)<\/span> <span class=\"sya_author\">(par Gilles)<\/span><\/div><\/li><li class=\"\"><div class=\"sya_postcontent\"><span class=\"sya_date\">05. mars  |  <\/span><a href=\"https:\/\/lgspeiteng.lu\/fr_FR\/7656\" class=\"post-7656\" rel=\"bookmark\">Infoziedel Theater 2017<\/a> <span class=\"sya_categories\">(Scoutsziedel)<\/span> <span class=\"sya_author\">(par Claire D)<\/span><\/div><\/li><li class=\"\"><div class=\"sya_postcontent\"><span class=\"sya_date\">04. mars  |  <\/span><a href=\"https:\/\/lgspeiteng.lu\/fr_FR\/7651\" class=\"post-7651\" rel=\"bookmark\">Fotoen \u2013  RaRo Wantergrillen 2017<\/a> <span class=\"sya_categories\">(Fotoen)<\/span> <span class=\"sya_tags\">(Grillen, Pr\u00ebnzebierg, RaRo)<\/span> <span class=\"sya_author\">(par Gilles)<\/span><\/div><\/li><li class=\"\"><div class=\"sya_postcontent\"><span class=\"sya_date\">27. f\u00e9vrier  |  <\/span><a href=\"https:\/\/lgspeiteng.lu\/fr_FR\/7577\" class=\"post-7577\" rel=\"bookmark\">Programm vun der Guilde: M\u00e4erz &#8211; Abr\u00ebl<\/a> <span class=\"sya_categories\">(Guilde)<\/span> <span class=\"sya_author\">(par Scherer Georges)<\/span><\/div><\/li><li class=\"\"><div class=\"sya_postcontent\"><span class=\"sya_date\">05. f\u00e9vrier  |  <\/span><a href=\"https:\/\/lgspeiteng.lu\/fr_FR\/7518\" class=\"post-7518\" rel=\"bookmark\">Lettre d'information jusqu'au \"Buergbrennen\" 2017<\/a> <span class=\"sya_categories\">(Scoutsziedel)<\/span> <span class=\"sya_tags\">(Buergbrennen, Kockelscheier, Kuelbecherhaff, Schlittschung, Theater)<\/span> <span class=\"sya_author\">(par Claire D)<\/span><\/div><\/li><li class=\"\"><div class=\"sya_postcontent\"><span class=\"sya_date\">28. janvier  |  <\/span><a href=\"https:\/\/lgspeiteng.lu\/fr_FR\/7501\" class=\"post-7501\" rel=\"bookmark\">Theater 2017<\/a> <span class=\"sya_categories\">(Neiegkeeten)<\/span> <span class=\"sya_tags\">(Theater)<\/span> <span class=\"sya_author\">(par Administrator)<\/span><\/div><\/li><li class=\"\"><div class=\"sya_postcontent\"><span class=\"sya_date\">25. janvier  |  <\/span><a href=\"https:\/\/lgspeiteng.lu\/fr_FR\/7497\" class=\"post-7497\" rel=\"bookmark\">GoUrban<\/a> <span class=\"sya_categories\">(Scoutsziedel)<\/span> <span class=\"sya_tags\">(GoUrban)<\/span> <span class=\"sya_author\">(par Administrator)<\/span><\/div><\/li><li class=\"\"><div class=\"sya_postcontent\"><span class=\"sya_date\">22. janvier  |  <\/span><a href=\"https:\/\/lgspeiteng.lu\/fr_FR\/7489\" class=\"post-7489\" rel=\"bookmark\">lettre d'information jusqu'au 4 f\u00e9vrier<\/a> <span class=\"sya_categories\">(Scoutsziedel)<\/span> <span class=\"sya_author\">(par Claire D)<\/span><\/div><\/li><li class=\"\"><div class=\"sya_postcontent\"><span class=\"sya_date\">09. janvier  |  <\/span><a href=\"https:\/\/lgspeiteng.lu\/fr_FR\/7482\" class=\"post-7482\" rel=\"bookmark\">Infoziedel bis den 21. Januar<\/a> <span class=\"sya_categories\">(Scoutsziedel)<\/span> <span class=\"sya_author\">(par Claire D)<\/span><\/div><\/li><\/ul><h2><a id=\"year2016\"><\/a><a href=\"#\" onclick=\"this.parentNode.nextSibling.style.display=(this.parentNode.nextSibling.style.display!='none'?'none':'');return false;\">2016<\/a> <span class=\"sya_yearcount\">(40)<\/span><\/h2><ul style=\"display:none;\"><li class=\"\"><div class=\"sya_postcontent\"><span class=\"sya_date\">26. d\u00e9cembre  |  <\/span><a href=\"https:\/\/lgspeiteng.lu\/fr_FR\/7478\" class=\"post-7478\" rel=\"bookmark\">Programme vun der Guilde: Januar &#8211; Februar 2017<\/a> <span class=\"sya_categories\">(Guilde, Scoutsziedel)<\/span> <span class=\"sya_author\">(par Scherer Georges)<\/span><\/div><\/li><li class=\"\"><div class=\"sya_postcontent\"><span class=\"sya_date\">05. d\u00e9cembre  |  <\/span><a href=\"https:\/\/lgspeiteng.lu\/fr_FR\/7456\" class=\"post-7456\" rel=\"bookmark\">Lettre d'infos pour la lumi\u00e8re de Bethl\u00e9em<\/a> <span class=\"sya_categories\">(Scoutsziedel)<\/span> <span class=\"sya_tags\">(Friddensliicht, GoUrban, Kr\u00ebppchen)<\/span> <span class=\"sya_author\">(par Claire D)<\/span><\/div><\/li><li class=\"\"><div class=\"sya_postcontent\"><span class=\"sya_date\">20. novembre  |  <\/span><a href=\"https:\/\/lgspeiteng.lu\/fr_FR\/7439\" class=\"post-7439\" rel=\"bookmark\">Infoziedel Bazar 2016<\/a> <span class=\"sya_categories\">(Scoutsziedel)<\/span> <span class=\"sya_tags\">(Niklosmart)<\/span> <span class=\"sya_author\">(par Claire D)<\/span><\/div><\/li><li class=\"\"><div class=\"sya_postcontent\"><span class=\"sya_date\">13. novembre  |  <\/span><a href=\"https:\/\/lgspeiteng.lu\/fr_FR\/7420\" class=\"post-7420\" rel=\"bookmark\">CaraPio Camp Schweden 2016 Campbuch &#038; Chefbuch<\/a> <span class=\"sya_categories\">(CaraPio)<\/span> <span class=\"sya_tags\">(Buch, camp, Schweden)<\/span> <span class=\"sya_author\">(par Gilles)<\/span><\/div><\/li><li class=\"\"><div class=\"sya_postcontent\"><span class=\"sya_date\">06. novembre  |  <\/span><a href=\"https:\/\/lgspeiteng.lu\/fr_FR\/7401\" class=\"post-7401\" rel=\"bookmark\">Lettre d'infos jusqu'au 19 novembre<\/a> <span class=\"sya_categories\">(Scoutsziedel)<\/span> <span class=\"sya_tags\">(Adventskranz, Bauer, Chr\u00ebschtmaart, GoUrban, P\u00e9itenger fir 1 Dag)<\/span> <span class=\"sya_author\">(par Claire D)<\/span><\/div><\/li><li class=\"\"><div class=\"sya_postcontent\"><span class=\"sya_date\">28. octobre  |  <\/span><a href=\"https:\/\/lgspeiteng.lu\/fr_FR\/7396\" class=\"post-7396\" rel=\"bookmark\">Programm vun der Guilde: November &#8211; Dezember 2016<\/a> <span class=\"sya_categories\">(Guilde, Scoutsziedel)<\/span> <span class=\"sya_author\">(par Scherer Georges)<\/span><\/div><\/li><li class=\"\"><div class=\"sya_postcontent\"><span class=\"sya_date\">18. octobre  |  <\/span><a href=\"https:\/\/lgspeiteng.lu\/fr_FR\/7380\" class=\"post-7380\" rel=\"bookmark\">Infoziedel Mont\u00e9e 2016<\/a> <span class=\"sya_categories\">(Scoutsziedel)<\/span> <span class=\"sya_tags\">(Montee)<\/span> <span class=\"sya_author\">(par Claire D)<\/span><\/div><\/li><li class=\"\"><div class=\"sya_postcontent\"><span class=\"sya_date\">09. octobre  |  <\/span><a href=\"https:\/\/lgspeiteng.lu\/fr_FR\/7365\" class=\"post-7365\" rel=\"bookmark\">W\u00e9i ee ka Feierholz spl\u00e9cken<\/a> <span class=\"sya_categories\">(Scoutsziedel, Video)<\/span> <span class=\"sya_tags\">(Holz)<\/span> <span class=\"sya_author\">(par Gilles)<\/span><\/div><\/li><li class=\"\"><div class=\"sya_postcontent\"><span class=\"sya_date\">27. septembre  |  <\/span><a href=\"https:\/\/lgspeiteng.lu\/fr_FR\/7351\" class=\"post-7351\" rel=\"bookmark\">Infoziedel bis den 15 Oktober 2016<\/a> <span class=\"sya_categories\">(Scoutsziedel)<\/span> <span class=\"sya_author\">(par Claire D)<\/span><\/div><\/li><li class=\"\"><div class=\"sya_postcontent\"><span class=\"sya_date\">18. septembre  |  <\/span><a href=\"https:\/\/lgspeiteng.lu\/fr_FR\/7346\" class=\"post-7346\" rel=\"bookmark\">RaRo<\/a> <span class=\"sya_categories\">(RaRo)<\/span> <span class=\"sya_author\">(par Kimski)<\/span><\/div><\/li><li class=\"\"><div class=\"sya_postcontent\"><span class=\"sya_date\">13. septembre  |  <\/span><a href=\"https:\/\/lgspeiteng.lu\/fr_FR\/7303\" class=\"post-7303\" rel=\"bookmark\">Video vum Nationalfeierdag 2016<\/a> <span class=\"sya_categories\">(Video)<\/span> <span class=\"sya_tags\">(Nationalfeierdag)<\/span> <span class=\"sya_author\">(par Gilles)<\/span><\/div><\/li><li class=\"\"><div class=\"sya_postcontent\"><span class=\"sya_date\">12. septembre  |  <\/span><a href=\"https:\/\/lgspeiteng.lu\/fr_FR\/7295\" class=\"post-7295\" rel=\"bookmark\">Chefdaag Go Urban<\/a> <span class=\"sya_categories\">(Neiegkeeten)<\/span> <span class=\"sya_author\">(par Kimski)<\/span><\/div><\/li><li class=\"\"><div class=\"sya_postcontent\"><span class=\"sya_date\">31. ao\u00fbt  |  <\/span><a href=\"https:\/\/lgspeiteng.lu\/fr_FR\/7290\" class=\"post-7290\" rel=\"bookmark\">Fotoe vum CaraPio Camp Volant a Schweden (Juli 2016)<\/a> <span class=\"sya_categories\">(CaraPio, Fotoen)<\/span> <span class=\"sya_tags\">(camp, camp volant, Schweden)<\/span> <span class=\"sya_author\">(par Gilles)<\/span><\/div><\/li><li class=\"\"><div class=\"sya_postcontent\"><span class=\"sya_date\">29. ao\u00fbt  |  <\/span><a href=\"https:\/\/lgspeiteng.lu\/fr_FR\/7083\" class=\"post-7083\" rel=\"bookmark\">Lettre d'infos pour la rentr\u00e9e<\/a> <span class=\"sya_categories\">(Scoutsziedel)<\/span> <span class=\"sya_tags\">(Chefdag, Festival de l'amiti\u00e9 americo-luxembourgeoise, Gedenkfeier, Kleedersammlung, Kongress, Mass)<\/span> <span class=\"sya_author\">(par Claire D)<\/span><\/div><\/li><li class=\"\"><div class=\"sya_postcontent\"><span class=\"sya_date\">29. ao\u00fbt  |  <\/span><a href=\"https:\/\/lgspeiteng.lu\/fr_FR\/7081\" class=\"post-7081\" rel=\"bookmark\">Programm September &#8211; Oktober 2016<\/a> <span class=\"sya_categories\">(Guilde)<\/span> <span class=\"sya_author\">(par Scherer Georges)<\/span><\/div><\/li><li class=\"\"><div class=\"sya_postcontent\"><span class=\"sya_date\">25. juillet  |  <\/span><a href=\"https:\/\/lgspeiteng.lu\/fr_FR\/7079\" class=\"post-7079\" rel=\"bookmark\">Vakanzaktioun 2016<\/a> <span class=\"sya_categories\">(Scoutsziedel)<\/span> <span class=\"sya_author\">(par Claire D)<\/span><\/div><\/li><li class=\"\"><div class=\"sya_postcontent\"><span class=\"sya_date\">11. juillet  |  <\/span><a href=\"https:\/\/lgspeiteng.lu\/fr_FR\/7075\" class=\"post-7075\" rel=\"bookmark\">Programm vun der Guilde: Juli &#8211; August 2016<\/a> <span class=\"sya_categories\">(Guilde)<\/span> <span class=\"sya_author\">(par Scherer Georges)<\/span><\/div><\/li><li class=\"\"><div class=\"sya_postcontent\"><span class=\"sya_date\">07. juillet  |  <\/span><a href=\"https:\/\/lgspeiteng.lu\/fr_FR\/7066\" class=\"post-7066\" rel=\"bookmark\">AvEx Camp-Ziedel<\/a> <span class=\"sya_categories\">(Scoutsziedel)<\/span> <span class=\"sya_author\">(par Fredi)<\/span><\/div><\/li><li class=\"\"><div class=\"sya_postcontent\"><span class=\"sya_date\">30. juin  |  <\/span><a href=\"https:\/\/lgspeiteng.lu\/fr_FR\/7064\" class=\"post-7064\" rel=\"bookmark\">Guilde:   Programm   Mee &#8211; Juni<\/a> <span class=\"sya_categories\">(Guilde)<\/span> <span class=\"sya_author\">(par Scherer Georges)<\/span><\/div><\/li><li class=\"\"><div class=\"sya_postcontent\"><span class=\"sya_date\">30. juin  |  <\/span><a href=\"https:\/\/lgspeiteng.lu\/fr_FR\/7062\" class=\"post-7062\" rel=\"bookmark\">Fotoe vum W\u00ebllefchersrally 2016<\/a> <span class=\"sya_categories\">(Fotoen, W\u00ebllefcher)<\/span> <span class=\"sya_author\">(par Gilles)<\/span><\/div><\/li><li class=\"\"><div class=\"sya_postcontent\"><span class=\"sya_date\">26. juin  |  <\/span><a href=\"https:\/\/lgspeiteng.lu\/fr_FR\/7043\" class=\"post-7043\" rel=\"bookmark\">Scoutsziedel fir de Juli an August<\/a> <span class=\"sya_categories\">(Scoutsziedel)<\/span> <span class=\"sya_tags\">(Vakanzaktioun)<\/span> <span class=\"sya_author\">(par Guy)<\/span><\/div><\/li><li class=\"\"><div class=\"sya_postcontent\"><span class=\"sya_date\">14. juin  |  <\/span><a href=\"https:\/\/lgspeiteng.lu\/fr_FR\/7033\" class=\"post-7033\" rel=\"bookmark\">Lettre d'infos jusqu'au 25 juin<\/a> <span class=\"sya_categories\">(Scoutsziedel)<\/span> <span class=\"sya_tags\">(Hardcore Blimmi, Nationalfeierdag)<\/span> <span class=\"sya_author\">(par Guy)<\/span><\/div><\/li><li class=\"\"><div class=\"sya_postcontent\"><span class=\"sya_date\">30. mai  |  <\/span><a href=\"https:\/\/lgspeiteng.lu\/fr_FR\/7017\" class=\"post-7017\" rel=\"bookmark\">Lettre d'infos jusqu'au 11 juin 2016<\/a> <span class=\"sya_categories\">(Scoutsziedel)<\/span> <span class=\"sya_author\">(par Guy)<\/span><\/div><\/li><li class=\"\"><div class=\"sya_postcontent\"><span class=\"sya_date\">03. mai  |  <\/span><a href=\"https:\/\/lgspeiteng.lu\/fr_FR\/6998\" class=\"post-6998\" rel=\"bookmark\">Ufeieren<\/a> <span class=\"sya_categories\">(Scoutstricken)<\/span> <span class=\"sya_tags\">(Feier)<\/span> <span class=\"sya_author\">(par Gilles)<\/span><\/div><\/li><li class=\"\"><div class=\"sya_postcontent\"><span class=\"sya_date\">02. mai  |  <\/span><a href=\"https:\/\/lgspeiteng.lu\/fr_FR\/6993\" class=\"post-6993\" rel=\"bookmark\">Lettre d'infos jusqu'au 28 mai<\/a> <span class=\"sya_categories\">(Scoutsziedel)<\/span> <span class=\"sya_tags\">(Bealtaine, Nuetshike)<\/span> <span class=\"sya_author\">(par Guy)<\/span><\/div><\/li><li class=\"\"><div class=\"sya_postcontent\"><span class=\"sya_date\">24. avril  |  <\/span><a href=\"https:\/\/lgspeiteng.lu\/fr_FR\/6972\" class=\"post-6972\" rel=\"bookmark\">Esch-P\u00e9nts gagne la 5e Place au JoCaPi 2016 \u00e0 Eschduerf!<\/a> <span class=\"sya_categories\">(CaraPio, Fotoen)<\/span> <span class=\"sya_tags\">(Eschduerf, Jocapi)<\/span> <span class=\"sya_author\">(par Gilles)<\/span><\/div><\/li><li class=\"\"><div class=\"sya_postcontent\"><span class=\"sya_date\">11. avril  |  <\/span><a href=\"https:\/\/lgspeiteng.lu\/fr_FR\/6838\" class=\"post-6838\" rel=\"bookmark\">Lettre d'infos jusqu'au 30 avril<\/a> <span class=\"sya_categories\">(Scoutsziedel)<\/span> <span class=\"sya_tags\">(Eschduerf, Jocapi)<\/span> <span class=\"sya_author\">(par Guy)<\/span><\/div><\/li><li class=\"\"><div class=\"sya_postcontent\"><span class=\"sya_date\">03. avril  |  <\/span><a href=\"https:\/\/lgspeiteng.lu\/fr_FR\/6820\" class=\"post-6820\" rel=\"bookmark\">Fotoe vu Struthof<\/a> <span class=\"sya_categories\">(Fotoen)<\/span> <span class=\"sya_tags\">(2. Weltkrich, CaraPio, CaraPio S\u00fcden, Strasbourg, Struthof)<\/span> <span class=\"sya_author\">(par Gilles)<\/span><\/div><\/li><li class=\"\"><div class=\"sya_postcontent\"><span class=\"sya_date\">30. mars  |  <\/span><a href=\"https:\/\/lgspeiteng.lu\/fr_FR\/6779\" class=\"post-6779\" rel=\"bookmark\">Fotoe vum Theater 2016<\/a> <span class=\"sya_categories\">(Fotoen)<\/span> <span class=\"sya_tags\">(Theater)<\/span> <span class=\"sya_author\">(par Gilles)<\/span><\/div><\/li><li class=\"\"><div class=\"sya_postcontent\"><span class=\"sya_date\">30. mars  |  <\/span><a href=\"https:\/\/lgspeiteng.lu\/fr_FR\/6644\" class=\"post-6644\" rel=\"bookmark\">Nous avons une nouvelle adresse<\/a> <span class=\"sya_categories\">(Sitenews)<\/span> <span class=\"sya_author\">(par Gilles)<\/span><\/div><\/li><li class=\"\"><div class=\"sya_postcontent\"><span class=\"sya_date\">06. mars  |  <\/span><a href=\"https:\/\/lgspeiteng.lu\/fr_FR\/4469\" class=\"post-4469\" rel=\"bookmark\">Lettre d'infos jusqu'\u00e0 la fin du cong\u00e9 de p\u00e2ques<\/a> <span class=\"sya_categories\">(Scoutsziedel)<\/span> <span class=\"sya_author\">(par Guy)<\/span><\/div><\/li><li class=\"\"><div class=\"sya_postcontent\"><span class=\"sya_date\">03. mars  |  <\/span><a href=\"https:\/\/lgspeiteng.lu\/fr_FR\/4460\" class=\"post-4460\" rel=\"bookmark\">Fier den Theater fier Carapio<\/a> <span class=\"sya_categories\">(Scoutsziedel)<\/span> <span class=\"sya_author\">(par Kimski)<\/span><\/div><\/li><li class=\"\"><div class=\"sya_postcontent\"><span class=\"sya_date\">27. f\u00e9vrier  |  <\/span><a href=\"https:\/\/lgspeiteng.lu\/fr_FR\/4456\" class=\"post-4456\" rel=\"bookmark\">Theater 2016: Eng Kur zu Mondorf<\/a> <span class=\"sya_categories\">(Neiegkeeten)<\/span> <span class=\"sya_tags\">(Theater)<\/span> <span class=\"sya_author\">(par Administrator)<\/span><\/div><\/li><li class=\"\"><div class=\"sya_postcontent\"><span class=\"sya_date\">26. f\u00e9vrier  |  <\/span><a href=\"https:\/\/lgspeiteng.lu\/fr_FR\/4450\" class=\"post-4450\" rel=\"bookmark\">Programm  M\u00e4rz &#8211; Abr\u00ebl 2016<\/a> <span class=\"sya_categories\">(Guilde)<\/span> <span class=\"sya_author\">(par Scherer Georges)<\/span><\/div><\/li><li class=\"\"><div class=\"sya_postcontent\"><span class=\"sya_date\">20. f\u00e9vrier  |  <\/span><a href=\"https:\/\/lgspeiteng.lu\/fr_FR\/4440\" class=\"post-4440\" rel=\"bookmark\">Prouwen CaraPio 2016<\/a> <span class=\"sya_categories\">(CaraPio)<\/span> <span class=\"sya_author\">(par Kimski)<\/span><\/div><\/li><li class=\"\"><div class=\"sya_postcontent\"><span class=\"sya_date\">15. f\u00e9vrier  |  <\/span><a href=\"https:\/\/lgspeiteng.lu\/fr_FR\/4427\" class=\"post-4427\" rel=\"bookmark\">Scoutsziedel bis de 5.M\u00e4rz<\/a> <span class=\"sya_categories\">(Scoutsziedel)<\/span> <span class=\"sya_author\">(par Guy)<\/span><\/div><\/li><li class=\"\"><div class=\"sya_postcontent\"><span class=\"sya_date\">07. f\u00e9vrier  |  <\/span><a href=\"https:\/\/lgspeiteng.lu\/fr_FR\/4420\" class=\"post-4420\" rel=\"bookmark\">CaraPio Prouwen an der Vakanz<\/a> <span class=\"sya_categories\">(Scoutsziedel)<\/span> <span class=\"sya_author\">(par Administrator)<\/span><\/div><\/li><li class=\"\"><div class=\"sya_postcontent\"><span class=\"sya_date\">27. janvier  |  <\/span><a href=\"https:\/\/lgspeiteng.lu\/fr_FR\/4416\" class=\"post-4416\" rel=\"bookmark\">CaraPio Theaterst\u00e9ck Virbereedung<\/a> <span class=\"sya_categories\">(CaraPio)<\/span> <span class=\"sya_author\">(par Gilles)<\/span><\/div><\/li><li class=\"\"><div class=\"sya_postcontent\"><span class=\"sya_date\">18. janvier  |  <\/span><a href=\"https:\/\/lgspeiteng.lu\/fr_FR\/4396\" class=\"post-4396\" rel=\"bookmark\">Lettre d'infos jusqu'au 13 f\u00e9vrier<\/a> <span class=\"sya_categories\">(Scoutsziedel)<\/span> <span class=\"sya_tags\">(Buergbrennen, Theater)<\/span> <span class=\"sya_author\">(par Guy)<\/span><\/div><\/li><li class=\"\"><div class=\"sya_postcontent\"><span class=\"sya_date\">03. janvier  |  <\/span><a href=\"https:\/\/lgspeiteng.lu\/fr_FR\/4374\" class=\"post-4374\" rel=\"bookmark\">Scoutsziedel bis de 16.Januar 2016<\/a> <span class=\"sya_categories\">(Scoutsziedel)<\/span> <span class=\"sya_author\">(par Guy)<\/span><\/div><\/li><\/ul><h2><a id=\"year2015\"><\/a><a href=\"#\" onclick=\"this.parentNode.nextSibling.style.display=(this.parentNode.nextSibling.style.display!='none'?'none':'');return false;\">2015<\/a> <span class=\"sya_yearcount\">(39)<\/span><\/h2><ul style=\"display:none;\"><li class=\"\"><div class=\"sya_postcontent\"><span class=\"sya_date\">28. d\u00e9cembre  |  <\/span><a href=\"https:\/\/lgspeiteng.lu\/fr_FR\/4371\" class=\"post-4371\" rel=\"bookmark\">Programm vun der Guilde: Januar &#8211; Februar 2016<\/a> <span class=\"sya_categories\">(Guilde, Neiegkeeten)<\/span> <span class=\"sya_author\">(par Scherer Georges)<\/span><\/div><\/li><li class=\"\"><div class=\"sya_postcontent\"><span class=\"sya_date\">30. novembre  |  <\/span><a href=\"https:\/\/lgspeiteng.lu\/fr_FR\/4353\" class=\"post-4353\" rel=\"bookmark\">L\u00e4schte Scoutsziedel fir d'Joer 2015<\/a> <span class=\"sya_categories\">(Scoutsziedel)<\/span> <span class=\"sya_tags\">(Jocapi)<\/span> <span class=\"sya_author\">(par Guy)<\/span><\/div><\/li><li class=\"\"><div class=\"sya_postcontent\"><span class=\"sya_date\">24. novembre  |  <\/span><a href=\"https:\/\/lgspeiteng.lu\/fr_FR\/4351\" class=\"post-4351\" rel=\"bookmark\">Buergbrennen 2015<\/a> <span class=\"sya_categories\">(Fotoen)<\/span> <span class=\"sya_author\">(par Kimski)<\/span><\/div><\/li><li class=\"\"><div class=\"sya_postcontent\"><span class=\"sya_date\">24. novembre  |  <\/span><a href=\"https:\/\/lgspeiteng.lu\/fr_FR\/4316\" class=\"post-4316\" rel=\"bookmark\">12+13. Dezember RaRo Monte Info<\/a> <span class=\"sya_categories\">(Scoutsziedel)<\/span> <span class=\"sya_author\">(par Kimski)<\/span><\/div><\/li><li class=\"\"><div class=\"sya_postcontent\"><span class=\"sya_date\">11. novembre  |  <\/span><a href=\"https:\/\/lgspeiteng.lu\/fr_FR\/4293\" class=\"post-4293\" rel=\"bookmark\">Lettre d'infos jusqu'au 29 novembre<\/a> <span class=\"sya_categories\">(Scoutsziedel)<\/span> <span class=\"sya_tags\">(Bazar, Cotisatioun)<\/span> <span class=\"sya_author\">(par Guy)<\/span><\/div><\/li><li class=\"\"><div class=\"sya_postcontent\"><span class=\"sya_date\">04. novembre  |  <\/span><a href=\"https:\/\/lgspeiteng.lu\/fr_FR\/4286\" class=\"post-4286\" rel=\"bookmark\">Programm vun der Guilde:  November-Dezember 2015<\/a> <span class=\"sya_categories\">(Guilde, Neiegkeeten)<\/span> <span class=\"sya_author\">(par Scherer Georges)<\/span><\/div><\/li><li class=\"\"><div class=\"sya_postcontent\"><span class=\"sya_date\">12. octobre  |  <\/span><a href=\"https:\/\/lgspeiteng.lu\/fr_FR\/4268\" class=\"post-4268\" rel=\"bookmark\">Lettre d'info jusqu'au 31 octobre<\/a> <span class=\"sya_categories\">(Scoutsziedel)<\/span> <span class=\"sya_tags\">(Lancement, Montee)<\/span> <span class=\"sya_author\">(par Guy)<\/span><\/div><\/li><li class=\"\"><div class=\"sya_postcontent\"><span class=\"sya_date\">10. octobre  |  <\/span><a href=\"https:\/\/lgspeiteng.lu\/fr_FR\/4261\" class=\"post-4261\" rel=\"bookmark\">Journ\u00e9e de la Comm\u00e9moration nationale<\/a> <span class=\"sya_categories\">(Scoutsziedel)<\/span> <span class=\"sya_author\">(par Guy)<\/span><\/div><\/li><li class=\"\"><div class=\"sya_postcontent\"><span class=\"sya_date\">28. septembre  |  <\/span><a href=\"https:\/\/lgspeiteng.lu\/fr_FR\/4032\" class=\"post-4032\" rel=\"bookmark\">Lettre d'info jusqu'au 10 octobre 2015<\/a> <span class=\"sya_categories\">(Scoutsziedel)<\/span> <span class=\"sya_tags\">(Assisi, Lancement, Montee, Scoutsmass)<\/span> <span class=\"sya_author\">(par Guy)<\/span><\/div><\/li><li class=\"\"><div class=\"sya_postcontent\"><span class=\"sya_date\">28. septembre  |  <\/span><a href=\"https:\/\/lgspeiteng.lu\/fr_FR\/4028\" class=\"post-4028\" rel=\"bookmark\">Programm Oktober 2015<\/a> <span class=\"sya_categories\">(Guilde)<\/span> <span class=\"sya_author\">(par Scherer Georges)<\/span><\/div><\/li><li class=\"\"><div class=\"sya_postcontent\"><span class=\"sya_date\">19. septembre  |  <\/span><a href=\"https:\/\/lgspeiteng.lu\/fr_FR\/4020\" class=\"post-4020\" rel=\"bookmark\">Inscrire mon enfant <\/a> <span class=\"sya_categories\">(Neiegkeeten)<\/span> <span class=\"sya_author\">(par Gilles)<\/span><\/div><\/li><li class=\"\"><div class=\"sya_postcontent\"><span class=\"sya_date\">06. septembre  |  <\/span><a href=\"https:\/\/lgspeiteng.lu\/fr_FR\/3888\" class=\"post-3888\" rel=\"bookmark\">Scout fir een Dag 2015<\/a> <span class=\"sya_categories\">(Neiegkeeten)<\/span> <span class=\"sya_tags\">(Scout fir een Dag)<\/span> <span class=\"sya_author\">(par Gilles)<\/span><\/div><\/li><li class=\"\"><div class=\"sya_postcontent\"><span class=\"sya_date\">03. septembre  |  <\/span><a href=\"https:\/\/lgspeiteng.lu\/fr_FR\/3886\" class=\"post-3886\" rel=\"bookmark\">Lettre d'info jusqu'au 26 septembre<\/a> <span class=\"sya_categories\">(Scoutsziedel)<\/span> <span class=\"sya_tags\">(Befreiung, Betebuerg, Journ\u00e9e Comm\u00e9morative du Passeur, Kleedersammlung, Kongress, Scout fir een Dag)<\/span> <span class=\"sya_author\">(par Guy)<\/span><\/div><\/li><li class=\"\"><div class=\"sya_postcontent\"><span class=\"sya_date\">03. septembre  |  <\/span><a href=\"https:\/\/lgspeiteng.lu\/fr_FR\/3881\" class=\"post-3881\" rel=\"bookmark\">Programm  vun der Guilde fir de September<\/a> <span class=\"sya_categories\">(Guilde)<\/span> <span class=\"sya_author\">(par Guy)<\/span><\/div><\/li><li class=\"\"><div class=\"sya_postcontent\"><span class=\"sya_date\">27. juillet  |  <\/span><a href=\"https:\/\/lgspeiteng.lu\/fr_FR\/3782\" class=\"post-3782\" rel=\"bookmark\">RaRo Camp Infos<\/a> <span class=\"sya_categories\">(Neiegkeeten, RaRo)<\/span> <span class=\"sya_author\">(par Kimski)<\/span><\/div><\/li><li class=\"\"><div class=\"sya_postcontent\"><span class=\"sya_date\">11. juillet  |  <\/span><a href=\"https:\/\/lgspeiteng.lu\/fr_FR\/3779\" class=\"post-3779\" rel=\"bookmark\">Guilde Programm Juli &#8211; August 2015<\/a> <span class=\"sya_categories\">(Guilde)<\/span> <span class=\"sya_author\">(par Scherer Georges)<\/span><\/div><\/li><li class=\"\"><div class=\"sya_postcontent\"><span class=\"sya_date\">30. juin  |  <\/span><a href=\"https:\/\/lgspeiteng.lu\/fr_FR\/3758\" class=\"post-3758\" rel=\"bookmark\">Scoutsziedel Juli an August 2015<\/a> <span class=\"sya_categories\">(Scoutsziedel)<\/span> <span class=\"sya_tags\">(camp, Strasbourg)<\/span> <span class=\"sya_author\">(par Guy)<\/span><\/div><\/li><li class=\"\"><div class=\"sya_postcontent\"><span class=\"sya_date\">15. juin  |  <\/span><a href=\"https:\/\/lgspeiteng.lu\/fr_FR\/3731\" class=\"post-3731\" rel=\"bookmark\">Scoutsziedel bis den 27. Juni<\/a> <span class=\"sya_categories\">(Scoutsziedel)<\/span> <span class=\"sya_tags\">(Bouneweg, camp, Miersch, Nationalfeierdag, V\u00eblo)<\/span> <span class=\"sya_author\">(par Guy)<\/span><\/div><\/li><li class=\"\"><div class=\"sya_postcontent\"><span class=\"sya_date\">10. juin  |  <\/span><a href=\"https:\/\/lgspeiteng.lu\/fr_FR\/3724\" class=\"post-3724\" rel=\"bookmark\">L\u00e4scht D\u00e9tailer fir den Wellefchersrallye vum 14.06.2015<\/a> <span class=\"sya_categories\">(Scoutsziedel)<\/span> <span class=\"sya_author\">(par Guy)<\/span><\/div><\/li><li class=\"\"><div class=\"sya_postcontent\"><span class=\"sya_date\">03. juin  |  <\/span><a href=\"https:\/\/lgspeiteng.lu\/fr_FR\/3714\" class=\"post-3714\" rel=\"bookmark\">Juppe Scouten Kiermes<\/a> <span class=\"sya_categories\">(Neiegkeeten)<\/span> <span class=\"sya_author\">(par Gilles)<\/span><\/div><\/li><li class=\"\"><div class=\"sya_postcontent\"><span class=\"sya_date\">02. juin  |  <\/span><a href=\"https:\/\/lgspeiteng.lu\/fr_FR\/3712\" class=\"post-3712\" rel=\"bookmark\">Scoutsziedel bis den 13 Juni<\/a> <span class=\"sya_categories\">(Scoutsziedel)<\/span> <span class=\"sya_tags\">(Bibertreff, Odyssey, Piko, W\u00ebllefchersrally)<\/span> <span class=\"sya_author\">(par Guy)<\/span><\/div><\/li><li class=\"\"><div class=\"sya_postcontent\"><span class=\"sya_date\">01. juin  |  <\/span><a href=\"https:\/\/lgspeiteng.lu\/fr_FR\/3709\" class=\"post-3709\" rel=\"bookmark\">RaRo Camp Holland<\/a> <span class=\"sya_categories\">(Neiegkeeten, RaRo, Scoutsziedel)<\/span> <span class=\"sya_author\">(par Kimski)<\/span><\/div><\/li><li class=\"\"><div class=\"sya_postcontent\"><span class=\"sya_date\">08. mai  |  <\/span><a href=\"https:\/\/lgspeiteng.lu\/fr_FR\/3683\" class=\"post-3683\" rel=\"bookmark\">Amerikanesch Scouten an hir Kontrovers \u00ebm homosexuell Chef<\/a> <span class=\"sya_categories\">(Scoutsziedel)<\/span> <span class=\"sya_tags\">(homosexuell)<\/span> <span class=\"sya_author\">(par Gilles)<\/span><\/div><\/li><li class=\"\"><div class=\"sya_postcontent\"><span class=\"sya_date\">05. mai  |  <\/span><a href=\"https:\/\/lgspeiteng.lu\/fr_FR\/3673\" class=\"post-3673\" rel=\"bookmark\">Scoutsziedel bis d&rsquo;Paischtvakanz<\/a> <span class=\"sya_categories\">(Scoutsziedel)<\/span> <span class=\"sya_tags\">(Bothel, Heiweng, Landjugenddag, MAD, Mataarbeschteriessen)<\/span> <span class=\"sya_author\">(par Guy)<\/span><\/div><\/li><li class=\"\"><div class=\"sya_postcontent\"><span class=\"sya_date\">19. avril  |  <\/span><a href=\"https:\/\/lgspeiteng.lu\/fr_FR\/3645\" class=\"post-3645\" rel=\"bookmark\">Scoutsziedel bis den 2.Mee<\/a> <span class=\"sya_categories\">(Scoutsziedel)<\/span> <span class=\"sya_tags\">(Iron Scout)<\/span> <span class=\"sya_author\">(par Guy)<\/span><\/div><\/li><li class=\"\"><div class=\"sya_postcontent\"><span class=\"sya_date\">19. avril  |  <\/span><a href=\"https:\/\/lgspeiteng.lu\/fr_FR\/3643\" class=\"post-3643\" rel=\"bookmark\">Programm vun der Guilde Mee &#8211; Juni 2015<\/a> <span class=\"sya_categories\">(Guilde)<\/span> <span class=\"sya_tags\">(Bilschdr\u00ebff, Comit\u00e9, Keelen, Kiermes)<\/span> <span class=\"sya_author\">(par Guy)<\/span><\/div><\/li><li class=\"\"><div class=\"sya_postcontent\"><span class=\"sya_date\">30. mars  |  <\/span><a href=\"https:\/\/lgspeiteng.lu\/fr_FR\/3636\" class=\"post-3636\" rel=\"bookmark\">Iron Scout 2015 Update<\/a> <span class=\"sya_categories\">(CaraPio)<\/span> <span class=\"sya_tags\">(Iron Scout)<\/span> <span class=\"sya_author\">(par Gilles)<\/span><\/div><\/li><li class=\"\"><div class=\"sya_postcontent\"><span class=\"sya_date\">17. mars  |  <\/span><a href=\"https:\/\/lgspeiteng.lu\/fr_FR\/3622\" class=\"post-3622\" rel=\"bookmark\">Scoutsziedel bis no der Ouschtervakanz<\/a> <span class=\"sya_categories\">(Scoutsziedel)<\/span> <span class=\"sya_tags\">(Fr\u00e9ijoersbotz, Iron Scout, MAD)<\/span> <span class=\"sya_author\">(par Guy)<\/span><\/div><\/li><li class=\"\"><div class=\"sya_postcontent\"><span class=\"sya_date\">01. mars  |  <\/span><a href=\"https:\/\/lgspeiteng.lu\/fr_FR\/3604\" class=\"post-3604\" rel=\"bookmark\">Scoutsziedel bis de 14.M\u00e4rz<\/a> <span class=\"sya_categories\">(Scoutsziedel)<\/span> <span class=\"sya_author\">(par Guy)<\/span><\/div><\/li><li class=\"\"><div class=\"sya_postcontent\"><span class=\"sya_date\">24. f\u00e9vrier  |  <\/span><a href=\"https:\/\/lgspeiteng.lu\/fr_FR\/3599\" class=\"post-3599\" rel=\"bookmark\">Fotoe vum Buergbrennen 2015<\/a> <span class=\"sya_categories\">(Fotoen)<\/span> <span class=\"sya_tags\">(Buergbrennen)<\/span> <span class=\"sya_author\">(par Gilles)<\/span><\/div><\/li><li class=\"\"><div class=\"sya_postcontent\"><span class=\"sya_date\">17. f\u00e9vrier  |  <\/span><a href=\"https:\/\/lgspeiteng.lu\/fr_FR\/3555\" class=\"post-3555\" rel=\"bookmark\">Informatiounsblad vum M\u00e4erz \u2013 Abr\u00ebll 2015<\/a> <span class=\"sya_categories\">(Guilde)<\/span> <span class=\"sya_author\">(par Scherer Georges)<\/span><\/div><\/li><li class=\"\"><div class=\"sya_postcontent\"><span class=\"sya_date\">08. f\u00e9vrier  |  <\/span><a href=\"https:\/\/lgspeiteng.lu\/fr_FR\/3540\" class=\"post-3540\" rel=\"bookmark\">Scoutsziedel bis den 28. Februar<\/a> <span class=\"sya_categories\">(Scoutsziedel)<\/span> <span class=\"sya_tags\">(Buergbrennen)<\/span> <span class=\"sya_author\">(par Guy)<\/span><\/div><\/li><li class=\"\"><div class=\"sya_postcontent\"><span class=\"sya_date\">22. janvier  |  <\/span><a href=\"https:\/\/lgspeiteng.lu\/fr_FR\/3508\" class=\"post-3508\" rel=\"bookmark\">Suppl\u00e9ment zum leschten Ziedel<\/a> <span class=\"sya_categories\">(Scoutsziedel)<\/span> <span class=\"sya_author\">(par Fredi)<\/span><\/div><\/li><li class=\"\"><div class=\"sya_postcontent\"><span class=\"sya_date\">20. janvier  |  <\/span><a href=\"https:\/\/lgspeiteng.lu\/fr_FR\/3505\" class=\"post-3505\" rel=\"bookmark\">Scoutsziedel bis de 7.Februar<\/a> <span class=\"sya_categories\">(Scoutsziedel)<\/span> <span class=\"sya_tags\">(Theater)<\/span> <span class=\"sya_author\">(par Guy)<\/span><\/div><\/li><li class=\"\"><div class=\"sya_postcontent\"><span class=\"sya_date\">14. janvier  |  <\/span><a href=\"https:\/\/lgspeiteng.lu\/fr_FR\/3497\" class=\"post-3497\" rel=\"bookmark\">Theater 2015: Dem Casanova s\u00e4i Comeback<\/a> <span class=\"sya_categories\">(Neiegkeeten)<\/span> <span class=\"sya_tags\">(Theater)<\/span> <span class=\"sya_author\">(par Gilles)<\/span><\/div><\/li><li class=\"\"><div class=\"sya_postcontent\"><span class=\"sya_date\">04. janvier  |  <\/span><a href=\"https:\/\/lgspeiteng.lu\/fr_FR\/3487\" class=\"post-3487\" rel=\"bookmark\">Infoblaat bis de 17. Januar + Theaterprouwen<\/a> <span class=\"sya_categories\">(Scoutsziedel)<\/span> <span class=\"sya_tags\">(Theater, Wanterhike)<\/span> <span class=\"sya_author\">(par Guy)<\/span><\/div><\/li><li class=\"\"><div class=\"sya_postcontent\"><span class=\"sya_date\">04. janvier  |  <\/span><a href=\"https:\/\/lgspeiteng.lu\/fr_FR\/3482\" class=\"post-3482\" rel=\"bookmark\">Programm vun der Guilde Januar bis Februar<\/a> <span class=\"sya_categories\">(Guilde)<\/span> <span class=\"sya_author\">(par Guy)<\/span><\/div><\/li><li class=\"\"><div class=\"sya_postcontent\"><span class=\"sya_date\">03. janvier  |  <\/span><a href=\"https:\/\/lgspeiteng.lu\/fr_FR\/3474\" class=\"post-3474\" rel=\"bookmark\">Prouweplang fir den Theater 2015<\/a> <span class=\"sya_categories\">(Scoutsziedel)<\/span> <span class=\"sya_tags\">(Theater)<\/span> <span class=\"sya_author\">(par Veggilles)<\/span><\/div><\/li><li class=\"\"><div class=\"sya_postcontent\"><span class=\"sya_date\">02. janvier  |  <\/span><a href=\"https:\/\/lgspeiteng.lu\/fr_FR\/3471\" class=\"post-3471\" rel=\"bookmark\">Informatiounsblad vun der Guilde<\/a> <span class=\"sya_categories\">(Guilde)<\/span> <span class=\"sya_author\">(par Scherer Georges)<\/span><\/div><\/li><\/ul><h2><a id=\"year2014\"><\/a><a href=\"#\" onclick=\"this.parentNode.nextSibling.style.display=(this.parentNode.nextSibling.style.display!='none'?'none':'');return false;\">2014<\/a> <span class=\"sya_yearcount\">(62)<\/span><\/h2><ul style=\"display:none;\"><li class=\"\"><div class=\"sya_postcontent\"><span class=\"sya_date\">09. d\u00e9cembre  |  <\/span><a href=\"https:\/\/lgspeiteng.lu\/fr_FR\/3459\" class=\"post-3459\" rel=\"bookmark\">Paintball Raro 27.12.2014<\/a> <span class=\"sya_categories\">(Neiegkeeten, RaRo, Scoutsziedel)<\/span> <span class=\"sya_author\">(par Kimski)<\/span><\/div><\/li><li class=\"\"><div class=\"sya_postcontent\"><span class=\"sya_date\">06. d\u00e9cembre  |  <\/span><a href=\"https:\/\/lgspeiteng.lu\/fr_FR\/3457\" class=\"post-3457\" rel=\"bookmark\">L\u00e4schten Ziedel fir d&rsquo;Joer 2014<\/a> <span class=\"sya_categories\">(Scoutsziedel)<\/span> <span class=\"sya_author\">(par Guy)<\/span><\/div><\/li><li class=\"\"><div class=\"sya_postcontent\"><span class=\"sya_date\">16. novembre  |  <\/span><a href=\"https:\/\/lgspeiteng.lu\/fr_FR\/3446\" class=\"post-3446\" rel=\"bookmark\">Scoutsziedel bis de 6.Dezember<\/a> <span class=\"sya_categories\">(Scoutsziedel)<\/span> <span class=\"sya_author\">(par Guy)<\/span><\/div><\/li><li class=\"\"><div class=\"sya_postcontent\"><span class=\"sya_date\">14. novembre  |  <\/span><a href=\"https:\/\/lgspeiteng.lu\/fr_FR\/3433\" class=\"post-3433\" rel=\"bookmark\">Fotoen: Mont\u00e9e 2014 zu Dikrech<\/a> <span class=\"sya_categories\">(Fotoen)<\/span> <span class=\"sya_tags\">(Dikrech, Montee)<\/span> <span class=\"sya_author\">(par Gilles)<\/span><\/div><\/li><li class=\"\"><div class=\"sya_postcontent\"><span class=\"sya_date\">02. novembre  |  <\/span><a href=\"https:\/\/lgspeiteng.lu\/fr_FR\/3370\" class=\"post-3370\" rel=\"bookmark\">Scoutsziedel bis de 15.November 2014<\/a> <span class=\"sya_categories\">(Scoutsziedel)<\/span> <span class=\"sya_author\">(par Guy)<\/span><\/div><\/li><li class=\"\"><div class=\"sya_postcontent\"><span class=\"sya_date\">21. octobre  |  <\/span><a href=\"https:\/\/lgspeiteng.lu\/fr_FR\/3366\" class=\"post-3366\" rel=\"bookmark\">Faarfpudder selwer maachen<\/a> <span class=\"sya_categories\">(CaraPio)<\/span> <span class=\"sya_tags\">(Faarf)<\/span> <span class=\"sya_author\">(par Gilles)<\/span><\/div><\/li><li class=\"\"><div class=\"sya_postcontent\"><span class=\"sya_date\">18. octobre  |  <\/span><a href=\"https:\/\/lgspeiteng.lu\/fr_FR\/3361\" class=\"post-3361\" rel=\"bookmark\">Fotoe vum \u00ab\u00a0Scout fir een Dag\u00a0\u00bb 2014<\/a> <span class=\"sya_categories\">(Fotoen)<\/span> <span class=\"sya_tags\">(Scout fir een Dag)<\/span> <span class=\"sya_author\">(par Gilles)<\/span><\/div><\/li><li class=\"\"><div class=\"sya_postcontent\"><span class=\"sya_date\">12. octobre  |  <\/span><a href=\"https:\/\/lgspeiteng.lu\/fr_FR\/3314\" class=\"post-3314\" rel=\"bookmark\">Scoutsziedel  bis den 1.November 2014<\/a> <span class=\"sya_categories\">(Scoutsziedel)<\/span> <span class=\"sya_author\">(par Guy)<\/span><\/div><\/li><li class=\"\"><div class=\"sya_postcontent\"><span class=\"sya_date\">11. octobre  |  <\/span><a href=\"https:\/\/lgspeiteng.lu\/fr_FR\/3311\" class=\"post-3311\" rel=\"bookmark\">Journ\u00e9e de la comm\u00e9moration<\/a> <span class=\"sya_categories\">(Scoutsziedel)<\/span> <span class=\"sya_tags\">(Lamadelaine)<\/span> <span class=\"sya_author\">(par Administrator)<\/span><\/div><\/li><li class=\"\"><div class=\"sya_postcontent\"><span class=\"sya_date\">11. octobre  |  <\/span><a href=\"https:\/\/lgspeiteng.lu\/fr_FR\/3309\" class=\"post-3309\" rel=\"bookmark\">E Sonndeg den 12. Oktoker ass d\u2019Journ\u00e9e de la Comm\u00e9moration<\/a> <span class=\"sya_categories\">(Scoutsziedel)<\/span> <span class=\"sya_author\">(par Guy)<\/span><\/div><\/li><li class=\"\"><div class=\"sya_postcontent\"><span class=\"sya_date\">11. octobre  |  <\/span><a href=\"https:\/\/lgspeiteng.lu\/fr_FR\/3307\" class=\"post-3307\" rel=\"bookmark\">Stockbrout a Steng<\/a> <span class=\"sya_categories\">(CaraPio, Logbuch)<\/span> <span class=\"sya_tags\">(Stockbrout)<\/span> <span class=\"sya_author\">(par Administrator)<\/span><\/div><\/li><li class=\"\"><div class=\"sya_postcontent\"><span class=\"sya_date\">09. octobre  |  <\/span><a href=\"https:\/\/lgspeiteng.lu\/fr_FR\/3302\" class=\"post-3302\" rel=\"bookmark\">Lescht infoen lancement<\/a> <span class=\"sya_categories\">(RaRo)<\/span> <span class=\"sya_author\">(par Kimski)<\/span><\/div><\/li><li class=\"\"><div class=\"sya_postcontent\"><span class=\"sya_date\">05. octobre  |  <\/span><a href=\"https:\/\/lgspeiteng.lu\/fr_FR\/3297\" class=\"post-3297\" rel=\"bookmark\">You&rsquo;re Up 2015<\/a> <span class=\"sya_categories\">(CaraPio)<\/span> <span class=\"sya_tags\">(camp, Frankr\u00e4ich, Strasbourg)<\/span> <span class=\"sya_author\">(par Gilles)<\/span><\/div><\/li><li class=\"\"><div class=\"sya_postcontent\"><span class=\"sya_date\">02. octobre  |  <\/span><a href=\"https:\/\/lgspeiteng.lu\/fr_FR\/3185\" class=\"post-3185\" rel=\"bookmark\">Avex Camp \u00ab\u00a0Sabanqar\u00a0\u00bb 2014<\/a> <span class=\"sya_categories\">(AvEx, Fotoen)<\/span> <span class=\"sya_tags\">(AvEx, camp)<\/span> <span class=\"sya_author\">(par Fredi)<\/span><\/div><\/li><li class=\"\"><div class=\"sya_postcontent\"><span class=\"sya_date\">30. septembre  |  <\/span><a href=\"https:\/\/lgspeiteng.lu\/fr_FR\/3290\" class=\"post-3290\" rel=\"bookmark\">Scoutsziedel bis den 11.Oktober<\/a> <span class=\"sya_categories\">(Scoutsziedel)<\/span> <span class=\"sya_tags\">(Biekerech, Foulard, Guildendag, Keelen, Uucht)<\/span> <span class=\"sya_author\">(par Guy)<\/span><\/div><\/li><li class=\"\"><div class=\"sya_postcontent\"><span class=\"sya_date\">28. septembre  |  <\/span><a href=\"https:\/\/lgspeiteng.lu\/fr_FR\/3287\" class=\"post-3287\" rel=\"bookmark\">Lancement Weekend<\/a> <span class=\"sya_categories\">(RaRo)<\/span> <span class=\"sya_author\">(par Kimski)<\/span><\/div><\/li><li class=\"\"><div class=\"sya_postcontent\"><span class=\"sya_date\">11. septembre  |  <\/span><a href=\"https:\/\/lgspeiteng.lu\/fr_FR\/3079\" class=\"post-3079\" rel=\"bookmark\">Feier 70 Joer Liberatioun<\/a> <span class=\"sya_categories\">(Neiegkeeten)<\/span> <span class=\"sya_tags\">(2. Weltkrich, Befreiung, Cort\u00e8ge, Fester, Grand-Duc, Interview)<\/span> <span class=\"sya_author\">(par Gilles)<\/span><\/div><\/li><li class=\"\"><div class=\"sya_postcontent\"><span class=\"sya_date\">02. septembre  |  <\/span><a href=\"https:\/\/lgspeiteng.lu\/fr_FR\/3066\" class=\"post-3066\" rel=\"bookmark\">Scout fir een Dag 2014<\/a> <span class=\"sya_categories\">(Neiegkeeten)<\/span> <span class=\"sya_tags\">(Scout fir een Dag)<\/span> <span class=\"sya_author\">(par Gilles)<\/span><\/div><\/li><li class=\"\"><div class=\"sya_postcontent\"><span class=\"sya_date\">31. ao\u00fbt  |  <\/span><a href=\"https:\/\/lgspeiteng.lu\/fr_FR\/3063\" class=\"post-3063\" rel=\"bookmark\">2015: D&rsquo;Joer ouni Nutella?<\/a> <span class=\"sya_categories\">(Neiegkeeten)<\/span> <span class=\"sya_tags\">(Montee, Nutella, Schokola)<\/span> <span class=\"sya_author\">(par Gilles)<\/span><\/div><\/li><li class=\"\"><div class=\"sya_postcontent\"><span class=\"sya_date\">18. ao\u00fbt  |  <\/span><a href=\"https:\/\/lgspeiteng.lu\/fr_FR\/3061\" class=\"post-3061\" rel=\"bookmark\">Informatiounsblad vun der Guilde September 2014<\/a> <span class=\"sya_categories\">(Guilde)<\/span> <span class=\"sya_author\">(par Scherer Georges)<\/span><\/div><\/li><li class=\"\"><div class=\"sya_postcontent\"><span class=\"sya_date\">14. ao\u00fbt  |  <\/span><a href=\"https:\/\/lgspeiteng.lu\/fr_FR\/3056\" class=\"post-3056\" rel=\"bookmark\">L\u00e4schten Infobreif RaRo Camp<\/a> <span class=\"sya_categories\">(RaRo, Scoutsziedel)<\/span> <span class=\"sya_author\">(par Kimski)<\/span><\/div><\/li><li class=\"\"><div class=\"sya_postcontent\"><span class=\"sya_date\">11. ao\u00fbt  |  <\/span><a href=\"https:\/\/lgspeiteng.lu\/fr_FR\/3049\" class=\"post-3049\" rel=\"bookmark\">Scoutsziedel August a September 2014<\/a> <span class=\"sya_categories\">(Scoutsziedel)<\/span> <span class=\"sya_author\">(par Guy)<\/span><\/div><\/li><li class=\"\"><div class=\"sya_postcontent\"><span class=\"sya_date\">03. ao\u00fbt  |  <\/span><a href=\"https:\/\/lgspeiteng.lu\/fr_FR\/3041\" class=\"post-3041\" rel=\"bookmark\">Info RaRo Segelcamp Nr.2<\/a> <span class=\"sya_categories\">(RaRo, Scoutsziedel)<\/span> <span class=\"sya_author\">(par Kimski)<\/span><\/div><\/li><li class=\"\"><div class=\"sya_postcontent\"><span class=\"sya_date\">09. juillet  |  <\/span><a href=\"https:\/\/lgspeiteng.lu\/fr_FR\/3023\" class=\"post-3023\" rel=\"bookmark\">AvEx Camp Info-Ziedel<\/a> <span class=\"sya_categories\">(AvEx, Scoutsziedel)<\/span> <span class=\"sya_tags\">(2014, AvEx, camp, Leideleng)<\/span> <span class=\"sya_author\">(par Fredi)<\/span><\/div><\/li><li class=\"\"><div class=\"sya_postcontent\"><span class=\"sya_date\">29. juin  |  <\/span><a href=\"https:\/\/lgspeiteng.lu\/fr_FR\/3010\" class=\"post-3010\" rel=\"bookmark\">L\u00e4schte Ziedel fir dest Scoutsjoer<\/a> <span class=\"sya_categories\">(Scoutsziedel)<\/span> <span class=\"sya_tags\">(Betebuerg, camp, Film, Graffiti, Kayak, Kuelbecherhaff, Leideleng, Origami, Pflegeheem, R\u00e9iser, Rodange, Schoulfest, Suessem, Wisefest)<\/span> <span class=\"sya_author\">(par Guy)<\/span><\/div><\/li><li class=\"\"><div class=\"sya_postcontent\"><span class=\"sya_date\">23. juin  |  <\/span><a href=\"https:\/\/lgspeiteng.lu\/fr_FR\/2991\" class=\"post-2991\" rel=\"bookmark\">CaraPio Update<\/a> <span class=\"sya_categories\">(CaraPio, Scoutsziedel)<\/span> <span class=\"sya_tags\">(Iechternach, Origami)<\/span> <span class=\"sya_author\">(par Gilles)<\/span><\/div><\/li><li class=\"\"><div class=\"sya_postcontent\"><span class=\"sya_date\">15. juin  |  <\/span><a href=\"https:\/\/lgspeiteng.lu\/fr_FR\/2981\" class=\"post-2981\" rel=\"bookmark\">Scoutsziedel bis den 28. Juni<\/a> <span class=\"sya_categories\">(Scoutsziedel)<\/span> <span class=\"sya_tags\">(Betebuerg, Diddeleng, Iechternach, K\u00ebntzeg, Kierchbierg, Kloteren, Nationalfeierdag, R\u00e9iser, Rodange)<\/span> <span class=\"sya_author\">(par Guy)<\/span><\/div><\/li><li class=\"\"><div class=\"sya_postcontent\"><span class=\"sya_date\">12. juin  |  <\/span><a href=\"https:\/\/lgspeiteng.lu\/fr_FR\/2974\" class=\"post-2974\" rel=\"bookmark\">Informatiounsblad vun der Guilde Juni 2014<\/a> <span class=\"sya_categories\">(Guilde)<\/span> <span class=\"sya_tags\">(Betebuerg, Kuelbecherhaff, Zelt-Tik)<\/span> <span class=\"sya_author\">(par Scherer Georges)<\/span><\/div><\/li><li class=\"\"><div class=\"sya_postcontent\"><span class=\"sya_date\">19. mai  |  <\/span><a href=\"https:\/\/lgspeiteng.lu\/fr_FR\/2910\" class=\"post-2910\" rel=\"bookmark\">Scoutsziedel bis de 14. Juni<\/a> <span class=\"sya_categories\">(Scoutsziedel)<\/span> <span class=\"sya_tags\">(Bealtaine, Bilschdr\u00ebff, D\u00e9ifferdeng, Duelem, Keelen, Kiermes)<\/span> <span class=\"sya_author\">(par Guy)<\/span><\/div><\/li><li class=\"\"><div class=\"sya_postcontent\"><span class=\"sya_date\">05. mai  |  <\/span><a href=\"https:\/\/lgspeiteng.lu\/fr_FR\/2840\" class=\"post-2840\" rel=\"bookmark\">Scoutsziedel bis de 17.05.2014<\/a> <span class=\"sya_categories\">(Scoutsziedel)<\/span> <span class=\"sya_tags\">(Clierf, Dalheim, Experiment, Iron Scout, Sennengerbierg, W\u00ebllefchersrally)<\/span> <span class=\"sya_author\">(par Guy)<\/span><\/div><\/li><li class=\"\"><div class=\"sya_postcontent\"><span class=\"sya_date\">01. mai  |  <\/span><a href=\"https:\/\/lgspeiteng.lu\/fr_FR\/2826\" class=\"post-2826\" rel=\"bookmark\">Informatiounsblad vun der Guilde vum Mee 2014<\/a> <span class=\"sya_categories\">(Guilde)<\/span> <span class=\"sya_author\">(par Scherer Georges)<\/span><\/div><\/li><li class=\"\"><div class=\"sya_postcontent\"><span class=\"sya_date\">01. mai  |  <\/span><a href=\"https:\/\/lgspeiteng.lu\/fr_FR\/2819\" class=\"post-2819\" rel=\"bookmark\">Eng besser Aaxt<\/a> <span class=\"sya_categories\">(Onkategor\u00e9iert)<\/span> <span class=\"sya_tags\">(Aaxt)<\/span> <span class=\"sya_author\">(par Gilles)<\/span><\/div><\/li><li class=\"\"><div class=\"sya_postcontent\"><span class=\"sya_date\">28. avril  |  <\/span><a href=\"https:\/\/lgspeiteng.lu\/fr_FR\/914\" class=\"post-914\" rel=\"bookmark\">AvEx Hike 2010<\/a> <span class=\"sya_categories\">(AvEx, Fotoen)<\/span> <span class=\"sya_tags\">(Hike, Holzheim)<\/span> <span class=\"sya_author\">(par Veggilles)<\/span><\/div><\/li><li class=\"\"><div class=\"sya_postcontent\"><span class=\"sya_date\">23. avril  |  <\/span><a href=\"https:\/\/lgspeiteng.lu\/fr_FR\/2790\" class=\"post-2790\" rel=\"bookmark\">Fiche m\u00e9dicale fir den AvEx W.E<\/a> <span class=\"sya_categories\">(Scoutsziedel)<\/span> <span class=\"sya_author\">(par Guy)<\/span><\/div><\/li><li class=\"\"><div class=\"sya_postcontent\"><span class=\"sya_date\">23. avril  |  <\/span><a href=\"https:\/\/lgspeiteng.lu\/fr_FR\/2788\" class=\"post-2788\" rel=\"bookmark\">Scoutsziedel vum 26.04 bis den 3.05. 2014<\/a> <span class=\"sya_categories\">(Scoutsziedel)<\/span> <span class=\"sya_tags\">(Iron Scout, Keelen, Neihaischen, Route, Weekend)<\/span> <span class=\"sya_author\">(par Guy)<\/span><\/div><\/li><li class=\"\"><div class=\"sya_postcontent\"><span class=\"sya_date\">22. avril  |  <\/span><a href=\"https:\/\/lgspeiteng.lu\/fr_FR\/912\" class=\"post-912\" rel=\"bookmark\">AvEx Wikingerfest 2010<\/a> <span class=\"sya_categories\">(AvEx, Fotoen)<\/span> <span class=\"sya_tags\">(AvEx, Wikinger)<\/span> <span class=\"sya_author\">(par Veggilles)<\/span><\/div><\/li><li class=\"\"><div class=\"sya_postcontent\"><span class=\"sya_date\">21. avril  |  <\/span><a href=\"https:\/\/lgspeiteng.lu\/fr_FR\/2748\" class=\"post-2748\" rel=\"bookmark\">Funky Donkey Festival!<\/a> <span class=\"sya_categories\">(Neiegkeeten, RaRo)<\/span> <span class=\"sya_tags\">(Clierf, Concert, Festival)<\/span> <span class=\"sya_author\">(par Veggilles)<\/span><\/div><\/li><li class=\"\"><div class=\"sya_postcontent\"><span class=\"sya_date\">17. avril  |  <\/span><a href=\"https:\/\/lgspeiteng.lu\/fr_FR\/2739\" class=\"post-2739\" rel=\"bookmark\">RaRo Camp<\/a> <span class=\"sya_categories\">(RaRo)<\/span> <span class=\"sya_tags\">(Berlin, England, Falmouth, Kopenhagen, Polen, Segelen)<\/span> <span class=\"sya_author\">(par Veggilles)<\/span><\/div><\/li><li class=\"\"><div class=\"sya_postcontent\"><span class=\"sya_date\">11. avril  |  <\/span><a href=\"https:\/\/lgspeiteng.lu\/fr_FR\/2726\" class=\"post-2726\" rel=\"bookmark\">Kleng Monster<\/a> <span class=\"sya_categories\">(Fotoen, W\u00ebllefcher)<\/span> <span class=\"sya_author\">(par Alex)<\/span><\/div><\/li><li class=\"\"><div class=\"sya_postcontent\"><span class=\"sya_date\">30. mars  |  <\/span><a href=\"https:\/\/lgspeiteng.lu\/fr_FR\/2677\" class=\"post-2677\" rel=\"bookmark\">JoCaPi 2014 Liveblog<\/a> <span class=\"sya_categories\">(CaraPio, Fotoen)<\/span> <span class=\"sya_author\">(par Administrator)<\/span><\/div><\/li><li class=\"\"><div class=\"sya_postcontent\"><span class=\"sya_date\">24. mars  |  <\/span><a href=\"https:\/\/lgspeiteng.lu\/fr_FR\/2658\" class=\"post-2658\" rel=\"bookmark\">Scoutsziedel<\/a> <span class=\"sya_categories\">(Scoutsziedel)<\/span> <span class=\"sya_author\">(par Guy)<\/span><\/div><\/li><li class=\"\"><div class=\"sya_postcontent\"><span class=\"sya_date\">19. mars  |  <\/span><a href=\"https:\/\/lgspeiteng.lu\/fr_FR\/2638\" class=\"post-2638\" rel=\"bookmark\">RaRo Weekend<\/a> <span class=\"sya_categories\">(RaRo, Scoutsziedel)<\/span> <span class=\"sya_author\">(par Kimski)<\/span><\/div><\/li><li class=\"\"><div class=\"sya_postcontent\"><span class=\"sya_date\">15. mars  |  <\/span><a href=\"https:\/\/lgspeiteng.lu\/fr_FR\/2618\" class=\"post-2618\" rel=\"bookmark\">Ween naischt schafft, deen naischt brecht.<\/a> <span class=\"sya_categories\">(Scoutsziedel, W\u00ebllefcher)<\/span> <span class=\"sya_author\">(par Alex)<\/span><\/div><\/li><li class=\"\"><div class=\"sya_postcontent\"><span class=\"sya_date\">15. mars  |  <\/span><a href=\"https:\/\/lgspeiteng.lu\/fr_FR\/2393\" class=\"post-2393\" rel=\"bookmark\">No news are good news &#8211; oder sou \u00e4hnlech<\/a> <span class=\"sya_categories\">(W\u00ebllefcher)<\/span> <span class=\"sya_author\">(par Alex)<\/span><\/div><\/li><li class=\"\"><div class=\"sya_postcontent\"><span class=\"sya_date\">12. mars  |  <\/span><a href=\"https:\/\/lgspeiteng.lu\/fr_FR\/2605\" class=\"post-2605\" rel=\"bookmark\">Fotoe vum Buergbrennen 2014<\/a> <span class=\"sya_categories\">(Fotoen)<\/span> <span class=\"sya_tags\">(Buergbrennen)<\/span> <span class=\"sya_author\">(par Gilles)<\/span><\/div><\/li><li class=\"\"><div class=\"sya_postcontent\"><span class=\"sya_date\">10. mars  |  <\/span><a href=\"https:\/\/lgspeiteng.lu\/fr_FR\/2556\" class=\"post-2556\" rel=\"bookmark\">Scoutsziedel bis den 22.M\u00e4rz<\/a> <span class=\"sya_categories\">(Scoutsziedel)<\/span> <span class=\"sya_tags\">(Fr\u00e9ijoersbotz, Keelen, Lamadelaine, Schuller)<\/span> <span class=\"sya_author\">(par Guy)<\/span><\/div><\/li><li class=\"\"><div class=\"sya_postcontent\"><span class=\"sya_date\">04. mars  |  <\/span><a href=\"https:\/\/lgspeiteng.lu\/fr_FR\/2515\" class=\"post-2515\" rel=\"bookmark\">CaraPio Camp Umeldung<\/a> <span class=\"sya_categories\">(CaraPio)<\/span> <span class=\"sya_tags\">(Together)<\/span> <span class=\"sya_author\">(par Gilles)<\/span><\/div><\/li><li class=\"\"><div class=\"sya_postcontent\"><span class=\"sya_date\">02. mars  |  <\/span><a href=\"https:\/\/lgspeiteng.lu\/fr_FR\/2492\" class=\"post-2492\" rel=\"bookmark\">Informatiounsblad vun der Guilde vum M\u00e4erz 2014<\/a> <span class=\"sya_categories\">(Guilde, Neiegkeeten)<\/span> <span class=\"sya_tags\">(Buergbrennen, Generalversammlung, Keelen, Pabeiersammlung, Schuller, Uewerkuer)<\/span> <span class=\"sya_author\">(par Scherer Georges)<\/span><\/div><\/li><li class=\"\"><div class=\"sya_postcontent\"><span class=\"sya_date\">01. mars  |  <\/span><a href=\"https:\/\/lgspeiteng.lu\/fr_FR\/2488\" class=\"post-2488\" rel=\"bookmark\">Beschfest<\/a> <span class=\"sya_categories\">(Fotoen)<\/span> <span class=\"sya_tags\">(Pabeiersammlung)<\/span> <span class=\"sya_author\">(par Administrator)<\/span><\/div><\/li><li class=\"\"><div class=\"sya_postcontent\"><span class=\"sya_date\">25. f\u00e9vrier  |  <\/span><a href=\"https:\/\/lgspeiteng.lu\/fr_FR\/2465\" class=\"post-2465\" rel=\"bookmark\">Brochure fir 200 Joer Par P\u00e9iteng<\/a> <span class=\"sya_categories\">(Neiegkeeten)<\/span> <span class=\"sya_tags\">(Brochure)<\/span> <span class=\"sya_author\">(par Gilles)<\/span><\/div><\/li><li class=\"\"><div class=\"sya_postcontent\"><span class=\"sya_date\">23. f\u00e9vrier  |  <\/span><a href=\"https:\/\/lgspeiteng.lu\/fr_FR\/2429\" class=\"post-2429\" rel=\"bookmark\">Scoutsziedel bis den 8.M\u00e4rz 2014<\/a> <span class=\"sya_categories\">(Scoutsziedel)<\/span> <span class=\"sya_author\">(par Guy)<\/span><\/div><\/li><li class=\"\"><div class=\"sya_postcontent\"><span class=\"sya_date\">14. f\u00e9vrier  |  <\/span><a href=\"https:\/\/lgspeiteng.lu\/fr_FR\/2427\" class=\"post-2427\" rel=\"bookmark\">F\u00e4schenaktioun<\/a> <span class=\"sya_categories\">(Scoutsziedel)<\/span> <span class=\"sya_author\">(par Guy)<\/span><\/div><\/li><li class=\"\"><div class=\"sya_postcontent\"><span class=\"sya_date\">29. janvier  |  <\/span><a href=\"https:\/\/lgspeiteng.lu\/fr_FR\/2414\" class=\"post-2414\" rel=\"bookmark\">Rectificatif<\/a> <span class=\"sya_categories\">(Guilde, Neiegkeeten)<\/span> <span class=\"sya_author\">(par Scherer Georges)<\/span><\/div><\/li><li class=\"\"><div class=\"sya_postcontent\"><span class=\"sya_date\">24. janvier  |  <\/span><a href=\"https:\/\/lgspeiteng.lu\/fr_FR\/2061\" class=\"post-2061\" rel=\"bookmark\">Fotoe vum AvEx Mini-Intervilles 2013<\/a> <span class=\"sya_categories\">(AvEx, Fotoen)<\/span> <span class=\"sya_tags\">(Mini-Intervilles)<\/span> <span class=\"sya_author\">(par Gilles)<\/span><\/div><\/li><li class=\"\"><div class=\"sya_postcontent\"><span class=\"sya_date\">20. janvier  |  <\/span><a href=\"https:\/\/lgspeiteng.lu\/fr_FR\/2268\" class=\"post-2268\" rel=\"bookmark\">Scoutsziedel bis den 22. Februar<\/a> <span class=\"sya_categories\">(Scoutsziedel)<\/span> <span class=\"sya_tags\">(Theater)<\/span> <span class=\"sya_author\">(par Guy)<\/span><\/div><\/li><li class=\"\"><div class=\"sya_postcontent\"><span class=\"sya_date\">17. janvier  |  <\/span><a href=\"https:\/\/lgspeiteng.lu\/fr_FR\/1916\" class=\"post-1916\" rel=\"bookmark\">Eng B\u00e9chs mat bloussen H\u00e4nn opmaachen<\/a> <span class=\"sya_categories\">(Scoutstricken)<\/span> <span class=\"sya_tags\">(B\u00e9chsen, Survival)<\/span> <span class=\"sya_author\">(par Gilles)<\/span><\/div><\/li><li class=\"\"><div class=\"sya_postcontent\"><span class=\"sya_date\">11. janvier  |  <\/span><a href=\"https:\/\/lgspeiteng.lu\/fr_FR\/1943\" class=\"post-1943\" rel=\"bookmark\">Keng Fotoen (Update: geet nees!)<\/a> <span class=\"sya_categories\">(Sitenews)<\/span> <span class=\"sya_author\">(par Gilles)<\/span><\/div><\/li><li class=\"\"><div class=\"sya_postcontent\"><span class=\"sya_date\">10. janvier  |  <\/span><a href=\"https:\/\/lgspeiteng.lu\/fr_FR\/1909\" class=\"post-1909\" rel=\"bookmark\">Eng B\u00e9chs ouni Geschir opmaachen<\/a> <span class=\"sya_categories\">(Scoutstricken)<\/span> <span class=\"sya_tags\">(Survival)<\/span> <span class=\"sya_author\">(par Gilles)<\/span><\/div><\/li><li class=\"\"><div class=\"sya_postcontent\"><span class=\"sya_date\">08. janvier  |  <\/span><a href=\"https:\/\/lgspeiteng.lu\/fr_FR\/1904\" class=\"post-1904\" rel=\"bookmark\">Theater 2014<\/a> <span class=\"sya_categories\">(Neiegkeeten)<\/span> <span class=\"sya_tags\">(Theater)<\/span> <span class=\"sya_author\">(par Gilles)<\/span><\/div><\/li><li class=\"\"><div class=\"sya_postcontent\"><span class=\"sya_date\">06. janvier  |  <\/span><a href=\"https:\/\/lgspeiteng.lu\/fr_FR\/1896\" class=\"post-1896\" rel=\"bookmark\">Scoutsziedel bis den 18. Januar<\/a> <span class=\"sya_categories\">(Scoutsziedel)<\/span> <span class=\"sya_author\">(par Guy)<\/span><\/div><\/li><li class=\"\"><div class=\"sya_postcontent\"><span class=\"sya_date\">02. janvier  |  <\/span><a href=\"https:\/\/lgspeiteng.lu\/fr_FR\/1879\" class=\"post-1879\" rel=\"bookmark\">Informatiounsblad vun der Guilde &#8211; Dez.2013<\/a> <span class=\"sya_categories\">(Guilde, Scoutsziedel)<\/span> <span class=\"sya_tags\">(Brochure, Keelen, Tombola, Tr\u00ebppeltuer, Uucht)<\/span> <span class=\"sya_author\">(par Scherer Georges)<\/span><\/div><\/li><li class=\"\"><div class=\"sya_postcontent\"><span class=\"sya_date\">01. janvier  |  <\/span><a href=\"https:\/\/lgspeiteng.lu\/fr_FR\/1873\" class=\"post-1873\" rel=\"bookmark\">Neie Look<\/a> <span class=\"sya_categories\">(Sitenews)<\/span> <span class=\"sya_author\">(par Gilles)<\/span><\/div><\/li><\/ul><h2><a id=\"year2013\"><\/a><a href=\"#\" onclick=\"this.parentNode.nextSibling.style.display=(this.parentNode.nextSibling.style.display!='none'?'none':'');return false;\">2013<\/a> <span class=\"sya_yearcount\">(39)<\/span><\/h2><ul style=\"display:none;\"><li class=\"\"><div class=\"sya_postcontent\"><span class=\"sya_date\">03. d\u00e9cembre  |  <\/span><a href=\"https:\/\/lgspeiteng.lu\/fr_FR\/1804\" class=\"post-1804\" rel=\"bookmark\">L\u00e4schte Scoutsziedel fir d&rsquo;Joer 2013<\/a> <span class=\"sya_categories\">(Scoutsziedel)<\/span> <span class=\"sya_author\">(par Guy)<\/span><\/div><\/li><li class=\"\"><div class=\"sya_postcontent\"><span class=\"sya_date\">05. novembre  |  <\/span><a href=\"https:\/\/lgspeiteng.lu\/fr_FR\/1797\" class=\"post-1797\" rel=\"bookmark\">Scoutsziedel vum 9.November bis den 1. Dezember<\/a> <span class=\"sya_categories\">(Scoutsziedel)<\/span> <span class=\"sya_author\">(par Guy)<\/span><\/div><\/li><li class=\"\"><div class=\"sya_postcontent\"><span class=\"sya_date\">05. novembre  |  <\/span><a href=\"https:\/\/lgspeiteng.lu\/fr_FR\/1793\" class=\"post-1793\" rel=\"bookmark\">Guilden Informatiounsblad vum November<\/a> <span class=\"sya_categories\">(Guilde, Scoutsziedel)<\/span> <span class=\"sya_author\">(par Scherer Georges)<\/span><\/div><\/li><li class=\"\"><div class=\"sya_postcontent\"><span class=\"sya_date\">15. octobre  |  <\/span><a href=\"https:\/\/lgspeiteng.lu\/fr_FR\/1788\" class=\"post-1788\" rel=\"bookmark\">Fiche M\u00e9dicale fir de Monteesweekend<\/a> <span class=\"sya_categories\">(Scoutsziedel)<\/span> <span class=\"sya_author\">(par Guy)<\/span><\/div><\/li><li class=\"\"><div class=\"sya_postcontent\"><span class=\"sya_date\">15. octobre  |  <\/span><a href=\"https:\/\/lgspeiteng.lu\/fr_FR\/1785\" class=\"post-1785\" rel=\"bookmark\">Scoutsziedel vum 19. Oktober bis den 3. November 2013<\/a> <span class=\"sya_categories\">(Scoutsziedel)<\/span> <span class=\"sya_author\">(par Guy)<\/span><\/div><\/li><li class=\"\"><div class=\"sya_postcontent\"><span class=\"sya_date\">04. octobre  |  <\/span><a href=\"https:\/\/lgspeiteng.lu\/fr_FR\/1782\" class=\"post-1782\" rel=\"bookmark\">Scout fir 1 Dag<\/a> <span class=\"sya_categories\">(Fotoen, Logbuch)<\/span> <span class=\"sya_tags\">(P\u00e9iteng, Scout fir een Dag)<\/span> <span class=\"sya_author\">(par Gilles)<\/span><\/div><\/li><li class=\"\"><div class=\"sya_postcontent\"><span class=\"sya_date\">01. octobre  |  <\/span><a href=\"https:\/\/lgspeiteng.lu\/fr_FR\/1778\" class=\"post-1778\" rel=\"bookmark\">Fotoen vum UK&rsquo;an<\/a> <span class=\"sya_categories\">(CaraPio, Fotoen)<\/span> <span class=\"sya_tags\">(camp, UKAN)<\/span> <span class=\"sya_author\">(par Gilles)<\/span><\/div><\/li><li class=\"\"><div class=\"sya_postcontent\"><span class=\"sya_date\">29. septembre  |  <\/span><a href=\"https:\/\/lgspeiteng.lu\/fr_FR\/1774\" class=\"post-1774\" rel=\"bookmark\">Scoutsziedel vum 5. an 12. Oktober 2013<\/a> <span class=\"sya_categories\">(Scoutsziedel)<\/span> <span class=\"sya_author\">(par Guy)<\/span><\/div><\/li><li class=\"\"><div class=\"sya_postcontent\"><span class=\"sya_date\">18. septembre  |  <\/span><a href=\"https:\/\/lgspeiteng.lu\/fr_FR\/1766\" class=\"post-1766\" rel=\"bookmark\">Informatiounsblatt vum September<\/a> <span class=\"sya_categories\">(Branchen, Guilde, Scoutsziedel)<\/span> <span class=\"sya_author\">(par Scherer Georges)<\/span><\/div><\/li><li class=\"\"><div class=\"sya_postcontent\"><span class=\"sya_date\">15. septembre  |  <\/span><a href=\"https:\/\/lgspeiteng.lu\/fr_FR\/1757\" class=\"post-1757\" rel=\"bookmark\">Infoblaat vum 21. bis 28.September 2013<\/a> <span class=\"sya_categories\">(Scoutsziedel)<\/span> <span class=\"sya_author\">(par Guy)<\/span><\/div><\/li><li class=\"\"><div class=\"sya_postcontent\"><span class=\"sya_date\">20. ao\u00fbt  |  <\/span><a href=\"https:\/\/lgspeiteng.lu\/fr_FR\/1752\" class=\"post-1752\" rel=\"bookmark\">Scoutsziedel<\/a> <span class=\"sya_categories\">(Scoutsziedel)<\/span> <span class=\"sya_author\">(par Guy)<\/span><\/div><\/li><li class=\"\"><div class=\"sya_postcontent\"><span class=\"sya_date\">01. ao\u00fbt  |  <\/span><a href=\"https:\/\/lgspeiteng.lu\/fr_FR\/1748\" class=\"post-1748\" rel=\"bookmark\">Programm vum AvEx Camp CENTVRIO 2012<\/a> <span class=\"sya_categories\">(AvEx)<\/span> <span class=\"sya_tags\">(camp, Kachen, Programm, R\u00e9imer)<\/span> <span class=\"sya_author\">(par Gilles)<\/span><\/div><\/li><li class=\"\"><div class=\"sya_postcontent\"><span class=\"sya_date\">14. juillet  |  <\/span><a href=\"https:\/\/lgspeiteng.lu\/fr_FR\/1743\" class=\"post-1743\" rel=\"bookmark\">CaraPio Horror Film<\/a> <span class=\"sya_categories\">(CaraPio, Logbuch, Video)<\/span> <span class=\"sya_tags\">(Film, Horror, Petzi, Pr\u00ebnzebierg)<\/span> <span class=\"sya_author\">(par Gilles)<\/span><\/div><\/li><li class=\"\"><div class=\"sya_postcontent\"><span class=\"sya_date\">13. juillet  |  <\/span><a href=\"https:\/\/lgspeiteng.lu\/fr_FR\/1736\" class=\"post-1736\" rel=\"bookmark\">UK&rsquo;AN Informatiounen<\/a> <span class=\"sya_categories\">(CaraPio)<\/span> <span class=\"sya_tags\">(camp, UKAN)<\/span> <span class=\"sya_author\">(par Gilles)<\/span><\/div><\/li><li class=\"\"><div class=\"sya_postcontent\"><span class=\"sya_date\">12. juillet  |  <\/span><a href=\"https:\/\/lgspeiteng.lu\/fr_FR\/1734\" class=\"post-1734\" rel=\"bookmark\">Informationsblad vun der Guilde vum Juli 2013<\/a> <span class=\"sya_categories\">(Guilde, Neiegkeeten)<\/span> <span class=\"sya_author\">(par Scherer Georges)<\/span><\/div><\/li><li class=\"\"><div class=\"sya_postcontent\"><span class=\"sya_date\">02. juillet  |  <\/span><a href=\"https:\/\/lgspeiteng.lu\/fr_FR\/1688\" class=\"post-1688\" rel=\"bookmark\">Infoblaat<\/a> <span class=\"sya_categories\">(Scoutsziedel)<\/span> <span class=\"sya_author\">(par Guy)<\/span><\/div><\/li><li class=\"\"><div class=\"sya_postcontent\"><span class=\"sya_date\">19. juin  |  <\/span><a href=\"https:\/\/lgspeiteng.lu\/fr_FR\/1686\" class=\"post-1686\" rel=\"bookmark\">Scoutziedel vum 22.-29. Juni 2013<\/a> <span class=\"sya_categories\">(Scoutsziedel)<\/span> <span class=\"sya_author\">(par Guy)<\/span><\/div><\/li><li class=\"\"><div class=\"sya_postcontent\"><span class=\"sya_date\">03. juin  |  <\/span><a href=\"https:\/\/lgspeiteng.lu\/fr_FR\/1677\" class=\"post-1677\" rel=\"bookmark\">Informatiounsblad vun der Guilde<\/a> <span class=\"sya_categories\">(Guilde, RaRo, Scoutsziedel)<\/span> <span class=\"sya_tags\">(Home, Keelen, Kiermes, Odyssey, Steesel, Tr\u00ebppeltuer, Walfer, Wolz)<\/span> <span class=\"sya_author\">(par Scherer Georges)<\/span><\/div><\/li><li class=\"\"><div class=\"sya_postcontent\"><span class=\"sya_date\">02. juin  |  <\/span><a href=\"https:\/\/lgspeiteng.lu\/fr_FR\/1675\" class=\"post-1675\" rel=\"bookmark\">Scoutsziedel fir den 8. a 15. Juni 2013<\/a> <span class=\"sya_categories\">(Scoutsziedel)<\/span> <span class=\"sya_author\">(par Guy)<\/span><\/div><\/li><li class=\"\"><div class=\"sya_postcontent\"><span class=\"sya_date\">11. mai  |  <\/span><a href=\"https:\/\/lgspeiteng.lu\/fr_FR\/1646\" class=\"post-1646\" rel=\"bookmark\">Plangen<\/a> <span class=\"sya_categories\">(CaraPio, Logbuch)<\/span> <span class=\"sya_tags\">(Film, UKAN)<\/span> <span class=\"sya_author\">(par Gilles)<\/span><\/div><\/li><li class=\"\"><div class=\"sya_postcontent\"><span class=\"sya_date\">07. mai  |  <\/span><a href=\"https:\/\/lgspeiteng.lu\/fr_FR\/1643\" class=\"post-1643\" rel=\"bookmark\">Fiche M\u00e9dicale fir d&rsquo;AvEx<\/a> <span class=\"sya_categories\">(Scoutsziedel)<\/span> <span class=\"sya_author\">(par Guy)<\/span><\/div><\/li><li class=\"\"><div class=\"sya_postcontent\"><span class=\"sya_date\">07. mai  |  <\/span><a href=\"https:\/\/lgspeiteng.lu\/fr_FR\/1640\" class=\"post-1640\" rel=\"bookmark\">Scoutsziedel<\/a> <span class=\"sya_categories\">(Scoutsziedel)<\/span> <span class=\"sya_author\">(par Guy)<\/span><\/div><\/li><li class=\"\"><div class=\"sya_postcontent\"><span class=\"sya_date\">01. mai  |  <\/span><a href=\"https:\/\/lgspeiteng.lu\/fr_FR\/1616\" class=\"post-1616\" rel=\"bookmark\">Eng Botterk\u00e4erz<\/a> <span class=\"sya_categories\">(Scoutstricken)<\/span> <span class=\"sya_tags\">(Botter, K\u00e4erz, Survival)<\/span> <span class=\"sya_author\">(par Gilles)<\/span><\/div><\/li><li class=\"\"><div class=\"sya_postcontent\"><span class=\"sya_date\">22. avril  |  <\/span><a href=\"https:\/\/lgspeiteng.lu\/fr_FR\/1632\" class=\"post-1632\" rel=\"bookmark\">Fiche m\u00e9dicale fir den Iron Scout<\/a> <span class=\"sya_categories\">(Scoutsziedel)<\/span> <span class=\"sya_author\">(par Guy)<\/span><\/div><\/li><li class=\"\"><div class=\"sya_postcontent\"><span class=\"sya_date\">22. avril  |  <\/span><a href=\"https:\/\/lgspeiteng.lu\/fr_FR\/1629\" class=\"post-1629\" rel=\"bookmark\">Scoutsziedel<\/a> <span class=\"sya_categories\">(Scoutsziedel)<\/span> <span class=\"sya_tags\">(Bilschdr\u00ebff, D\u00e9ifferdeng, Hondsb\u00ebsch, Iron Scout, Keelen, Kiermes, Nidderkuer, Zelt)<\/span> <span class=\"sya_author\">(par Guy)<\/span><\/div><\/li><li class=\"\"><div class=\"sya_postcontent\"><span class=\"sya_date\">19. avril  |  <\/span><a href=\"https:\/\/lgspeiteng.lu\/fr_FR\/1625\" class=\"post-1625\" rel=\"bookmark\">Escher D\u00eener Spectacle 2013<\/a> <span class=\"sya_categories\">(Neiegkeeten)<\/span> <span class=\"sya_author\">(par Gilles)<\/span><\/div><\/li><li class=\"\"><div class=\"sya_postcontent\"><span class=\"sya_date\">14. avril  |  <\/span><a href=\"https:\/\/lgspeiteng.lu\/fr_FR\/1613\" class=\"post-1613\" rel=\"bookmark\">JoCaPi 2013 Fotoen<\/a> <span class=\"sya_categories\">(CaraPio, Fotoen)<\/span> <span class=\"sya_tags\">(Jocapi)<\/span> <span class=\"sya_author\">(par Gilles)<\/span><\/div><\/li><li class=\"\"><div class=\"sya_postcontent\"><span class=\"sya_date\">14. avril  |  <\/span><a href=\"https:\/\/lgspeiteng.lu\/fr_FR\/1603\" class=\"post-1603\" rel=\"bookmark\">Programm vun der Guilde vum Mee 2013<\/a> <span class=\"sya_categories\">(Guilde)<\/span> <span class=\"sya_author\">(par Guy)<\/span><\/div><\/li><li class=\"\"><div class=\"sya_postcontent\"><span class=\"sya_date\">10. avril  |  <\/span><a href=\"https:\/\/lgspeiteng.lu\/fr_FR\/1597\" class=\"post-1597\" rel=\"bookmark\">Eng Shrecklesch Aff\u00e4r<\/a> <span class=\"sya_categories\">(CaraPio, Video)<\/span> <span class=\"sya_tags\">(Film, Theater)<\/span> <span class=\"sya_author\">(par Gilles)<\/span><\/div><\/li><li class=\"\"><div class=\"sya_postcontent\"><span class=\"sya_date\">09. avril  |  <\/span><a href=\"https:\/\/lgspeiteng.lu\/fr_FR\/1591\" class=\"post-1591\" rel=\"bookmark\">Informationsblad vum M\u00e4rz 2013<\/a> <span class=\"sya_categories\">(Guilde, Neiegkeeten, Scoutsziedel)<\/span> <span class=\"sya_author\">(par Scherer Georges)<\/span><\/div><\/li><li class=\"\"><div class=\"sya_postcontent\"><span class=\"sya_date\">07. avril  |  <\/span><a href=\"https:\/\/lgspeiteng.lu\/fr_FR\/1586\" class=\"post-1586\" rel=\"bookmark\">Fir d&rsquo;CaraPio<\/a> <span class=\"sya_categories\">(Scoutsziedel)<\/span> <span class=\"sya_author\">(par Guy)<\/span><\/div><\/li><li class=\"\"><div class=\"sya_postcontent\"><span class=\"sya_date\">07. avril  |  <\/span><a href=\"https:\/\/lgspeiteng.lu\/fr_FR\/1582\" class=\"post-1582\" rel=\"bookmark\">Fir d&rsquo;Wellef:Fiche m\u00e9dicale<\/a> <span class=\"sya_categories\">(Scoutsziedel)<\/span> <span class=\"sya_author\">(par Guy)<\/span><\/div><\/li><li class=\"\"><div class=\"sya_postcontent\"><span class=\"sya_date\">07. avril  |  <\/span><a href=\"https:\/\/lgspeiteng.lu\/fr_FR\/1577\" class=\"post-1577\" rel=\"bookmark\">Scoutsziedel<\/a> <span class=\"sya_categories\">(Scoutsziedel)<\/span> <span class=\"sya_author\">(par Guy)<\/span><\/div><\/li><li class=\"\"><div class=\"sya_postcontent\"><span class=\"sya_date\">11. mars  |  <\/span><a href=\"https:\/\/lgspeiteng.lu\/fr_FR\/1571\" class=\"post-1571\" rel=\"bookmark\">Scoutsziedel<\/a> <span class=\"sya_categories\">(Scoutsziedel)<\/span> <span class=\"sya_author\">(par Guy)<\/span><\/div><\/li><li class=\"\"><div class=\"sya_postcontent\"><span class=\"sya_date\">21. f\u00e9vrier  |  <\/span><a href=\"https:\/\/lgspeiteng.lu\/fr_FR\/1569\" class=\"post-1569\" rel=\"bookmark\">THEATER<\/a> <span class=\"sya_categories\">(Scoutsziedel)<\/span> <span class=\"sya_author\">(par Guy)<\/span><\/div><\/li><li class=\"\"><div class=\"sya_postcontent\"><span class=\"sya_date\">28. janvier  |  <\/span><a href=\"https:\/\/lgspeiteng.lu\/fr_FR\/1547\" class=\"post-1547\" rel=\"bookmark\">Scoutsziedel mat Infoen iwert Buergbrennen, Theater, Pabeiersammlung, Splash&#8230;<\/a> <span class=\"sya_categories\">(Guilde, Scoutsziedel)<\/span> <span class=\"sya_tags\">(Buergbrennen, Fakelzuch, Fuesend, Jocapi, Nidderaanwen, Splash, Theater)<\/span> <span class=\"sya_author\">(par Guy)<\/span><\/div><\/li><li class=\"\"><div class=\"sya_postcontent\"><span class=\"sya_date\">21. janvier  |  <\/span><a href=\"https:\/\/lgspeiteng.lu\/fr_FR\/1537\" class=\"post-1537\" rel=\"bookmark\">Scoutziedel fir den 26.Januar<\/a> <span class=\"sya_categories\">(Scoutsziedel)<\/span> <span class=\"sya_author\">(par Guy)<\/span><\/div><\/li><li class=\"\"><div class=\"sya_postcontent\"><span class=\"sya_date\">15. janvier  |  <\/span><a href=\"https:\/\/lgspeiteng.lu\/fr_FR\/1529\" class=\"post-1529\" rel=\"bookmark\">Zahnpasta g\u00e9int Harz<\/a> <span class=\"sya_categories\">(Scoutstricken)<\/span> <span class=\"sya_tags\">(Haarz, Zahnpasta)<\/span> <span class=\"sya_author\">(par Gilles)<\/span><\/div><\/li><li class=\"\"><div class=\"sya_postcontent\"><span class=\"sya_date\">06. janvier  |  <\/span><a href=\"https:\/\/lgspeiteng.lu\/fr_FR\/1535\" class=\"post-1535\" rel=\"bookmark\">Scoutsziedel vum 12. an 19. Januar<\/a> <span class=\"sya_categories\">(Scoutsziedel)<\/span> <span class=\"sya_author\">(par Guy)<\/span><\/div><\/li><\/ul><h2><a id=\"year2012\"><\/a><a href=\"#\" onclick=\"this.parentNode.nextSibling.style.display=(this.parentNode.nextSibling.style.display!='none'?'none':'');return false;\">2012<\/a> <span class=\"sya_yearcount\">(39)<\/span><\/h2><ul style=\"display:none;\"><li class=\"\"><div class=\"sya_postcontent\"><span class=\"sya_date\">13. d\u00e9cembre  |  <\/span><a href=\"https:\/\/lgspeiteng.lu\/fr_FR\/1521\" class=\"post-1521\" rel=\"bookmark\">Fotoen vum W\u00ebllef Camp Wagadiloo zu Monner\u00ebch<\/a> <span class=\"sya_categories\">(Fotoen, W\u00ebllefcher)<\/span> <span class=\"sya_tags\">(Indianer, Monnerech)<\/span> <span class=\"sya_author\">(par Gilles)<\/span><\/div><\/li><li class=\"\"><div class=\"sya_postcontent\"><span class=\"sya_date\">13. d\u00e9cembre  |  <\/span><a href=\"https:\/\/lgspeiteng.lu\/fr_FR\/1509\" class=\"post-1509\" rel=\"bookmark\">Informationsblad vun der Guilde<\/a> <span class=\"sya_categories\">(Guilde)<\/span> <span class=\"sya_tags\">(Grillfest, Rapport, Tr\u00ebppeltuer)<\/span> <span class=\"sya_author\">(par Scherer Georges)<\/span><\/div><\/li><li class=\"\"><div class=\"sya_postcontent\"><span class=\"sya_date\">10. d\u00e9cembre  |  <\/span><a href=\"https:\/\/lgspeiteng.lu\/fr_FR\/1505\" class=\"post-1505\" rel=\"bookmark\">OPGEPASST AM L\u00c4SCHTEN ZIEDEL HAAT SECH E FEHLER AGESCHLACH DUEFIR ELO DESN NEIEN ZIEDEL.<\/a> <span class=\"sya_categories\">(Scoutsziedel)<\/span> <span class=\"sya_author\">(par Guy)<\/span><\/div><\/li><li class=\"\"><div class=\"sya_postcontent\"><span class=\"sya_date\">06. d\u00e9cembre  |  <\/span><a href=\"https:\/\/lgspeiteng.lu\/fr_FR\/1502\" class=\"post-1502\" rel=\"bookmark\">Chr\u00ebschtbullen<\/a> <span class=\"sya_categories\">(Scoutsziedel)<\/span> <span class=\"sya_tags\">(Chr\u00ebschtdag)<\/span> <span class=\"sya_author\">(par Gilles)<\/span><\/div><\/li><li class=\"\"><div class=\"sya_postcontent\"><span class=\"sya_date\">05. d\u00e9cembre  |  <\/span><a href=\"https:\/\/lgspeiteng.lu\/fr_FR\/1499\" class=\"post-1499\" rel=\"bookmark\">Scoutsziedel<\/a> <span class=\"sya_categories\">(Scoutsziedel)<\/span> <span class=\"sya_author\">(par Guy)<\/span><\/div><\/li><li class=\"\"><div class=\"sya_postcontent\"><span class=\"sya_date\">17. novembre  |  <\/span><a href=\"https:\/\/lgspeiteng.lu\/fr_FR\/1489\" class=\"post-1489\" rel=\"bookmark\">Adventskr\u00e4nz 2012<\/a> <span class=\"sya_categories\">(Neiegkeeten)<\/span> <span class=\"sya_tags\">(Adventskranz, Bazar, Niklosmart)<\/span> <span class=\"sya_author\">(par Gilles)<\/span><\/div><\/li><li class=\"\"><div class=\"sya_postcontent\"><span class=\"sya_date\">16. novembre  |  <\/span><a href=\"https:\/\/lgspeiteng.lu\/fr_FR\/1487\" class=\"post-1487\" rel=\"bookmark\">Stroossenaarbechten Rue Belle-Vue<\/a> <span class=\"sya_categories\">(Scoutsziedel)<\/span> <span class=\"sya_tags\">(Belle-Vue, Chalet)<\/span> <span class=\"sya_author\">(par Gilles)<\/span><\/div><\/li><li class=\"\"><div class=\"sya_postcontent\"><span class=\"sya_date\">13. novembre  |  <\/span><a href=\"https:\/\/lgspeiteng.lu\/fr_FR\/1426\" class=\"post-1426\" rel=\"bookmark\">Scoutsziedel<\/a> <span class=\"sya_categories\">(Scoutsziedel)<\/span> <span class=\"sya_tags\">(Adventskranz, Bazar, Cotisatioun, Niklosmart)<\/span> <span class=\"sya_author\">(par Guy)<\/span><\/div><\/li><li class=\"\"><div class=\"sya_postcontent\"><span class=\"sya_date\">22. octobre  |  <\/span><a href=\"https:\/\/lgspeiteng.lu\/fr_FR\/1419\" class=\"post-1419\" rel=\"bookmark\">Scoutsziedel<\/a> <span class=\"sya_categories\">(Scoutsziedel)<\/span> <span class=\"sya_author\">(par Guy)<\/span><\/div><\/li><li class=\"\"><div class=\"sya_postcontent\"><span class=\"sya_date\">08. octobre  |  <\/span><a href=\"https:\/\/lgspeiteng.lu\/fr_FR\/1385\" class=\"post-1385\" rel=\"bookmark\">Scoutsziedel<\/a> <span class=\"sya_categories\">(Scoutsziedel)<\/span> <span class=\"sya_author\">(par Guy)<\/span><\/div><\/li><li class=\"\"><div class=\"sya_postcontent\"><span class=\"sya_date\">06. octobre  |  <\/span><a href=\"https:\/\/lgspeiteng.lu\/fr_FR\/1380\" class=\"post-1380\" rel=\"bookmark\">Journ\u00e9e de la Comm\u00e9moration nationale<\/a> <span class=\"sya_categories\">(Scoutsziedel)<\/span> <span class=\"sya_author\">(par Guy)<\/span><\/div><\/li><li class=\"\"><div class=\"sya_postcontent\"><span class=\"sya_date\">24. septembre  |  <\/span><a href=\"https:\/\/lgspeiteng.lu\/fr_FR\/1372\" class=\"post-1372\" rel=\"bookmark\">Scoutsziedel<\/a> <span class=\"sya_categories\">(Guilde, Scoutsziedel)<\/span> <span class=\"sya_author\">(par Guy)<\/span><\/div><\/li><li class=\"\"><div class=\"sya_postcontent\"><span class=\"sya_date\">11. septembre  |  <\/span><a href=\"https:\/\/lgspeiteng.lu\/fr_FR\/1370\" class=\"post-1370\" rel=\"bookmark\">Scoutsziedel<\/a> <span class=\"sya_categories\">(Guilde, Scoutsziedel)<\/span> <span class=\"sya_author\">(par Guy)<\/span><\/div><\/li><li class=\"\"><div class=\"sya_postcontent\"><span class=\"sya_date\">08. juillet  |  <\/span><a href=\"https:\/\/lgspeiteng.lu\/fr_FR\/1366\" class=\"post-1366\" rel=\"bookmark\">Fotoen vum Schoulfest 2012 zu Rodange<\/a> <span class=\"sya_categories\">(Fotoen)<\/span> <span class=\"sya_tags\">(Rodange, Schoulfest)<\/span> <span class=\"sya_author\">(par Gilles)<\/span><\/div><\/li><li class=\"\"><div class=\"sya_postcontent\"><span class=\"sya_date\">27. juin  |  <\/span><a href=\"https:\/\/lgspeiteng.lu\/fr_FR\/1335\" class=\"post-1335\" rel=\"bookmark\">Scoutsziedel<\/a> <span class=\"sya_categories\">(Biber, Scoutsziedel)<\/span> <span class=\"sya_tags\">(Beggen, Biber, camp, D\u00e9ifferdeng, Mini-Intervilles, Monnerech, Pabeiersammlung, Rodange, Schoulfest, ustr\u00e4ichen, Wikinger)<\/span> <span class=\"sya_author\">(par Guy)<\/span><\/div><\/li><li class=\"\"><div class=\"sya_postcontent\"><span class=\"sya_date\">17. juin  |  <\/span><a href=\"https:\/\/lgspeiteng.lu\/fr_FR\/1330\" class=\"post-1330\" rel=\"bookmark\">TE DEUM<\/a> <span class=\"sya_categories\">(Scoutsziedel)<\/span> <span class=\"sya_author\">(par Guy)<\/span><\/div><\/li><li class=\"\"><div class=\"sya_postcontent\"><span class=\"sya_date\">16. juin  |  <\/span><a href=\"https:\/\/lgspeiteng.lu\/fr_FR\/1317\" class=\"post-1317\" rel=\"bookmark\">Fahrenheit<\/a> <span class=\"sya_categories\">(Scoutstricken)<\/span> <span class=\"sya_author\">(par Gilles)<\/span><\/div><\/li><li class=\"\"><div class=\"sya_postcontent\"><span class=\"sya_date\">15. juin  |  <\/span><a href=\"https:\/\/lgspeiteng.lu\/fr_FR\/1326\" class=\"post-1326\" rel=\"bookmark\">fiche medicale<\/a> <span class=\"sya_categories\">(Scoutsziedel)<\/span> <span class=\"sya_author\">(par DerLukas)<\/span><\/div><\/li><li class=\"\"><div class=\"sya_postcontent\"><span class=\"sya_date\">12. juin  |  <\/span><a href=\"https:\/\/lgspeiteng.lu\/fr_FR\/1321\" class=\"post-1321\" rel=\"bookmark\">ROOTs Kennel\u00e9ier WE 16.-17.06.2012<\/a> <span class=\"sya_categories\">(CaraPio, Neiegkeeten, Scoutsziedel)<\/span> <span class=\"sya_author\">(par DerLukas)<\/span><\/div><\/li><li class=\"\"><div class=\"sya_postcontent\"><span class=\"sya_date\">10. juin  |  <\/span><a href=\"https:\/\/lgspeiteng.lu\/fr_FR\/1305\" class=\"post-1305\" rel=\"bookmark\">Familljesortien organis\u00e9iert vun der Guilde<\/a> <span class=\"sya_categories\">(Neiegkeeten)<\/span> <span class=\"sya_tags\">(Basbellain, Clierf, Cornelysmillen, F\u00ebschbech, Fiels, Guild, Nommern, Scheidgen, Tr\u00ebppeltuer, Troisvierges)<\/span> <span class=\"sya_author\">(par Gilles)<\/span><\/div><\/li><li class=\"\"><div class=\"sya_postcontent\"><span class=\"sya_date\">05. juin  |  <\/span><a href=\"https:\/\/lgspeiteng.lu\/fr_FR\/1300\" class=\"post-1300\" rel=\"bookmark\">Scoutsziedel<\/a> <span class=\"sya_categories\">(Scoutsziedel)<\/span> <span class=\"sya_tags\">(Diddeleng, Kloterpark, Monnerech, Nationalfeierdag, Renovatioun, Rum\u00e4nien)<\/span> <span class=\"sya_author\">(par Guy)<\/span><\/div><\/li><li class=\"\"><div class=\"sya_postcontent\"><span class=\"sya_date\">14. mai  |  <\/span><a href=\"https:\/\/lgspeiteng.lu\/fr_FR\/1296\" class=\"post-1296\" rel=\"bookmark\">Scoutsziedel<\/a> <span class=\"sya_categories\">(Scoutsziedel)<\/span> <span class=\"sya_tags\">(Bealtaine, Galileo, Piraten)<\/span> <span class=\"sya_author\">(par Guy)<\/span><\/div><\/li><li class=\"\"><div class=\"sya_postcontent\"><span class=\"sya_date\">01. mai  |  <\/span><a href=\"https:\/\/lgspeiteng.lu\/fr_FR\/1287\" class=\"post-1287\" rel=\"bookmark\">Scoutsziedel<\/a> <span class=\"sya_categories\">(Scoutsziedel)<\/span> <span class=\"sya_tags\">(Iron Scout, Tetra-Pak)<\/span> <span class=\"sya_author\">(par Guy)<\/span><\/div><\/li><li class=\"\"><div class=\"sya_postcontent\"><span class=\"sya_date\">20. avril  |  <\/span><a href=\"https:\/\/lgspeiteng.lu\/fr_FR\/1284\" class=\"post-1284\" rel=\"bookmark\">Peitenger Raro entdecken Alba (aka Schottland)<\/a> <span class=\"sya_categories\">(Fotoen, RaRo)<\/span> <span class=\"sya_author\">(par Charel)<\/span><\/div><\/li><li class=\"\"><div class=\"sya_postcontent\"><span class=\"sya_date\">18. avril  |  <\/span><a href=\"https:\/\/lgspeiteng.lu\/fr_FR\/1277\" class=\"post-1277\" rel=\"bookmark\">Faul Ee\u00ebr<\/a> <span class=\"sya_categories\">(Scoutstricken)<\/span> <span class=\"sya_tags\">(Ee\u00ebr, faul)<\/span> <span class=\"sya_author\">(par Gilles)<\/span><\/div><\/li><li class=\"\"><div class=\"sya_postcontent\"><span class=\"sya_date\">16. avril  |  <\/span><a href=\"https:\/\/lgspeiteng.lu\/fr_FR\/1271\" class=\"post-1271\" rel=\"bookmark\">Scoutsziedel<\/a> <span class=\"sya_categories\">(Scoutsziedel)<\/span> <span class=\"sya_tags\">(Batik, Iron Scout, Roots, Rum\u00e4nien, Shelter Box, SNJ)<\/span> <span class=\"sya_author\">(par Guy)<\/span><\/div><\/li><li class=\"\"><div class=\"sya_postcontent\"><span class=\"sya_date\">04. avril  |  <\/span><a href=\"https:\/\/lgspeiteng.lu\/fr_FR\/1268\" class=\"post-1268\" rel=\"bookmark\">Un all d&rsquo;RaRo<\/a> <span class=\"sya_categories\">(Scoutsziedel)<\/span> <span class=\"sya_author\">(par Guy)<\/span><\/div><\/li><li class=\"\"><div class=\"sya_postcontent\"><span class=\"sya_date\">03. avril  |  <\/span><a href=\"https:\/\/lgspeiteng.lu\/fr_FR\/1262\" class=\"post-1262\" rel=\"bookmark\">Fir all d&rsquo;RaRo d\u00e9i mat a Schottland gin<\/a> <span class=\"sya_categories\">(Scoutsziedel)<\/span> <span class=\"sya_author\">(par Guy)<\/span><\/div><\/li><li class=\"\"><div class=\"sya_postcontent\"><span class=\"sya_date\">01. avril  |  <\/span><a href=\"https:\/\/lgspeiteng.lu\/fr_FR\/1050\" class=\"post-1050\" rel=\"bookmark\">Eng Verwandlung<\/a> <span class=\"sya_categories\">(Zitater)<\/span> <span class=\"sya_tags\">(Assisi, Pilgerfaart)<\/span> <span class=\"sya_author\">(par Gilles)<\/span><\/div><\/li><li class=\"\"><div class=\"sya_postcontent\"><span class=\"sya_date\">20. mars  |  <\/span><a href=\"https:\/\/lgspeiteng.lu\/fr_FR\/1251\" class=\"post-1251\" rel=\"bookmark\">Gedenkfeier fir den Sofiane Boukellal<\/a> <span class=\"sya_categories\">(Scoutsziedel)<\/span> <span class=\"sya_tags\">(Gedenkfeier)<\/span> <span class=\"sya_author\">(par Guy)<\/span><\/div><\/li><li class=\"\"><div class=\"sya_postcontent\"><span class=\"sya_date\">14. mars  |  <\/span><a href=\"https:\/\/lgspeiteng.lu\/fr_FR\/1245\" class=\"post-1245\" rel=\"bookmark\">Scoutsziedel bis de 24. M\u00e4erz 2012<\/a> <span class=\"sya_categories\">(Scoutsziedel)<\/span> <span class=\"sya_tags\">(Aberfeldy, Batik, camp, Jocapi, Meggernie, Newcastle, Rum\u00e4nien, Sch\u00ebffleng, Schottland)<\/span> <span class=\"sya_author\">(par Guy)<\/span><\/div><\/li><li class=\"\"><div class=\"sya_postcontent\"><span class=\"sya_date\">10. mars  |  <\/span><a href=\"https:\/\/lgspeiteng.lu\/fr_FR\/1238\" class=\"post-1238\" rel=\"bookmark\">Fotoen vum AvEx Samurai Camp<\/a> <span class=\"sya_categories\">(AvEx, Fotoen)<\/span> <span class=\"sya_tags\">(Asien, AvEx, camp, Kuelbecherhaff, Orient, Samurai)<\/span> <span class=\"sya_author\">(par Gilles)<\/span><\/div><\/li><li class=\"\"><div class=\"sya_postcontent\"><span class=\"sya_date\">01. mars  |  <\/span><a href=\"https:\/\/lgspeiteng.lu\/fr_FR\/1119\" class=\"post-1119\" rel=\"bookmark\">Eng schaarf Aaxt<\/a> <span class=\"sya_categories\">(Zitater)<\/span> <span class=\"sya_tags\">(Aaxt, Abraham Lincoln, f\u00e4llen, schaarf)<\/span> <span class=\"sya_author\">(par Gilles)<\/span><\/div><\/li><li class=\"\"><div class=\"sya_postcontent\"><span class=\"sya_date\">27. f\u00e9vrier  |  <\/span><a href=\"https:\/\/lgspeiteng.lu\/fr_FR\/1230\" class=\"post-1230\" rel=\"bookmark\">Scoutsziedel bis den 10. M\u00e4erz 2012<\/a> <span class=\"sya_categories\">(Scoutsziedel)<\/span> <span class=\"sya_tags\">(Schottland)<\/span> <span class=\"sya_author\">(par Guy)<\/span><\/div><\/li><li class=\"\"><div class=\"sya_postcontent\"><span class=\"sya_date\">12. f\u00e9vrier  |  <\/span><a href=\"https:\/\/lgspeiteng.lu\/fr_FR\/1219\" class=\"post-1219\" rel=\"bookmark\">Scoutsziedel bis den 25. M\u00e4rz 2012<\/a> <span class=\"sya_categories\">(Scoutsziedel)<\/span> <span class=\"sya_tags\">(Buergbrennen, Fakelzuch, Kelten, Theater)<\/span> <span class=\"sya_author\">(par Guy)<\/span><\/div><\/li><li class=\"\"><div class=\"sya_postcontent\"><span class=\"sya_date\">01. f\u00e9vrier  |  <\/span><a href=\"https:\/\/lgspeiteng.lu\/fr_FR\/1200\" class=\"post-1200\" rel=\"bookmark\">Klo\u00ebr an d\u00e4itlech<\/a> <span class=\"sya_categories\">(Zitater)<\/span> <span class=\"sya_tags\">(Theater)<\/span> <span class=\"sya_author\">(par Gilles)<\/span><\/div><\/li><li class=\"\"><div class=\"sya_postcontent\"><span class=\"sya_date\">17. janvier  |  <\/span><a href=\"https:\/\/lgspeiteng.lu\/fr_FR\/1213\" class=\"post-1213\" rel=\"bookmark\">Theater 2012: Gebeess ass Tromp<\/a> <span class=\"sya_categories\">(Neiegkeeten)<\/span> <span class=\"sya_tags\">(Theater)<\/span> <span class=\"sya_author\">(par Gilles)<\/span><\/div><\/li><li class=\"\"><div class=\"sya_postcontent\"><span class=\"sya_date\">17. janvier  |  <\/span><a href=\"https:\/\/lgspeiteng.lu\/fr_FR\/1210\" class=\"post-1210\" rel=\"bookmark\">Scoutsziedel  &#8211; Update virum Theater<\/a> <span class=\"sya_categories\">(Scoutsziedel)<\/span> <span class=\"sya_tags\">(Home, Theater, Wanterhike)<\/span> <span class=\"sya_author\">(par Gilles)<\/span><\/div><\/li><li class=\"\"><div class=\"sya_postcontent\"><span class=\"sya_date\">02. janvier  |  <\/span><a href=\"https:\/\/lgspeiteng.lu\/fr_FR\/1184\" class=\"post-1184\" rel=\"bookmark\">Scoutsziedel bis den 4. Februar 2012<\/a> <span class=\"sya_categories\">(Scoutsziedel)<\/span> <span class=\"sya_tags\">(Home, Josy Th\u00e9ato, Mord, Theater, Wanterhike)<\/span> <span class=\"sya_author\">(par Gilles)<\/span><\/div><\/li><\/ul><h2><a id=\"year2011\"><\/a><a href=\"#\" onclick=\"this.parentNode.nextSibling.style.display=(this.parentNode.nextSibling.style.display!='none'?'none':'');return false;\">2011<\/a> <span class=\"sya_yearcount\">(61)<\/span><\/h2><ul style=\"display:none;\"><li class=\"\"><div class=\"sya_postcontent\"><span class=\"sya_date\">12. d\u00e9cembre  |  <\/span><a href=\"https:\/\/lgspeiteng.lu\/fr_FR\/1178\" class=\"post-1178\" rel=\"bookmark\">Scoutsziedel bis den<\/a> <span class=\"sya_categories\">(Scoutsziedel)<\/span> <span class=\"sya_tags\">(Cotisatioun, Friddensliicht, Mass)<\/span> <span class=\"sya_author\">(par Gilles)<\/span><\/div><\/li><li class=\"\"><div class=\"sya_postcontent\"><span class=\"sya_date\">08. d\u00e9cembre  |  <\/span><a href=\"https:\/\/lgspeiteng.lu\/fr_FR\/1164\" class=\"post-1164\" rel=\"bookmark\">Niklosmaart 2011 fotoen<\/a> <span class=\"sya_categories\">(Branchen, Fotoen, Sitenews)<\/span> <span class=\"sya_author\">(par DerLukas)<\/span><\/div><\/li><li class=\"\"><div class=\"sya_postcontent\"><span class=\"sya_date\">01. d\u00e9cembre  |  <\/span><a href=\"https:\/\/lgspeiteng.lu\/fr_FR\/1047\" class=\"post-1047\" rel=\"bookmark\">Badgen<\/a> <span class=\"sya_categories\">(Zitater)<\/span> <span class=\"sya_tags\">(Badge)<\/span> <span class=\"sya_author\">(par Administrator)<\/span><\/div><\/li><li class=\"\"><div class=\"sya_postcontent\"><span class=\"sya_date\">01. d\u00e9cembre  |  <\/span><a href=\"https:\/\/lgspeiteng.lu\/fr_FR\/1044\" class=\"post-1044\" rel=\"bookmark\">Um Mars<\/a> <span class=\"sya_categories\">(Zitater)<\/span> <span class=\"sya_tags\">(Kompass, Orientatioun)<\/span> <span class=\"sya_author\">(par Administrator)<\/span><\/div><\/li><li class=\"\"><div class=\"sya_postcontent\"><span class=\"sya_date\">29. novembre  |  <\/span><a href=\"https:\/\/lgspeiteng.lu\/fr_FR\/1159\" class=\"post-1159\" rel=\"bookmark\">Scoutsziedel bis den 10. Dezember 2011<\/a> <span class=\"sya_categories\">(Scoutsziedel)<\/span> <span class=\"sya_author\">(par Gilles)<\/span><\/div><\/li><li class=\"\"><div class=\"sya_postcontent\"><span class=\"sya_date\">06. novembre  |  <\/span><a href=\"https:\/\/lgspeiteng.lu\/fr_FR\/1148\" class=\"post-1148\" rel=\"bookmark\">Scoutsziedel bis den 26. November 2011<\/a> <span class=\"sya_categories\">(Scoutsziedel)<\/span> <span class=\"sya_tags\">(Adventskranz, Bazar, D\u00e9ifferdeng, Niklosmart)<\/span> <span class=\"sya_author\">(par Gilles)<\/span><\/div><\/li><li class=\"\"><div class=\"sya_postcontent\"><span class=\"sya_date\">04. novembre  |  <\/span><a href=\"https:\/\/lgspeiteng.lu\/fr_FR\/1144\" class=\"post-1144\" rel=\"bookmark\">Packalu<\/a> <span class=\"sya_categories\">(Onkategor\u00e9iert)<\/span> <span class=\"sya_tags\">(Iessen, Packalu, Trapper)<\/span> <span class=\"sya_author\">(par Gilles)<\/span><\/div><\/li><li class=\"\"><div class=\"sya_postcontent\"><span class=\"sya_date\">01. novembre  |  <\/span><a href=\"https:\/\/lgspeiteng.lu\/fr_FR\/1042\" class=\"post-1042\" rel=\"bookmark\">P\u00e4ifen<\/a> <span class=\"sya_categories\">(Zitater)<\/span> <span class=\"sya_tags\">(laachen, p\u00e4ifen)<\/span> <span class=\"sya_author\">(par Gilles)<\/span><\/div><\/li><li class=\"\"><div class=\"sya_postcontent\"><span class=\"sya_date\">28. octobre  |  <\/span><a href=\"https:\/\/lgspeiteng.lu\/fr_FR\/1134\" class=\"post-1134\" rel=\"bookmark\">Weider Fotoen vun der Mont\u00e9e zu Wolz<\/a> <span class=\"sya_categories\">(AvEx, CaraPio, Fotoen, W\u00ebllefcher)<\/span> <span class=\"sya_tags\">(Montee, St. Georges, Wolz)<\/span> <span class=\"sya_author\">(par Gilles)<\/span><\/div><\/li><li class=\"\"><div class=\"sya_postcontent\"><span class=\"sya_date\">26. octobre  |  <\/span><a href=\"https:\/\/lgspeiteng.lu\/fr_FR\/1131\" class=\"post-1131\" rel=\"bookmark\">Vortrag R\u00fcdinger Nehberg<\/a> <span class=\"sya_categories\">(Branchen, CaraPio, Neiegkeeten, RaRo)<\/span> <span class=\"sya_author\">(par DerLukas)<\/span><\/div><\/li><li class=\"\"><div class=\"sya_postcontent\"><span class=\"sya_date\">24. octobre  |  <\/span><a href=\"https:\/\/lgspeiteng.lu\/fr_FR\/1126\" class=\"post-1126\" rel=\"bookmark\">Fotoen fun der Raro Montee 2011<\/a> <span class=\"sya_categories\">(Fotoen, RaRo)<\/span> <span class=\"sya_author\">(par Charel)<\/span><\/div><\/li><li class=\"\"><div class=\"sya_postcontent\"><span class=\"sya_date\">17. octobre  |  <\/span><a href=\"https:\/\/lgspeiteng.lu\/fr_FR\/1106\" class=\"post-1106\" rel=\"bookmark\">Eischt Fotoen fun der Mont\u00e9e 2011 zu Wolz<\/a> <span class=\"sya_categories\">(AvEx, CaraPio, Fotoen, W\u00ebllefcher)<\/span> <span class=\"sya_tags\">(2011, Montee, Wolz)<\/span> <span class=\"sya_author\">(par Charel)<\/span><\/div><\/li><li class=\"\"><div class=\"sya_postcontent\"><span class=\"sya_date\">10. octobre  |  <\/span><a href=\"https:\/\/lgspeiteng.lu\/fr_FR\/1097\" class=\"post-1097\" rel=\"bookmark\">Scoutsziedel bis den 29. Oktober<\/a> <span class=\"sya_categories\">(Scoutsziedel)<\/span> <span class=\"sya_tags\">(Chalet, Montee, Nehberg, St. Georges, Virtrag, Weekend, Wolz)<\/span> <span class=\"sya_author\">(par Gilles)<\/span><\/div><\/li><li class=\"\"><div class=\"sya_postcontent\"><span class=\"sya_date\">09. octobre  |  <\/span><a href=\"https:\/\/lgspeiteng.lu\/fr_FR\/1091\" class=\"post-1091\" rel=\"bookmark\">Selwergemaachte Kapselen<\/a> <span class=\"sya_categories\">(Scoutstricken)<\/span> <span class=\"sya_tags\">(Beh\u00e4lter, Fl\u00e4sch, Kapsel, Plastik, Rucksak, Schraufstack, Seef, Superkleber)<\/span> <span class=\"sya_author\">(par Gilles)<\/span><\/div><\/li><li class=\"\"><div class=\"sya_postcontent\"><span class=\"sya_date\">04. octobre  |  <\/span><a href=\"https:\/\/lgspeiteng.lu\/fr_FR\/1078\" class=\"post-1078\" rel=\"bookmark\">Franz vun Assisi Fest<\/a> <span class=\"sya_categories\">(Neiegkeeten)<\/span> <span class=\"sya_tags\">(Assisi, D\u00e9ieren)<\/span> <span class=\"sya_author\">(par Gilles)<\/span><\/div><\/li><li class=\"\"><div class=\"sya_postcontent\"><span class=\"sya_date\">01. octobre  |  <\/span><a href=\"https:\/\/lgspeiteng.lu\/fr_FR\/1040\" class=\"post-1040\" rel=\"bookmark\">G\u00e9int Krich a Wettstr\u00e4it<\/a> <span class=\"sya_categories\">(Zitater)<\/span> <span class=\"sya_tags\">(Krich)<\/span> <span class=\"sya_author\">(par Gilles)<\/span><\/div><\/li><li class=\"\"><div class=\"sya_postcontent\"><span class=\"sya_date\">28. septembre  |  <\/span><a href=\"https:\/\/lgspeiteng.lu\/fr_FR\/1071\" class=\"post-1071\" rel=\"bookmark\">Scoutsziedel bis den 8. Oktober<\/a> <span class=\"sya_categories\">(Scoutsziedel)<\/span> <span class=\"sya_tags\">(Journ\u00e9e de la Comm\u00e9moration, Lamadeleine, Montee, V\u00eblo, Weekend)<\/span> <span class=\"sya_author\">(par Gilles)<\/span><\/div><\/li><li class=\"\"><div class=\"sya_postcontent\"><span class=\"sya_date\">01. septembre  |  <\/span><a href=\"https:\/\/lgspeiteng.lu\/fr_FR\/1038\" class=\"post-1038\" rel=\"bookmark\">Verspriechen<\/a> <span class=\"sya_categories\">(Scoutsziedel)<\/span> <span class=\"sya_tags\">(Gesetz, Verspriechen)<\/span> <span class=\"sya_author\">(par Gilles)<\/span><\/div><\/li><li class=\"\"><div class=\"sya_postcontent\"><span class=\"sya_date\">26. ao\u00fbt  |  <\/span><a href=\"https:\/\/lgspeiteng.lu\/fr_FR\/1061\" class=\"post-1061\" rel=\"bookmark\">Scoutsziedel bis de 25. September 2011<\/a> <span class=\"sya_categories\">(Scoutsziedel)<\/span> <span class=\"sya_tags\">(A Rousen, Chefdag, Cort\u00e8ge, Kleedersammlung, Montee, Passeur, Weekend)<\/span> <span class=\"sya_author\">(par Gilles)<\/span><\/div><\/li><li class=\"\"><div class=\"sya_postcontent\"><span class=\"sya_date\">15. ao\u00fbt  |  <\/span><a href=\"https:\/\/lgspeiteng.lu\/fr_FR\/996\" class=\"post-996\" rel=\"bookmark\">Ersatz Plooschteren<\/a> <span class=\"sya_categories\">(Scoutstricken)<\/span> <span class=\"sya_tags\">(1. H\u00ebllef, Plooschter, Verband, Wonn)<\/span> <span class=\"sya_author\">(par Gilles)<\/span><\/div><\/li><li class=\"\"><div class=\"sya_postcontent\"><span class=\"sya_date\">10. ao\u00fbt  |  <\/span><a href=\"https:\/\/lgspeiteng.lu\/fr_FR\/1036\" class=\"post-1036\" rel=\"bookmark\">L\u00e9ieren<\/a> <span class=\"sya_categories\">(Zitater)<\/span> <span class=\"sya_author\">(par Administrator)<\/span><\/div><\/li><li class=\"\"><div class=\"sya_postcontent\"><span class=\"sya_date\">07. juillet  |  <\/span><a href=\"https:\/\/lgspeiteng.lu\/fr_FR\/1017\" class=\"post-1017\" rel=\"bookmark\">Mini-Intervilles Bericht<\/a> <span class=\"sya_categories\">(AvEx, Fotoen, Logbuch, W\u00ebllefcher)<\/span> <span class=\"sya_tags\">(Badge, D\u00e9ifferdeng, Mini-Intervilles)<\/span> <span class=\"sya_author\">(par Gilles)<\/span><\/div><\/li><li class=\"\"><div class=\"sya_postcontent\"><span class=\"sya_date\">07. juillet  |  <\/span><a href=\"https:\/\/lgspeiteng.lu\/fr_FR\/1023\" class=\"post-1023\" rel=\"bookmark\">Scoutsziedel bis September 2011<\/a> <span class=\"sya_categories\">(Scoutsziedel)<\/span> <span class=\"sya_tags\">(camp, Cowboy, Kuelbecherhaff, P\u00e4erd, Rodange, Schoulfest, Vakanzaktioun)<\/span> <span class=\"sya_author\">(par Administrator)<\/span><\/div><\/li><li class=\"\"><div class=\"sya_postcontent\"><span class=\"sya_date\">21. juin  |  <\/span><a href=\"https:\/\/lgspeiteng.lu\/fr_FR\/1009\" class=\"post-1009\" rel=\"bookmark\">Scoutsziedel bis den 3. Juli 2011<\/a> <span class=\"sya_categories\">(Scoutsziedel)<\/span> <span class=\"sya_tags\">(D\u00e9ifferdeng, Jamboree, Mini-Intervilles, Schoulfest, Sennengerbierg, Te Deum, W\u00ebllefchersrally)<\/span> <span class=\"sya_author\">(par Gilles)<\/span><\/div><\/li><li class=\"\"><div class=\"sya_postcontent\"><span class=\"sya_date\">13. juin  |  <\/span><a href=\"https:\/\/lgspeiteng.lu\/fr_FR\/1003\" class=\"post-1003\" rel=\"bookmark\">Piraten T-Shirten<\/a> <span class=\"sya_categories\">(AvEx, Fotoen, Logbuch)<\/span> <span class=\"sya_tags\">(Batik, Gruppefoto, Kleeder, Piraten, T-Shirt)<\/span> <span class=\"sya_author\">(par Gilles)<\/span><\/div><\/li><li class=\"\"><div class=\"sya_postcontent\"><span class=\"sya_date\">08. juin  |  <\/span><a href=\"https:\/\/lgspeiteng.lu\/fr_FR\/999\" class=\"post-999\" rel=\"bookmark\">Scoutsziedel bis den 18. Juni 2011<\/a> <span class=\"sya_categories\">(Scoutsziedel)<\/span> <span class=\"sya_tags\">(Bealtaine, Diddeleng, Jamboree, Piraten)<\/span> <span class=\"sya_author\">(par Gilles)<\/span><\/div><\/li><li class=\"\"><div class=\"sya_postcontent\"><span class=\"sya_date\">05. juin  |  <\/span><a href=\"https:\/\/lgspeiteng.lu\/fr_FR\/992\" class=\"post-992\" rel=\"bookmark\">Scoutismus WE mat den K\u00e4erjenger AvEx zu Wolz<\/a> <span class=\"sya_categories\">(Fotoen)<\/span> <span class=\"sya_tags\">(Baden Powell, K\u00e4erjeng, Paradiso, Scoutismus, Weekend, Wolz)<\/span> <span class=\"sya_author\">(par Gilles)<\/span><\/div><\/li><li class=\"\"><div class=\"sya_postcontent\"><span class=\"sya_date\">01. juin  |  <\/span><a href=\"https:\/\/lgspeiteng.lu\/fr_FR\/986\" class=\"post-986\" rel=\"bookmark\">Iwwerraschung<\/a> <span class=\"sya_categories\">(Zitater)<\/span> <span class=\"sya_tags\">(Allz\u00e4it bereet)<\/span> <span class=\"sya_author\">(par Administrator)<\/span><\/div><\/li><li class=\"\"><div class=\"sya_postcontent\"><span class=\"sya_date\">31. mai  |  <\/span><a href=\"https:\/\/lgspeiteng.lu\/fr_FR\/984\" class=\"post-984\" rel=\"bookmark\">Seefeblosen g\u00e9int Moustiquen<\/a> <span class=\"sya_categories\">(Scoutstricken)<\/span> <span class=\"sya_tags\">(M\u00e9cken, Moustiquen, Seef)<\/span> <span class=\"sya_author\">(par Gilles)<\/span><\/div><\/li><li class=\"\"><div class=\"sya_postcontent\"><span class=\"sya_date\">24. mai  |  <\/span><a href=\"https:\/\/lgspeiteng.lu\/fr_FR\/979\" class=\"post-979\" rel=\"bookmark\">Iron Scout 2011<\/a> <span class=\"sya_categories\">(CaraPio, Fotoen)<\/span> <span class=\"sya_author\">(par DerLukas)<\/span><\/div><\/li><li class=\"\"><div class=\"sya_postcontent\"><span class=\"sya_date\">23. mai  |  <\/span><a href=\"https:\/\/lgspeiteng.lu\/fr_FR\/975\" class=\"post-975\" rel=\"bookmark\">\u00c4ppel briechen<\/a> <span class=\"sya_categories\">(Scoutstricken)<\/span> <span class=\"sya_tags\">(Apel, deelen, Uebst)<\/span> <span class=\"sya_author\">(par Gilles)<\/span><\/div><\/li><li class=\"\"><div class=\"sya_postcontent\"><span class=\"sya_date\">12. mai  |  <\/span><a href=\"https:\/\/lgspeiteng.lu\/fr_FR\/969\" class=\"post-969\" rel=\"bookmark\">Scoutsziedel bis den 28. Mee 2011<\/a> <span class=\"sya_categories\">(Scoutsziedel)<\/span> <span class=\"sya_tags\">(Neihaischen, P\u00e4ischten, Piko, Piraten, Schwemm, Seefek\u00ebschten)<\/span> <span class=\"sya_author\">(par Gilles)<\/span><\/div><\/li><li class=\"\"><div class=\"sya_postcontent\"><span class=\"sya_date\">12. mai  |  <\/span><a href=\"https:\/\/lgspeiteng.lu\/fr_FR\/941\" class=\"post-941\" rel=\"bookmark\">Eng Valise kompakt apaken<\/a> <span class=\"sya_categories\">(Scoutstricken, Video)<\/span> <span class=\"sya_tags\">(reesen, Rucksak, Schung, Valise)<\/span> <span class=\"sya_author\">(par Gilles)<\/span><\/div><\/li><li class=\"\"><div class=\"sya_postcontent\"><span class=\"sya_date\">03. mai  |  <\/span><a href=\"https:\/\/lgspeiteng.lu\/fr_FR\/968\" class=\"post-968\" rel=\"bookmark\">AvEx Pass<\/a> <span class=\"sya_categories\">(AvEx)<\/span> <span class=\"sya_tags\">(AvEx Pass, Piraten)<\/span> <span class=\"sya_author\">(par Administrator)<\/span><\/div><\/li><li class=\"\"><div class=\"sya_postcontent\"><span class=\"sya_date\">27. avril  |  <\/span><a href=\"https:\/\/lgspeiteng.lu\/fr_FR\/951\" class=\"post-951\" rel=\"bookmark\">Tupelay (Nationalen AvEx Camp)<\/a> <span class=\"sya_categories\">(AvEx, Fotoen)<\/span> <span class=\"sya_tags\">(camp, Schous, Tupelay)<\/span> <span class=\"sya_author\">(par Gilles)<\/span><\/div><\/li><li class=\"\"><div class=\"sya_postcontent\"><span class=\"sya_date\">25. avril  |  <\/span><a href=\"https:\/\/lgspeiteng.lu\/fr_FR\/963\" class=\"post-963\" rel=\"bookmark\">Scoutsziedel bis den 7. Mee 2011<\/a> <span class=\"sya_categories\">(Scoutsziedel)<\/span> <span class=\"sya_tags\">(Iron Scout, Jamboree, Kuelbecherhaff, Miersch, Neihaischen, Pabeiersammlung, P\u00e4ischtweekend)<\/span> <span class=\"sya_author\">(par Gilles)<\/span><\/div><\/li><li class=\"\"><div class=\"sya_postcontent\"><span class=\"sya_date\">25. avril  |  <\/span><a href=\"https:\/\/lgspeiteng.lu\/fr_FR\/960\" class=\"post-960\" rel=\"bookmark\">Papiersammlung bei sch\u00f6nstem Wetter<\/a> <span class=\"sya_categories\">(Fotoen)<\/span> <span class=\"sya_tags\">(Pabeiersammlung)<\/span> <span class=\"sya_author\">(par DerLukas)<\/span><\/div><\/li><li class=\"\"><div class=\"sya_postcontent\"><span class=\"sya_date\">20. avril  |  <\/span><a href=\"https:\/\/lgspeiteng.lu\/fr_FR\/820\" class=\"post-820\" rel=\"bookmark\">Reese mat Kontaktl\u00ebnsend\u00ebppecher<\/a> <span class=\"sya_categories\">(Scoutstricken)<\/span> <span class=\"sya_tags\">(camp, Gewiicht, Hike, kompakt, Kontaktl\u00ebnsen, Rucksak, Shampoing, Zahnpasta)<\/span> <span class=\"sya_author\">(par Gilles)<\/span><\/div><\/li><li class=\"\"><div class=\"sya_postcontent\"><span class=\"sya_date\">15. avril  |  <\/span><a href=\"https:\/\/lgspeiteng.lu\/fr_FR\/916\" class=\"post-916\" rel=\"bookmark\">Montee 2010 zu Monnerech<\/a> <span class=\"sya_categories\">(AvEx, Branchen, CaraPio, Fotoen, RaRo, W\u00ebllefcher)<\/span> <span class=\"sya_tags\">(Monnerech, Montee)<\/span> <span class=\"sya_author\">(par DerLukas)<\/span><\/div><\/li><li class=\"\"><div class=\"sya_postcontent\"><span class=\"sya_date\">11. avril  |  <\/span><a href=\"https:\/\/lgspeiteng.lu\/fr_FR\/908\" class=\"post-908\" rel=\"bookmark\">AvEx Camp 2010 Adventum MMX<\/a> <span class=\"sya_categories\">(AvEx, Fotoen)<\/span> <span class=\"sya_tags\">(Adventum, camp, M\u00ebttelalter, Stengefort)<\/span> <span class=\"sya_author\">(par Veggilles)<\/span><\/div><\/li><li class=\"\"><div class=\"sya_postcontent\"><span class=\"sya_date\">07. avril  |  <\/span><a href=\"https:\/\/lgspeiteng.lu\/fr_FR\/902\" class=\"post-902\" rel=\"bookmark\">W\u00e9i spillt een Theater?<\/a> <span class=\"sya_categories\">(Scoutstricken)<\/span> <span class=\"sya_tags\">(Theater)<\/span> <span class=\"sya_author\">(par Veggilles)<\/span><\/div><\/li><li class=\"\"><div class=\"sya_postcontent\"><span class=\"sya_date\">07. avril  |  <\/span><a href=\"https:\/\/lgspeiteng.lu\/fr_FR\/879\" class=\"post-879\" rel=\"bookmark\">AvEx Weekend zu Woltz<\/a> <span class=\"sya_categories\">(AvEx, Scoutsziedel)<\/span> <span class=\"sya_tags\">(Weekend, Woltz)<\/span> <span class=\"sya_author\">(par Gilles)<\/span><\/div><\/li><li class=\"\"><div class=\"sya_postcontent\"><span class=\"sya_date\">03. avril  |  <\/span><a href=\"https:\/\/lgspeiteng.lu\/fr_FR\/843\" class=\"post-843\" rel=\"bookmark\">\u00c4gypten (Entreprise)<\/a> <span class=\"sya_categories\">(AvEx, Logbuch)<\/span> <span class=\"sya_tags\">(\u00c4gypten, Entreprise, Gipsmask, Hieroglyph, Mask, Pharao, Pyramid, Specksteen)<\/span> <span class=\"sya_author\">(par Gilles)<\/span><\/div><\/li><li class=\"\"><div class=\"sya_postcontent\"><span class=\"sya_date\">01. avril  |  <\/span><a href=\"https:\/\/lgspeiteng.lu\/fr_FR\/685\" class=\"post-685\" rel=\"bookmark\">Besser<\/a> <span class=\"sya_categories\">(Zitater)<\/span> <span class=\"sya_author\">(par Gilles)<\/span><\/div><\/li><li class=\"\"><div class=\"sya_postcontent\"><span class=\"sya_date\">30. mars  |  <\/span><a href=\"https:\/\/lgspeiteng.lu\/fr_FR\/840\" class=\"post-840\" rel=\"bookmark\">Scoutsziedel bis den 23. Abr\u00ebll 2011<\/a> <span class=\"sya_categories\">(Scoutsziedel)<\/span> <span class=\"sya_tags\">(Iron Scout, Komet, Ouschteren, Pullover, T-Shirt, Vakanz)<\/span> <span class=\"sya_author\">(par Administrator)<\/span><\/div><\/li><li class=\"\"><div class=\"sya_postcontent\"><span class=\"sya_date\">16. mars  |  <\/span><a href=\"https:\/\/lgspeiteng.lu\/fr_FR\/835\" class=\"post-835\" rel=\"bookmark\">Scoutsziedel bis den 26. M\u00e4erz 2011<\/a> <span class=\"sya_categories\">(Scoutsziedel)<\/span> <span class=\"sya_author\">(par Gilles)<\/span><\/div><\/li><li class=\"\"><div class=\"sya_postcontent\"><span class=\"sya_date\">15. mars  |  <\/span><a href=\"https:\/\/lgspeiteng.lu\/fr_FR\/812\" class=\"post-812\" rel=\"bookmark\">Noutfallk\u00e4erz aus Thon<\/a> <span class=\"sya_categories\">(Scoutstricken)<\/span> <span class=\"sya_tags\">(Feier, K\u00e4erz, Survival, Thon)<\/span> <span class=\"sya_author\">(par Gilles)<\/span><\/div><\/li><li class=\"\"><div class=\"sya_postcontent\"><span class=\"sya_date\">12. mars  |  <\/span><a href=\"https:\/\/lgspeiteng.lu\/fr_FR\/830\" class=\"post-830\" rel=\"bookmark\">D\u00eener-Spectacle<\/a> <span class=\"sya_categories\">(Scoutsziedel)<\/span> <span class=\"sya_tags\">(Esch, Juppen, Theater)<\/span> <span class=\"sya_author\">(par Administrator)<\/span><\/div><\/li><li class=\"\"><div class=\"sya_postcontent\"><span class=\"sya_date\">03. mars  |  <\/span><a href=\"https:\/\/lgspeiteng.lu\/fr_FR\/805\" class=\"post-805\" rel=\"bookmark\"><\/a> <span class=\"sya_categories\">(Scoutsziedel)<\/span> <span class=\"sya_tags\">(Buergbrennen, D\u00e9ifferdeng, Laser)<\/span> <span class=\"sya_author\">(par Gilles)<\/span><\/div><\/li><li class=\"\"><div class=\"sya_postcontent\"><span class=\"sya_date\">01. mars  |  <\/span><a href=\"https:\/\/lgspeiteng.lu\/fr_FR\/681\" class=\"post-681\" rel=\"bookmark\">Spueren<\/a> <span class=\"sya_categories\">(Zitater)<\/span> <span class=\"sya_tags\">(Spueren)<\/span> <span class=\"sya_author\">(par Gilles)<\/span><\/div><\/li><li class=\"\"><div class=\"sya_postcontent\"><span class=\"sya_date\">13. f\u00e9vrier  |  <\/span><a href=\"https:\/\/lgspeiteng.lu\/fr_FR\/801\" class=\"post-801\" rel=\"bookmark\">[Fotoen] Wanterhike 2011 (by CarapioSueden)<\/a> <span class=\"sya_categories\">(Fotoen)<\/span> <span class=\"sya_tags\">(Hike)<\/span> <span class=\"sya_author\">(par Charel)<\/span><\/div><\/li><li class=\"\"><div class=\"sya_postcontent\"><span class=\"sya_date\">13. f\u00e9vrier  |  <\/span><a href=\"https:\/\/lgspeiteng.lu\/fr_FR\/797\" class=\"post-797\" rel=\"bookmark\">Vill nei Fotoen online<\/a> <span class=\"sya_categories\">(Fotoen)<\/span> <span class=\"sya_author\">(par Gilles)<\/span><\/div><\/li><li class=\"\"><div class=\"sya_postcontent\"><span class=\"sya_date\">13. f\u00e9vrier  |  <\/span><a href=\"https:\/\/lgspeiteng.lu\/fr_FR\/766\" class=\"post-766\" rel=\"bookmark\">[Fotoen] RaRo Camp an Italien<\/a> <span class=\"sya_categories\">(Fotoen)<\/span> <span class=\"sya_tags\">(Assisi, camp, Italien, Populonia, RaRo, Roum)<\/span> <span class=\"sya_author\">(par Gilles)<\/span><\/div><\/li><li class=\"\"><div class=\"sya_postcontent\"><span class=\"sya_date\">07. f\u00e9vrier  |  <\/span><a href=\"https:\/\/lgspeiteng.lu\/fr_FR\/762\" class=\"post-762\" rel=\"bookmark\">Fotosowend<\/a> <span class=\"sya_categories\">(Scoutsziedel)<\/span> <span class=\"sya_author\">(par Kimski)<\/span><\/div><\/li><li class=\"\"><div class=\"sya_postcontent\"><span class=\"sya_date\">03. f\u00e9vrier  |  <\/span><a href=\"https:\/\/lgspeiteng.lu\/fr_FR\/757\" class=\"post-757\" rel=\"bookmark\">Scoutsziedel bis den 12. Februar 2011<\/a> <span class=\"sya_categories\">(Scoutsziedel)<\/span> <span class=\"sya_tags\">(Theater)<\/span> <span class=\"sya_author\">(par Gilles)<\/span><\/div><\/li><li class=\"\"><div class=\"sya_postcontent\"><span class=\"sya_date\">01. f\u00e9vrier  |  <\/span><a href=\"https:\/\/lgspeiteng.lu\/fr_FR\/676\" class=\"post-676\" rel=\"bookmark\">Nolauschteren<\/a> <span class=\"sya_categories\">(Zitater)<\/span> <span class=\"sya_tags\">(lauschteren, nolauschteren, schw\u00e4tzen)<\/span> <span class=\"sya_author\">(par Gilles)<\/span><\/div><\/li><li class=\"\"><div class=\"sya_postcontent\"><span class=\"sya_date\">30. janvier  |  <\/span><a href=\"https:\/\/lgspeiteng.lu\/fr_FR\/751\" class=\"post-751\" rel=\"bookmark\">Theater 2010: De Bummessen Johny [Fotoen]<\/a> <span class=\"sya_categories\">(Fotoen)<\/span> <span class=\"sya_tags\">(De Bummessen Johny, Home, P\u00e9iteng, Theater)<\/span> <span class=\"sya_author\">(par Administrator)<\/span><\/div><\/li><li class=\"\"><div class=\"sya_postcontent\"><span class=\"sya_date\">13. janvier  |  <\/span><a href=\"https:\/\/lgspeiteng.lu\/fr_FR\/739\" class=\"post-739\" rel=\"bookmark\">Theater 2011<\/a> <span class=\"sya_categories\">(Neiegkeeten)<\/span> <span class=\"sya_tags\">(Home, Theater)<\/span> <span class=\"sya_author\">(par Gilles)<\/span><\/div><\/li><li class=\"\"><div class=\"sya_postcontent\"><span class=\"sya_date\">08. janvier  |  <\/span><a href=\"https:\/\/lgspeiteng.lu\/fr_FR\/736\" class=\"post-736\" rel=\"bookmark\">Scoutsziedel bis den 29.01.2011<\/a> <span class=\"sya_categories\">(Scoutsziedel)<\/span> <span class=\"sya_tags\">(Hike, Pabeiersammlung, Prouw, Theater, Wanterhike)<\/span> <span class=\"sya_author\">(par Gilles)<\/span><\/div><\/li><li class=\"\"><div class=\"sya_postcontent\"><span class=\"sya_date\">05. janvier  |  <\/span><a href=\"https:\/\/lgspeiteng.lu\/fr_FR\/734\" class=\"post-734\" rel=\"bookmark\">Action Avenir Haiti<\/a> <span class=\"sya_categories\">(Neiegkeeten)<\/span> <span class=\"sya_tags\">(Haiti)<\/span> <span class=\"sya_author\">(par Administrator)<\/span><\/div><\/li><li class=\"\"><div class=\"sya_postcontent\"><span class=\"sya_date\">01. janvier  |  <\/span><a href=\"https:\/\/lgspeiteng.lu\/fr_FR\/672\" class=\"post-672\" rel=\"bookmark\">Schlecht Gewunnechten<\/a> <span class=\"sya_categories\">(Scoutsziedel, Zitater)<\/span> <span class=\"sya_tags\">(Strof, Verbued)<\/span> <span class=\"sya_author\">(par Gilles)<\/span><\/div><\/li><\/ul><h2><a id=\"year2010\"><\/a><a href=\"#\" onclick=\"this.parentNode.nextSibling.style.display=(this.parentNode.nextSibling.style.display!='none'?'none':'');return false;\">2010<\/a> <span class=\"sya_yearcount\">(80)<\/span><\/h2><ul style=\"display:none;\"><li class=\"\"><div class=\"sya_postcontent\"><span class=\"sya_date\">26. d\u00e9cembre  |  <\/span><a href=\"https:\/\/lgspeiteng.lu\/fr_FR\/726\" class=\"post-726\" rel=\"bookmark\">Feierholz aus Pabeier<\/a> <span class=\"sya_categories\">(Scoutstricken)<\/span> <span class=\"sya_tags\">(Feier, Pabeier)<\/span> <span class=\"sya_author\">(par Gilles)<\/span><\/div><\/li><li class=\"\"><div class=\"sya_postcontent\"><span class=\"sya_date\">01. d\u00e9cembre  |  <\/span><a href=\"https:\/\/lgspeiteng.lu\/fr_FR\/670\" class=\"post-670\" rel=\"bookmark\">Allz\u00e4it bereet<\/a> <span class=\"sya_categories\">(Zitater)<\/span> <span class=\"sya_tags\">(Accident, Allz\u00e4it bereet, Noutfall)<\/span> <span class=\"sya_author\">(par Gilles)<\/span><\/div><\/li><li class=\"\"><div class=\"sya_postcontent\"><span class=\"sya_date\">30. novembre  |  <\/span><a href=\"https:\/\/lgspeiteng.lu\/fr_FR\/714\" class=\"post-714\" rel=\"bookmark\">Scoutsziedel bis den 18.Dezember 2010<\/a> <span class=\"sya_categories\">(Scoutsziedel)<\/span> <span class=\"sya_tags\">(Friddensliicht, Mass)<\/span> <span class=\"sya_author\">(par Gilles)<\/span><\/div><\/li><li class=\"\"><div class=\"sya_postcontent\"><span class=\"sya_date\">25. novembre  |  <\/span><a href=\"https:\/\/lgspeiteng.lu\/fr_FR\/709\" class=\"post-709\" rel=\"bookmark\">Buergbrennen 2006 [Fotoen]<\/a> <span class=\"sya_categories\">(Fotoen)<\/span> <span class=\"sya_tags\">(Buergbrennen, Pr\u00ebnzebierg)<\/span> <span class=\"sya_author\">(par Gilles)<\/span><\/div><\/li><li class=\"\"><div class=\"sya_postcontent\"><span class=\"sya_date\">14. novembre  |  <\/span><a href=\"https:\/\/lgspeiteng.lu\/fr_FR\/701\" class=\"post-701\" rel=\"bookmark\">Scoutsziedel bis den 27. November 2010<\/a> <span class=\"sya_categories\">(Scoutsziedel)<\/span> <span class=\"sya_tags\">(Bazar, Cotisatioun, Niklosmart)<\/span> <span class=\"sya_author\">(par Gilles)<\/span><\/div><\/li><li class=\"\"><div class=\"sya_postcontent\"><span class=\"sya_date\">12. novembre  |  <\/span><a href=\"https:\/\/lgspeiteng.lu\/fr_FR\/691\" class=\"post-691\" rel=\"bookmark\">Aktioun Adventskr\u00e4nz<\/a> <span class=\"sya_categories\">(Neiegkeeten)<\/span> <span class=\"sya_tags\">(Adventskranz, Chr\u00ebschtmaart)<\/span> <span class=\"sya_author\">(par Gilles)<\/span><\/div><\/li><li class=\"\"><div class=\"sya_postcontent\"><span class=\"sya_date\">09. novembre  |  <\/span><a href=\"https:\/\/lgspeiteng.lu\/fr_FR\/652\" class=\"post-652\" rel=\"bookmark\">Theater 2005 [Fotoen]<\/a> <span class=\"sya_categories\">(Fotoen)<\/span> <span class=\"sya_tags\">(Home, Theater)<\/span> <span class=\"sya_author\">(par Administrator)<\/span><\/div><\/li><li class=\"\"><div class=\"sya_postcontent\"><span class=\"sya_date\">06. novembre  |  <\/span><a href=\"https:\/\/lgspeiteng.lu\/fr_FR\/647\" class=\"post-647\" rel=\"bookmark\">AvEx an der KuFa 2005 [Fotoen]<\/a> <span class=\"sya_categories\">(AvEx, Fotoen)<\/span> <span class=\"sya_tags\">(Esch, Gaalgebierg, Kulturfabrik, Leem)<\/span> <span class=\"sya_author\">(par Administrator)<\/span><\/div><\/li><li class=\"\"><div class=\"sya_postcontent\"><span class=\"sya_date\">03. novembre  |  <\/span><a href=\"https:\/\/lgspeiteng.lu\/fr_FR\/643\" class=\"post-643\" rel=\"bookmark\">LGS Roadshow 2005 [Fotoen]<\/a> <span class=\"sya_categories\">(Fotoen)<\/span> <span class=\"sya_tags\">(Brandstempel, Esch, Roadshow, Schoul)<\/span> <span class=\"sya_author\">(par Administrator)<\/span><\/div><\/li><li class=\"\"><div class=\"sya_postcontent\"><span class=\"sya_date\">01. novembre  |  <\/span><a href=\"https:\/\/lgspeiteng.lu\/fr_FR\/665\" class=\"post-665\" rel=\"bookmark\">Pflicht [Zitat]<\/a> <span class=\"sya_categories\">(Zitater)<\/span> <span class=\"sya_author\">(par Gilles)<\/span><\/div><\/li><li class=\"\"><div class=\"sya_postcontent\"><span class=\"sya_date\">01. novembre  |  <\/span><a href=\"https:\/\/lgspeiteng.lu\/fr_FR\/655\" class=\"post-655\" rel=\"bookmark\">Scoutsziedel bis den 13. November 2010<\/a> <span class=\"sya_categories\">(Scoutsziedel)<\/span> <span class=\"sya_tags\">(Monnerech, Montee, Weekend)<\/span> <span class=\"sya_author\">(par Gilles)<\/span><\/div><\/li><li class=\"\"><div class=\"sya_postcontent\"><span class=\"sya_date\">31. octobre  |  <\/span><a href=\"https:\/\/lgspeiteng.lu\/fr_FR\/639\" class=\"post-639\" rel=\"bookmark\">Mont\u00e9e 2005 [Fotoen]<\/a> <span class=\"sya_categories\">(Fotoen)<\/span> <span class=\"sya_tags\">(Frankr\u00e4ich, Montee)<\/span> <span class=\"sya_author\">(par Administrator)<\/span><\/div><\/li><li class=\"\"><div class=\"sya_postcontent\"><span class=\"sya_date\">28. octobre  |  <\/span><a href=\"https:\/\/lgspeiteng.lu\/fr_FR\/625\" class=\"post-625\" rel=\"bookmark\">Neien Fotoalbum: 2002<\/a> <span class=\"sya_categories\">(Fotoen)<\/span> <span class=\"sya_author\">(par Gilles)<\/span><\/div><\/li><li class=\"\"><div class=\"sya_postcontent\"><span class=\"sya_date\">28. octobre  |  <\/span><a href=\"https:\/\/lgspeiteng.lu\/fr_FR\/621\" class=\"post-621\" rel=\"bookmark\">Theater 2002: Den Duebelen Maurice [Fotoen]<\/a> <span class=\"sya_categories\">(Fotoen)<\/span> <span class=\"sya_tags\">(Lamadeleine, Theater)<\/span> <span class=\"sya_author\">(par Gilles)<\/span><\/div><\/li><li class=\"\"><div class=\"sya_postcontent\"><span class=\"sya_date\">26. octobre  |  <\/span><a href=\"https:\/\/lgspeiteng.lu\/fr_FR\/545\" class=\"post-545\" rel=\"bookmark\">Ee\u00ebr schielen<\/a> <span class=\"sya_categories\">(Scoutstricken)<\/span> <span class=\"sya_tags\">(Ee\u00ebr, Hike, Iessen, Kachen, Trapper)<\/span> <span class=\"sya_author\">(par Gilles)<\/span><\/div><\/li><li class=\"\"><div class=\"sya_postcontent\"><span class=\"sya_date\">24. octobre  |  <\/span><a href=\"https:\/\/lgspeiteng.lu\/fr_FR\/613\" class=\"post-613\" rel=\"bookmark\">Nei Fotosgalerie<\/a> <span class=\"sya_categories\">(Fotoen, Sitenews)<\/span> <span class=\"sya_author\">(par Gilles)<\/span><\/div><\/li><li class=\"\"><div class=\"sya_postcontent\"><span class=\"sya_date\">23. octobre  |  <\/span><a href=\"https:\/\/lgspeiteng.lu\/fr_FR\/588\" class=\"post-588\" rel=\"bookmark\">Buergbrennen 2003 [Fotoen]<\/a> <span class=\"sya_categories\">(Fotoen)<\/span> <span class=\"sya_tags\">(Buergbrennen, Pr\u00ebnzebierg)<\/span> <span class=\"sya_author\">(par Gilles)<\/span><\/div><\/li><li class=\"\"><div class=\"sya_postcontent\"><span class=\"sya_date\">20. octobre  |  <\/span><a href=\"https:\/\/lgspeiteng.lu\/fr_FR\/583\" class=\"post-583\" rel=\"bookmark\">AvEx WE op der Buerchenter Buerg [Fotoen]<\/a> <span class=\"sya_categories\">(AvEx, Fotoen)<\/span> <span class=\"sya_tags\">(Buerchent, Buerg, M\u00ebttelalter, Ritter, Weekend)<\/span> <span class=\"sya_author\">(par Gilles)<\/span><\/div><\/li><li class=\"\"><div class=\"sya_postcontent\"><span class=\"sya_date\">17. octobre  |  <\/span><a href=\"https:\/\/lgspeiteng.lu\/fr_FR\/538\" class=\"post-538\" rel=\"bookmark\">Plastikstuten versigelen<\/a> <span class=\"sya_categories\">(Scoutstricken)<\/span> <span class=\"sya_tags\">(Fl\u00e4sch, Plastik, Recycling, Tut)<\/span> <span class=\"sya_author\">(par Gilles)<\/span><\/div><\/li><li class=\"\"><div class=\"sya_postcontent\"><span class=\"sya_date\">14. octobre  |  <\/span><a href=\"https:\/\/lgspeiteng.lu\/fr_FR\/580\" class=\"post-580\" rel=\"bookmark\">Jambalaya, Nationalen AvEx Camp 2002 [Fotoen]<\/a> <span class=\"sya_categories\">(AvEx, Fotoen)<\/span> <span class=\"sya_tags\">(camp, Eschduerf, Jambalaya, national)<\/span> <span class=\"sya_author\">(par Gilles)<\/span><\/div><\/li><li class=\"\"><div class=\"sya_postcontent\"><span class=\"sya_date\">12. octobre  |  <\/span><a href=\"https:\/\/lgspeiteng.lu\/fr_FR\/501\" class=\"post-501\" rel=\"bookmark\">map.geoportail.lu<\/a> <span class=\"sya_categories\">(Scoutstricken)<\/span> <span class=\"sya_tags\">(Kaart, Kadaster, Pr\u00ebnzebierg, topografesch, Topografie)<\/span> <span class=\"sya_author\">(par Gilles)<\/span><\/div><\/li><li class=\"\"><div class=\"sya_postcontent\"><span class=\"sya_date\">11. octobre  |  <\/span><a href=\"https:\/\/lgspeiteng.lu\/fr_FR\/570\" class=\"post-570\" rel=\"bookmark\">Scoutsziedel bis den 23. Oktober 2010<\/a> <span class=\"sya_categories\">(Scoutsziedel)<\/span> <span class=\"sya_tags\">(Albatrossen, Montee)<\/span> <span class=\"sya_author\">(par Gilles)<\/span><\/div><\/li><li class=\"\"><div class=\"sya_postcontent\"><span class=\"sya_date\">11. octobre  |  <\/span><a href=\"https:\/\/lgspeiteng.lu\/fr_FR\/561\" class=\"post-561\" rel=\"bookmark\">Chef-Weekend 2010 [Fotoen]<\/a> <span class=\"sya_categories\">(Fotoen)<\/span> <span class=\"sya_tags\">(Chef Weekend)<\/span> <span class=\"sya_author\">(par Davy)<\/span><\/div><\/li><li class=\"\"><div class=\"sya_postcontent\"><span class=\"sya_date\">05. octobre  |  <\/span><a href=\"https:\/\/lgspeiteng.lu\/fr_FR\/497\" class=\"post-497\" rel=\"bookmark\">V\u00e9ierfache Spiiss<\/a> <span class=\"sya_categories\">(Scoutstricken)<\/span> <span class=\"sya_tags\">(Feier, Grillen, Spiiss, Trapper)<\/span> <span class=\"sya_author\">(par Gilles)<\/span><\/div><\/li><li class=\"\"><div class=\"sya_postcontent\"><span class=\"sya_date\">01. octobre  |  <\/span><a href=\"https:\/\/lgspeiteng.lu\/fr_FR\/526\" class=\"post-526\" rel=\"bookmark\">Site update<\/a> <span class=\"sya_categories\">(Sitenews)<\/span> <span class=\"sya_tags\">(Update)<\/span> <span class=\"sya_author\">(par Administrator)<\/span><\/div><\/li><li class=\"\"><div class=\"sya_postcontent\"><span class=\"sya_date\">30. septembre  |  <\/span><a href=\"https:\/\/lgspeiteng.lu\/fr_FR\/518\" class=\"post-518\" rel=\"bookmark\">Journ\u00e9e Comm\u00e9morative<\/a> <span class=\"sya_categories\">(Neiegkeeten)<\/span> <span class=\"sya_tags\">(P\u00e9iteng)<\/span> <span class=\"sya_author\">(par Gilles)<\/span><\/div><\/li><li class=\"\"><div class=\"sya_postcontent\"><span class=\"sya_date\">29. septembre  |  <\/span><a href=\"https:\/\/lgspeiteng.lu\/fr_FR\/506\" class=\"post-506\" rel=\"bookmark\">CaraPio Camp 2010<\/a> <span class=\"sya_categories\">(CaraPio, Fotoen)<\/span> <span class=\"sya_tags\">(camp, D\u00e4itschland, Schwarzwald)<\/span> <span class=\"sya_author\">(par DerLukas)<\/span><\/div><\/li><li class=\"\"><div class=\"sya_postcontent\"><span class=\"sya_date\">29. septembre  |  <\/span><a href=\"https:\/\/lgspeiteng.lu\/fr_FR\/509\" class=\"post-509\" rel=\"bookmark\">Scoutsziedel bis den 9. Oktober 2010<\/a> <span class=\"sya_categories\">(Scoutsziedel)<\/span> <span class=\"sya_tags\">(Jamboree, Pabeiersammlung)<\/span> <span class=\"sya_author\">(par Gilles)<\/span><\/div><\/li><li class=\"\"><div class=\"sya_postcontent\"><span class=\"sya_date\">28. septembre  |  <\/span><a href=\"https:\/\/lgspeiteng.lu\/fr_FR\/491\" class=\"post-491\" rel=\"bookmark\">Flamma &#8211; Feier mat Ikea Produkter<\/a> <span class=\"sya_categories\">(Scoutstricken)<\/span> <span class=\"sya_tags\">(Feier, Holz, IKEA)<\/span> <span class=\"sya_author\">(par Gilles)<\/span><\/div><\/li><li class=\"\"><div class=\"sya_postcontent\"><span class=\"sya_date\">05. septembre  |  <\/span><a href=\"https:\/\/lgspeiteng.lu\/fr_FR\/482\" class=\"post-482\" rel=\"bookmark\">Scoutsziedel bis den 25. September 2010<\/a> <span class=\"sya_categories\">(Scoutsziedel)<\/span> <span class=\"sya_tags\">(A Rousen, Amerika, Befreiung, Chefdag, Countrymusek, Freedom Festival, Grupperot, Home, Journ\u00e9e Comm\u00e9morative du Passeur, Kleedersammlung, Kongress, Pabeiersammlung, Pompjeesbau, Rockabilly, Stengefort, Syndicat d'Initiative)<\/span> <span class=\"sya_author\">(par Gilles)<\/span><\/div><\/li><li class=\"\"><div class=\"sya_postcontent\"><span class=\"sya_date\">25. ao\u00fbt  |  <\/span><a href=\"https:\/\/lgspeiteng.lu\/fr_FR\/477\" class=\"post-477\" rel=\"bookmark\">Knuetl\u00ebscht op Android<\/a> <span class=\"sya_categories\">(Scoutstricken)<\/span> <span class=\"sya_tags\">(Handy, Knuet, Software)<\/span> <span class=\"sya_author\">(par Gilles)<\/span><\/div><\/li><li class=\"\"><div class=\"sya_postcontent\"><span class=\"sya_date\">14. ao\u00fbt  |  <\/span><a href=\"https:\/\/lgspeiteng.lu\/fr_FR\/472\" class=\"post-472\" rel=\"bookmark\">Mord um Pr\u00ebnzebierg (Kuerzfilm)<\/a> <span class=\"sya_categories\">(AvEx, Video)<\/span> <span class=\"sya_tags\">(Film, Krimi, Mord, Police, Pr\u00ebnzebierg)<\/span> <span class=\"sya_author\">(par Gilles)<\/span><\/div><\/li><li class=\"\"><div class=\"sya_postcontent\"><span class=\"sya_date\">01. ao\u00fbt  |  <\/span><a href=\"https:\/\/lgspeiteng.lu\/fr_FR\/465\" class=\"post-465\" rel=\"bookmark\">Pabeiersammlung an Vakanzaktioun<\/a> <span class=\"sya_categories\">(Scoutsziedel)<\/span> <span class=\"sya_tags\">(Pabeiersammlung, Vakanznom\u00ebtteg)<\/span> <span class=\"sya_author\">(par Gilles)<\/span><\/div><\/li><li class=\"\"><div class=\"sya_postcontent\"><span class=\"sya_date\">29. juin  |  <\/span><a href=\"https:\/\/lgspeiteng.lu\/fr_FR\/462\" class=\"post-462\" rel=\"bookmark\">Scoutsziedel bis den 11. Juli 2010<\/a> <span class=\"sya_categories\">(Scoutsziedel)<\/span> <span class=\"sya_tags\">(2. Weltkrich, camp, G\u00e9isserei, LARP, Mini-Intervilles, Resistenz, Vakanznom\u00ebtteg, Verband, Wikinger, Zirkus)<\/span> <span class=\"sya_author\">(par Gilles)<\/span><\/div><\/li><li class=\"\"><div class=\"sya_postcontent\"><span class=\"sya_date\">25. juin  |  <\/span><a href=\"https:\/\/lgspeiteng.lu\/fr_FR\/431\" class=\"post-431\" rel=\"bookmark\">Fotoen: AvEx Camp zu Mamirolle<\/a> <span class=\"sya_categories\">(AvEx, Fotoen)<\/span> <span class=\"sya_tags\">(camp, Frankr\u00e4ich, Mamirolle)<\/span> <span class=\"sya_author\">(par Gilles)<\/span><\/div><\/li><li class=\"\"><div class=\"sya_postcontent\"><span class=\"sya_date\">18. juin  |  <\/span><a href=\"https:\/\/lgspeiteng.lu\/fr_FR\/426\" class=\"post-426\" rel=\"bookmark\">Mamirolle AvEx Camp Virbereedung [Fotoen]<\/a> <span class=\"sya_categories\">(Fotoen, Scoutsziedel, Video)<\/span> <span class=\"sya_tags\">(camp, Chef, Frankr\u00e4ich, Mamirolle)<\/span> <span class=\"sya_author\">(par Gilles)<\/span><\/div><\/li><li class=\"\"><div class=\"sya_postcontent\"><span class=\"sya_date\">16. juin  |  <\/span><a href=\"https:\/\/lgspeiteng.lu\/fr_FR\/454\" class=\"post-454\" rel=\"bookmark\">70 Joer Scoutsresistenzler<\/a> <span class=\"sya_categories\">(Neiegkeeten)<\/span> <span class=\"sya_tags\">(2. Weltkrich, G\u00e9isserei, Resistenz, Verband)<\/span> <span class=\"sya_author\">(par Administrator)<\/span><\/div><\/li><li class=\"\"><div class=\"sya_postcontent\"><span class=\"sya_date\">15. juin  |  <\/span><a href=\"https:\/\/lgspeiteng.lu\/fr_FR\/449\" class=\"post-449\" rel=\"bookmark\">Scoutsziedel bis den 26. Juni 2010.<\/a> <span class=\"sya_categories\">(Scoutsziedel)<\/span> <span class=\"sya_tags\">(Chef Weekend, Lamadeleine, Mini-Intervilles, Nationalfeierdag, Te Deum)<\/span> <span class=\"sya_author\">(par Gilles)<\/span><\/div><\/li><li class=\"\"><div class=\"sya_postcontent\"><span class=\"sya_date\">11. juin  |  <\/span><a href=\"https:\/\/lgspeiteng.lu\/fr_FR\/421\" class=\"post-421\" rel=\"bookmark\">Fotoen: Mont\u00e9e 2002<\/a> <span class=\"sya_categories\">(Fotoen)<\/span> <span class=\"sya_tags\">(Montee, Pr\u00ebnzebierg)<\/span> <span class=\"sya_author\">(par Gilles)<\/span><\/div><\/li><li class=\"\"><div class=\"sya_postcontent\"><span class=\"sya_date\">08. juin  |  <\/span><a href=\"https:\/\/lgspeiteng.lu\/fr_FR\/445\" class=\"post-445\" rel=\"bookmark\">Feier um naasse Buedem<\/a> <span class=\"sya_categories\">(Scoutstricken)<\/span> <span class=\"sya_tags\">(Feier)<\/span> <span class=\"sya_author\">(par Gilles)<\/span><\/div><\/li><li class=\"\"><div class=\"sya_postcontent\"><span class=\"sya_date\">04. juin  |  <\/span><a href=\"https:\/\/lgspeiteng.lu\/fr_FR\/417\" class=\"post-417\" rel=\"bookmark\">Fotoen: CaraPio Versammlung<\/a> <span class=\"sya_categories\">(CaraPio, Fotoen)<\/span> <span class=\"sya_tags\">(bastelen, CaraPio, Versammlung)<\/span> <span class=\"sya_author\">(par Gilles)<\/span><\/div><\/li><li class=\"\"><div class=\"sya_postcontent\"><span class=\"sya_date\">31. mai  |  <\/span><a href=\"https:\/\/lgspeiteng.lu\/fr_FR\/438\" class=\"post-438\" rel=\"bookmark\">Scoutsziedel bis den 13. Juni 2010<\/a> <span class=\"sya_categories\">(Scoutsziedel)<\/span> <span class=\"sya_tags\">(Bamb\u00ebsch, Bridel, bus, Film, Hike, Iron Scout)<\/span> <span class=\"sya_author\">(par Gilles)<\/span><\/div><\/li><li class=\"\"><div class=\"sya_postcontent\"><span class=\"sya_date\">29. mai  |  <\/span><a href=\"https:\/\/lgspeiteng.lu\/fr_FR\/414\" class=\"post-414\" rel=\"bookmark\">Fotoen: AvEx Zauber WE um Neihaischen<\/a> <span class=\"sya_categories\">(AvEx, Fotoen)<\/span> <span class=\"sya_tags\">(AvEx, Neihaischen, Weekend, Zauberei)<\/span> <span class=\"sya_author\">(par Gilles)<\/span><\/div><\/li><li class=\"\"><div class=\"sya_postcontent\"><span class=\"sya_date\">21. mai  |  <\/span><a href=\"https:\/\/lgspeiteng.lu\/fr_FR\/404\" class=\"post-404\" rel=\"bookmark\">Scoutsziedel bis den 30. Mee 2010<\/a> <span class=\"sya_categories\">(Scoutsziedel)<\/span> <span class=\"sya_tags\">(Bealtaine, Concert, Guild, Hike, Kelten, Neihaischen, Pompjeesbau, Restaurant, Trapper, Tr\u00ebppeltuer)<\/span> <span class=\"sya_author\">(par Gilles)<\/span><\/div><\/li><li class=\"\"><div class=\"sya_postcontent\"><span class=\"sya_date\">27. avril  |  <\/span><a href=\"https:\/\/lgspeiteng.lu\/fr_FR\/399\" class=\"post-399\" rel=\"bookmark\">Scoutziedel bis den 15. Mee 2010<\/a> <span class=\"sya_categories\">(Scoutsziedel, Video)<\/span> <span class=\"sya_tags\">(Althing, camp, Diddeleng, Sch\u00ebffleng, W\u00ebllefchersrally)<\/span> <span class=\"sya_author\">(par Gilles)<\/span><\/div><\/li><li class=\"\"><div class=\"sya_postcontent\"><span class=\"sya_date\">20. avril  |  <\/span><a href=\"https:\/\/lgspeiteng.lu\/fr_FR\/394\" class=\"post-394\" rel=\"bookmark\">Scouting for Boys get aktualis\u00e9iert<\/a> <span class=\"sya_categories\">(Neiegkeeten)<\/span> <span class=\"sya_tags\">(Baden Powell, BBC, Bicher)<\/span> <span class=\"sya_author\">(par Gilles)<\/span><\/div><\/li><li class=\"\"><div class=\"sya_postcontent\"><span class=\"sya_date\">16. avril  |  <\/span><a href=\"https:\/\/lgspeiteng.lu\/fr_FR\/342\" class=\"post-342\" rel=\"bookmark\">Neel mat Schaumbullen unhalen<\/a> <span class=\"sya_categories\">(Scoutstricken)<\/span> <span class=\"sya_tags\">(Hummer, Neel)<\/span> <span class=\"sya_author\">(par Gilles)<\/span><\/div><\/li><li class=\"\"><div class=\"sya_postcontent\"><span class=\"sya_date\">12. avril  |  <\/span><a href=\"https:\/\/lgspeiteng.lu\/fr_FR\/378\" class=\"post-378\" rel=\"bookmark\">Scoutsziedel bis den 24. Abr\u00ebll 2010<\/a> <span class=\"sya_categories\">(Scoutsziedel)<\/span> <span class=\"sya_tags\">(Chef Weekend, Miersch, Weekend)<\/span> <span class=\"sya_author\">(par Gilles)<\/span><\/div><\/li><li class=\"\"><div class=\"sya_postcontent\"><span class=\"sya_date\">09. avril  |  <\/span><a href=\"https:\/\/lgspeiteng.lu\/fr_FR\/370\" class=\"post-370\" rel=\"bookmark\">Mat Schokola an Cola Feier maachen<\/a> <span class=\"sya_categories\">(Scoutsziedel)<\/span> <span class=\"sya_tags\">(B\u00e9chsen, Cola, Feier, Limonad, Metall, Piwel, Schokola, Zahnpasta, Zunder)<\/span> <span class=\"sya_author\">(par Gilles)<\/span><\/div><\/li><li class=\"\"><div class=\"sya_postcontent\"><span class=\"sya_date\">06. avril  |  <\/span><a href=\"https:\/\/lgspeiteng.lu\/fr_FR\/366\" class=\"post-366\" rel=\"bookmark\">Fotoen: JoCaPi 2007<\/a> <span class=\"sya_categories\">(Fotoen)<\/span> <span class=\"sya_tags\">(CaraPio, Jocapi)<\/span> <span class=\"sya_author\">(par Gilles)<\/span><\/div><\/li><li class=\"\"><div class=\"sya_postcontent\"><span class=\"sya_date\">02. avril  |  <\/span><a href=\"https:\/\/lgspeiteng.lu\/fr_FR\/337\" class=\"post-337\" rel=\"bookmark\">Naass Bicher afr\u00e9ieren<\/a> <span class=\"sya_categories\">(Scoutstricken)<\/span> <span class=\"sya_tags\">(Bicher, fr\u00e9ieren, Killtruh, Pabeier, Waasser)<\/span> <span class=\"sya_author\">(par Gilles)<\/span><\/div><\/li><li class=\"\"><div class=\"sya_postcontent\"><span class=\"sya_date\">30. mars  |  <\/span><a href=\"https:\/\/lgspeiteng.lu\/fr_FR\/361\" class=\"post-361\" rel=\"bookmark\">Fotoen: W\u00ebllef Weekend<\/a> <span class=\"sya_categories\">(Fotoen)<\/span> <span class=\"sya_tags\">(Fuesend, Weekend, W\u00ebllef)<\/span> <span class=\"sya_author\">(par Gilles)<\/span><\/div><\/li><li class=\"\"><div class=\"sya_postcontent\"><span class=\"sya_date\">26. mars  |  <\/span><a href=\"https:\/\/lgspeiteng.lu\/fr_FR\/344\" class=\"post-344\" rel=\"bookmark\">Den Rucksak fir den Hike paken<\/a> <span class=\"sya_categories\">(Scoutstricken)<\/span> <span class=\"sya_tags\">(Hike, Rucksak)<\/span> <span class=\"sya_author\">(par Gilles)<\/span><\/div><\/li><li class=\"\"><div class=\"sya_postcontent\"><span class=\"sya_date\">24. mars  |  <\/span><a href=\"https:\/\/lgspeiteng.lu\/fr_FR\/358\" class=\"post-358\" rel=\"bookmark\">Fotoen: Matarbeschteriessen um Pr\u00ebnzebierg<\/a> <span class=\"sya_categories\">(Fotoen)<\/span> <span class=\"sya_tags\">(Matarbeschter, Pr\u00ebnzebierg)<\/span> <span class=\"sya_author\">(par Gilles)<\/span><\/div><\/li><li class=\"\"><div class=\"sya_postcontent\"><span class=\"sya_date\">19. mars  |  <\/span><a href=\"https:\/\/lgspeiteng.lu\/fr_FR\/322\" class=\"post-322\" rel=\"bookmark\">Gromperen g\u00e9int ugelafen Autosf\u00ebnsteren<\/a> <span class=\"sya_categories\">(Scoutstricken)<\/span> <span class=\"sya_tags\">(Auto, botzen, F\u00ebnster, Gromper, Schwammbr\u00ebll, Shampoo, Spigel)<\/span> <span class=\"sya_author\">(par Gilles)<\/span><\/div><\/li><li class=\"\"><div class=\"sya_postcontent\"><span class=\"sya_date\">17. mars  |  <\/span><a href=\"https:\/\/lgspeiteng.lu\/fr_FR\/346\" class=\"post-346\" rel=\"bookmark\">Scoutsziedel bis den 28. M\u00e4rz 2010<\/a> <span class=\"sya_categories\">(Scoutsziedel)<\/span> <span class=\"sya_tags\">(Jocapi, Pabeiersammlung)<\/span> <span class=\"sya_author\">(par Gilles)<\/span><\/div><\/li><li class=\"\"><div class=\"sya_postcontent\"><span class=\"sya_date\">12. mars  |  <\/span><a href=\"https:\/\/lgspeiteng.lu\/fr_FR\/318\" class=\"post-318\" rel=\"bookmark\">Sticker ewechf\u00f6hnen<\/a> <span class=\"sya_categories\">(Scoutstricken)<\/span> <span class=\"sya_tags\">(F\u00f6hn, Sticker)<\/span> <span class=\"sya_author\">(par Gilles)<\/span><\/div><\/li><li class=\"\"><div class=\"sya_postcontent\"><span class=\"sya_date\">08. mars  |  <\/span><a href=\"https:\/\/lgspeiteng.lu\/fr_FR\/307\" class=\"post-307\" rel=\"bookmark\">Fotoen: AvEx Camp zu Munzheim<\/a> <span class=\"sya_categories\">(AvEx, Fotoen)<\/span> <span class=\"sya_tags\">(AvEx, Belsch, Munzheim)<\/span> <span class=\"sya_author\">(par Gilles)<\/span><\/div><\/li><li class=\"\"><div class=\"sya_postcontent\"><span class=\"sya_date\">05. mars  |  <\/span><a href=\"https:\/\/lgspeiteng.lu\/fr_FR\/293\" class=\"post-293\" rel=\"bookmark\">Ugebrannte Pangescher<\/a> <span class=\"sya_categories\">(Scoutstricken)<\/span> <span class=\"sya_tags\">(Kachen, Pangesch, Ueleg)<\/span> <span class=\"sya_author\">(par Gilles)<\/span><\/div><\/li><li class=\"\"><div class=\"sya_postcontent\"><span class=\"sya_date\">02. mars  |  <\/span><a href=\"https:\/\/lgspeiteng.lu\/fr_FR\/296\" class=\"post-296\" rel=\"bookmark\">Scoutsziedel bis den 13. M\u00e4rz 2010<\/a> <span class=\"sya_categories\">(Scoutsziedel)<\/span> <span class=\"sya_tags\">(Assisi, Guild, Hike, Italien, Jocapi, Schwarzwald, Stengefort, Tr\u00ebppeltuer)<\/span> <span class=\"sya_author\">(par Gilles)<\/span><\/div><\/li><li class=\"\"><div class=\"sya_postcontent\"><span class=\"sya_date\">26. f\u00e9vrier  |  <\/span><a href=\"https:\/\/lgspeiteng.lu\/fr_FR\/280\" class=\"post-280\" rel=\"bookmark\">Schwammbr\u00ebll g\u00e9int Damp<\/a> <span class=\"sya_categories\">(Scoutstricken)<\/span> <span class=\"sya_tags\">(Damp, Feier, Kachen, Schwammbr\u00ebll)<\/span> <span class=\"sya_author\">(par Gilles)<\/span><\/div><\/li><li class=\"\"><div class=\"sya_postcontent\"><span class=\"sya_date\">25. f\u00e9vrier  |  <\/span><a href=\"https:\/\/lgspeiteng.lu\/fr_FR\/291\" class=\"post-291\" rel=\"bookmark\">Home on Fire Gew\u00ebnner<\/a> <span class=\"sya_categories\">(Scoutsziedel)<\/span> <span class=\"sya_tags\">(Home, Party)<\/span> <span class=\"sya_author\">(par Gilles)<\/span><\/div><\/li><li class=\"\"><div class=\"sya_postcontent\"><span class=\"sya_date\">23. f\u00e9vrier  |  <\/span><a href=\"https:\/\/lgspeiteng.lu\/fr_FR\/287\" class=\"post-287\" rel=\"bookmark\">Fotoen: W\u00ebllef Weekend zu Diddel\u00e9ng<\/a> <span class=\"sya_categories\">(Fotoen, W\u00ebllefcher)<\/span> <span class=\"sya_tags\">(Diddeleng, W\u00ebllef)<\/span> <span class=\"sya_author\">(par Gilles)<\/span><\/div><\/li><li class=\"\"><div class=\"sya_postcontent\"><span class=\"sya_date\">19. f\u00e9vrier  |  <\/span><a href=\"https:\/\/lgspeiteng.lu\/fr_FR\/266\" class=\"post-266\" rel=\"bookmark\">Zeitungspabeier an d&rsquo;Schung<\/a> <span class=\"sya_categories\">(Scoutstricken)<\/span> <span class=\"sya_tags\">(Schung, Zeitung)<\/span> <span class=\"sya_author\">(par Gilles)<\/span><\/div><\/li><li class=\"\"><div class=\"sya_postcontent\"><span class=\"sya_date\">17. f\u00e9vrier  |  <\/span><a href=\"https:\/\/lgspeiteng.lu\/fr_FR\/275\" class=\"post-275\" rel=\"bookmark\">Fotoen: CaraPio Schlammschlacht<\/a> <span class=\"sya_categories\">(CaraPio, Fotoen)<\/span> <span class=\"sya_tags\">(Bulli, Pr\u00ebnzebierg)<\/span> <span class=\"sya_author\">(par Gilles)<\/span><\/div><\/li><li class=\"\"><div class=\"sya_postcontent\"><span class=\"sya_date\">12. f\u00e9vrier  |  <\/span><a href=\"https:\/\/lgspeiteng.lu\/fr_FR\/261\" class=\"post-261\" rel=\"bookmark\">Scoutsziedel bis den 27. Februar 2010<\/a> <span class=\"sya_categories\">(Scoutsziedel)<\/span> <span class=\"sya_tags\">(Buergbrennen)<\/span> <span class=\"sya_author\">(par Gilles)<\/span><\/div><\/li><li class=\"\"><div class=\"sya_postcontent\"><span class=\"sya_date\">12. f\u00e9vrier  |  <\/span><a href=\"https:\/\/lgspeiteng.lu\/fr_FR\/157\" class=\"post-157\" rel=\"bookmark\">Zahnpasta g\u00e9int Insektest\u00ebch<\/a> <span class=\"sya_categories\">(Scoutstricken)<\/span> <span class=\"sya_tags\">(Insektest\u00ebch, Zahnpasta)<\/span> <span class=\"sya_author\">(par Gilles)<\/span><\/div><\/li><li class=\"\"><div class=\"sya_postcontent\"><span class=\"sya_date\">10. f\u00e9vrier  |  <\/span><a href=\"https:\/\/lgspeiteng.lu\/fr_FR\/249\" class=\"post-249\" rel=\"bookmark\">Fotoen: Theater 2010 (an eiser Galerie)<\/a> <span class=\"sya_categories\">(Fotoen)<\/span> <span class=\"sya_tags\">(Lamadelaine, Theater)<\/span> <span class=\"sya_author\">(par Charel)<\/span><\/div><\/li><li class=\"\"><div class=\"sya_postcontent\"><span class=\"sya_date\">09. f\u00e9vrier  |  <\/span><a href=\"https:\/\/lgspeiteng.lu\/fr_FR\/235\" class=\"post-235\" rel=\"bookmark\">Video: Vakanznom\u00ebtteg<\/a> <span class=\"sya_categories\">(Video)<\/span> <span class=\"sya_tags\">(Vakanznom\u00ebtteg)<\/span> <span class=\"sya_author\">(par Gilles)<\/span><\/div><\/li><li class=\"\"><div class=\"sya_postcontent\"><span class=\"sya_date\">05. f\u00e9vrier  |  <\/span><a href=\"https:\/\/lgspeiteng.lu\/fr_FR\/181\" class=\"post-181\" rel=\"bookmark\">M\u00e9cken mat enger Plastikstut verdreiwen<\/a> <span class=\"sya_categories\">(Scoutstricken)<\/span> <span class=\"sya_tags\">(M\u00e9cken, Plastik, Waasser)<\/span> <span class=\"sya_author\">(par Gilles)<\/span><\/div><\/li><li class=\"\"><div class=\"sya_postcontent\"><span class=\"sya_date\">03. f\u00e9vrier  |  <\/span><a href=\"https:\/\/lgspeiteng.lu\/fr_FR\/230\" class=\"post-230\" rel=\"bookmark\">Fotoen: Theater 2010<\/a> <span class=\"sya_categories\">(Fotoen, Neiegkeeten, Sitenews)<\/span> <span class=\"sya_tags\">(Theater)<\/span> <span class=\"sya_author\">(par Gilles)<\/span><\/div><\/li><li class=\"\"><div class=\"sya_postcontent\"><span class=\"sya_date\">02. f\u00e9vrier  |  <\/span><a href=\"https:\/\/lgspeiteng.lu\/fr_FR\/217\" class=\"post-217\" rel=\"bookmark\">Fotoen: Home on Fire<\/a> <span class=\"sya_categories\">(Fotoen, Neiegkeeten)<\/span> <span class=\"sya_tags\">(Home, RaRo)<\/span> <span class=\"sya_author\">(par Gilles)<\/span><\/div><\/li><li class=\"\"><div class=\"sya_postcontent\"><span class=\"sya_date\">29. janvier  |  <\/span><a href=\"https:\/\/lgspeiteng.lu\/fr_FR\/159\" class=\"post-159\" rel=\"bookmark\">Schung m\u00e9i s\u00e9ier str\u00e9cken<\/a> <span class=\"sya_categories\">(Scoutstricken)<\/span> <span class=\"sya_tags\">(Knuet, Schung)<\/span> <span class=\"sya_author\">(par Gilles)<\/span><\/div><\/li><li class=\"\"><div class=\"sya_postcontent\"><span class=\"sya_date\">26. janvier  |  <\/span><a href=\"https:\/\/lgspeiteng.lu\/fr_FR\/183\" class=\"post-183\" rel=\"bookmark\">Scoutsziedel bis den 13. Februar 2010<\/a> <span class=\"sya_categories\">(Scoutsziedel)<\/span> <span class=\"sya_author\">(par Guy)<\/span><\/div><\/li><li class=\"\"><div class=\"sya_postcontent\"><span class=\"sya_date\">22. janvier  |  <\/span><a href=\"https:\/\/lgspeiteng.lu\/fr_FR\/154\" class=\"post-154\" rel=\"bookmark\">Spl\u00e4iteren mat enger Banann eraushuelen<\/a> <span class=\"sya_categories\">(Scoutstricken)<\/span> <span class=\"sya_tags\">(Banann, Insektest\u00ebch, Schung, Spl\u00e4iter)<\/span> <span class=\"sya_author\">(par Gilles)<\/span><\/div><\/li><li class=\"\"><div class=\"sya_postcontent\"><span class=\"sya_date\">14. janvier  |  <\/span><a href=\"https:\/\/lgspeiteng.lu\/fr_FR\/146\" class=\"post-146\" rel=\"bookmark\">Home on Fire<\/a> <span class=\"sya_categories\">(Neiegkeeten)<\/span> <span class=\"sya_tags\">(Home, Party, RaRo)<\/span> <span class=\"sya_author\">(par Gilles)<\/span><\/div><\/li><li class=\"\"><div class=\"sya_postcontent\"><span class=\"sya_date\">09. janvier  |  <\/span><a href=\"https:\/\/lgspeiteng.lu\/fr_FR\/136\" class=\"post-136\" rel=\"bookmark\">Scoutsziedel bis den 23. Januar 2010<\/a> <span class=\"sya_categories\">(Scoutsziedel)<\/span> <span class=\"sya_tags\">(Hike, Home, Lamadelaine, Theater)<\/span> <span class=\"sya_author\">(par Gilles)<\/span><\/div><\/li><li class=\"\"><div class=\"sya_postcontent\"><span class=\"sya_date\">09. janvier  |  <\/span><a href=\"https:\/\/lgspeiteng.lu\/fr_FR\/133\" class=\"post-133\" rel=\"bookmark\">Scoutsziedel bis den 19. Dezember 2009<\/a> <span class=\"sya_categories\">(Scoutsziedel)<\/span> <span class=\"sya_author\">(par Gilles)<\/span><\/div><\/li><li class=\"\"><div class=\"sya_postcontent\"><span class=\"sya_date\">09. janvier  |  <\/span><a href=\"https:\/\/lgspeiteng.lu\/fr_FR\/130\" class=\"post-130\" rel=\"bookmark\">Scoutsziedel bis den 12. Dezember 2009<\/a> <span class=\"sya_categories\">(Scoutsziedel)<\/span> <span class=\"sya_author\">(par Gilles)<\/span><\/div><\/li><li class=\"\"><div class=\"sya_postcontent\"><span class=\"sya_date\">09. janvier  |  <\/span><a href=\"https:\/\/lgspeiteng.lu\/fr_FR\/126\" class=\"post-126\" rel=\"bookmark\">Scoutsziedel bis den 29. November 2009<\/a> <span class=\"sya_categories\">(Scoutsziedel)<\/span> <span class=\"sya_tags\">(Cotisatioun)<\/span> <span class=\"sya_author\">(par Gilles)<\/span><\/div><\/li><\/ul><h2><a id=\"year2009\"><\/a><a href=\"#\" onclick=\"this.parentNode.nextSibling.style.display=(this.parentNode.nextSibling.style.display!='none'?'none':'');return false;\">2009<\/a> <span class=\"sya_yearcount\">(21)<\/span><\/h2><ul style=\"display:none;\"><li class=\"\"><div class=\"sya_postcontent\"><span class=\"sya_date\">27. octobre  |  <\/span><a href=\"https:\/\/lgspeiteng.lu\/fr_FR\/123\" class=\"post-123\" rel=\"bookmark\">Scoutsziedel bis den 14. November<\/a> <span class=\"sya_categories\">(Scoutsziedel)<\/span> <span class=\"sya_author\">(par Gilles)<\/span><\/div><\/li><li class=\"\"><div class=\"sya_postcontent\"><span class=\"sya_date\">13. octobre  |  <\/span><a href=\"https:\/\/lgspeiteng.lu\/fr_FR\/121\" class=\"post-121\" rel=\"bookmark\">Scoutsziedel bis den 17. Oktober<\/a> <span class=\"sya_categories\">(Scoutsziedel)<\/span> <span class=\"sya_tags\">(Montee, Telefon, Theater)<\/span> <span class=\"sya_author\">(par Gilles)<\/span><\/div><\/li><li class=\"\"><div class=\"sya_postcontent\"><span class=\"sya_date\">01. octobre  |  <\/span><a href=\"https:\/\/lgspeiteng.lu\/fr_FR\/119\" class=\"post-119\" rel=\"bookmark\">Scoutsziedel bis den 10. Oktober<\/a> <span class=\"sya_categories\">(Scoutsziedel)<\/span> <span class=\"sya_tags\">(Foulard, Shop, Te Deum)<\/span> <span class=\"sya_author\">(par Gilles)<\/span><\/div><\/li><li class=\"\"><div class=\"sya_postcontent\"><span class=\"sya_date\">27. ao\u00fbt  |  <\/span><a href=\"https:\/\/lgspeiteng.lu\/fr_FR\/116\" class=\"post-116\" rel=\"bookmark\">Scoutsziedel bis den 26.9.09<\/a> <span class=\"sya_categories\">(Scoutsziedel)<\/span> <span class=\"sya_tags\">(Grupperot, Kleedersammlung, P\u00e9iteng)<\/span> <span class=\"sya_author\">(par Gilles)<\/span><\/div><\/li><li class=\"\"><div class=\"sya_postcontent\"><span class=\"sya_date\">11. juillet  |  <\/span><a href=\"https:\/\/lgspeiteng.lu\/fr_FR\/114\" class=\"post-114\" rel=\"bookmark\">Scoutziedel bis den 29. Juli<\/a> <span class=\"sya_categories\">(Scoutsziedel)<\/span> <span class=\"sya_author\">(par Gilles)<\/span><\/div><\/li><li class=\"\"><div class=\"sya_postcontent\"><span class=\"sya_date\">01. juillet  |  <\/span><a href=\"https:\/\/lgspeiteng.lu\/fr_FR\/109\" class=\"post-109\" rel=\"bookmark\">Scoutsziedel bis den 11. Juli<\/a> <span class=\"sya_categories\">(Scoutsziedel)<\/span> <span class=\"sya_author\">(par Gilles)<\/span><\/div><\/li><li class=\"\"><div class=\"sya_postcontent\"><span class=\"sya_date\">28. juin  |  <\/span><a href=\"https:\/\/lgspeiteng.lu\/fr_FR\/108\" class=\"post-108\" rel=\"bookmark\">Scoutsziedel bis den 27. Juni<\/a> <span class=\"sya_categories\">(Scoutsziedel)<\/span> <span class=\"sya_author\">(par Gilles)<\/span><\/div><\/li><li class=\"\"><div class=\"sya_postcontent\"><span class=\"sya_date\">28. juin  |  <\/span><a href=\"https:\/\/lgspeiteng.lu\/fr_FR\/105\" class=\"post-105\" rel=\"bookmark\">Scoutsziedel bis den 13. Juni<\/a> <span class=\"sya_categories\">(Scoutsziedel)<\/span> <span class=\"sya_author\">(par Gilles)<\/span><\/div><\/li><li class=\"\"><div class=\"sya_postcontent\"><span class=\"sya_date\">05. mai  |  <\/span><a href=\"https:\/\/lgspeiteng.lu\/fr_FR\/103\" class=\"post-103\" rel=\"bookmark\">Scoutsziedel bis den 22. Mee<\/a> <span class=\"sya_categories\">(Scoutsziedel)<\/span> <span class=\"sya_author\">(par Gilles)<\/span><\/div><\/li><li class=\"\"><div class=\"sya_postcontent\"><span class=\"sya_date\">21. avril  |  <\/span><a href=\"https:\/\/lgspeiteng.lu\/fr_FR\/96\" class=\"post-96\" rel=\"bookmark\">Scoutsziedel bis den 2. Mee<\/a> <span class=\"sya_categories\">(Scoutsziedel)<\/span> <span class=\"sya_author\">(par Gilles)<\/span><\/div><\/li><li class=\"\"><div class=\"sya_postcontent\"><span class=\"sya_date\">20. mars  |  <\/span><a href=\"https:\/\/lgspeiteng.lu\/fr_FR\/94\" class=\"post-94\" rel=\"bookmark\">Scoutsziedel bis no der Ouschtervakanz<\/a> <span class=\"sya_categories\">(Scoutsziedel)<\/span> <span class=\"sya_author\">(par Gilles)<\/span><\/div><\/li><li class=\"\"><div class=\"sya_postcontent\"><span class=\"sya_date\">11. mars  |  <\/span><a href=\"https:\/\/lgspeiteng.lu\/fr_FR\/89\" class=\"post-89\" rel=\"bookmark\">Telefonsnummeren<\/a> <span class=\"sya_categories\">(Sitenews)<\/span> <span class=\"sya_tags\">(Telefon)<\/span> <span class=\"sya_author\">(par Gilles)<\/span><\/div><\/li><li class=\"\"><div class=\"sya_postcontent\"><span class=\"sya_date\">05. mars  |  <\/span><a href=\"https:\/\/lgspeiteng.lu\/fr_FR\/83\" class=\"post-83\" rel=\"bookmark\">Scoutsziedel bis den 14.M\u00c3\u00a4rz 2009<\/a> <span class=\"sya_categories\">(Scoutsziedel)<\/span> <span class=\"sya_author\">(par Guy)<\/span><\/div><\/li><li class=\"\"><div class=\"sya_postcontent\"><span class=\"sya_date\">16. f\u00e9vrier  |  <\/span><a href=\"https:\/\/lgspeiteng.lu\/fr_FR\/61\" class=\"post-61\" rel=\"bookmark\">Scoutsziedel bis den 1.M\u00c3\u00a4rz 2009<\/a> <span class=\"sya_categories\">(Scoutsziedel)<\/span> <span class=\"sya_author\">(par Guy)<\/span><\/div><\/li><li class=\"\"><div class=\"sya_postcontent\"><span class=\"sya_date\">15. f\u00e9vrier  |  <\/span><a href=\"https:\/\/lgspeiteng.lu\/fr_FR\/62\" class=\"post-62\" rel=\"bookmark\">Sonndeg den 1 M\u00e4rz:Buergbrennen<\/a> <span class=\"sya_categories\">(Neiegkeeten)<\/span> <span class=\"sya_author\">(par Guy)<\/span><\/div><\/li><li class=\"\"><div class=\"sya_postcontent\"><span class=\"sya_date\">14. f\u00e9vrier  |  <\/span><a href=\"https:\/\/lgspeiteng.lu\/fr_FR\/49\" class=\"post-49\" rel=\"bookmark\">Den Site get aktualis\u00c3\u00a9iert<\/a> <span class=\"sya_categories\">(Sitenews)<\/span> <span class=\"sya_author\">(par Gilles)<\/span><\/div><\/li><li class=\"\"><div class=\"sya_postcontent\"><span class=\"sya_date\">19. janvier  |  <\/span><a href=\"https:\/\/lgspeiteng.lu\/fr_FR\/43\" class=\"post-43\" rel=\"bookmark\">Scoutsziedel  vum 24.01.2009 bis den 7.02 2009<\/a> <span class=\"sya_categories\">(Sitenews)<\/span> <span class=\"sya_author\">(par Guy)<\/span><\/div><\/li><li class=\"\"><div class=\"sya_postcontent\"><span class=\"sya_date\">16. janvier  |  <\/span><a href=\"https:\/\/lgspeiteng.lu\/fr_FR\/42\" class=\"post-42\" rel=\"bookmark\">Pobeiersammlungen 2009<\/a> <span class=\"sya_categories\">(Sitenews)<\/span> <span class=\"sya_author\">(par Guy)<\/span><\/div><\/li><li class=\"\"><div class=\"sya_postcontent\"><span class=\"sya_date\">11. janvier  |  <\/span><a href=\"https:\/\/lgspeiteng.lu\/fr_FR\/41\" class=\"post-41\" rel=\"bookmark\">Scoutstheater<\/a> <span class=\"sya_categories\">(Sitenews)<\/span> <span class=\"sya_author\">(par Guy)<\/span><\/div><\/li><li class=\"\"><div class=\"sya_postcontent\"><span class=\"sya_date\">10. janvier  |  <\/span><a href=\"https:\/\/lgspeiteng.lu\/fr_FR\/40\" class=\"post-40\" rel=\"bookmark\">Scoutsziedel<\/a> <span class=\"sya_categories\">(Sitenews)<\/span> <span class=\"sya_author\">(par Guy)<\/span><\/div><\/li><li class=\"\"><div class=\"sya_postcontent\"><span class=\"sya_date\">10. janvier  |  <\/span><a href=\"https:\/\/lgspeiteng.lu\/fr_FR\/39\" class=\"post-39\" rel=\"bookmark\">Grupperot<\/a> <span class=\"sya_categories\">(Sitenews)<\/span> <span class=\"sya_author\">(par Guy)<\/span><\/div><\/li><\/ul><h2><a id=\"year2008\"><\/a><a href=\"#\" onclick=\"this.parentNode.nextSibling.style.display=(this.parentNode.nextSibling.style.display!='none'?'none':'');return false;\">2008<\/a> <span class=\"sya_yearcount\">(5)<\/span><\/h2><ul style=\"display:none;\"><li class=\"\"><div class=\"sya_postcontent\"><span class=\"sya_date\">12. novembre  |  <\/span><a href=\"https:\/\/lgspeiteng.lu\/fr_FR\/38\" class=\"post-38\" rel=\"bookmark\">Pobeiersammlung<\/a> <span class=\"sya_categories\">(Sitenews)<\/span> <span class=\"sya_author\">(par Guy)<\/span><\/div><\/li><li class=\"\"><div class=\"sya_postcontent\"><span class=\"sya_date\">13. septembre  |  <\/span><a href=\"https:\/\/lgspeiteng.lu\/fr_FR\/37\" class=\"post-37\" rel=\"bookmark\">Nei Fotoen: Magic Valley<\/a> <span class=\"sya_categories\">(Sitenews)<\/span> <span class=\"sya_author\">(par Gilles)<\/span><\/div><\/li><li class=\"\"><div class=\"sya_postcontent\"><span class=\"sya_date\">16. juillet  |  <\/span><a href=\"https:\/\/lgspeiteng.lu\/fr_FR\/36\" class=\"post-36\" rel=\"bookmark\">Nei Fotoen<\/a> <span class=\"sya_categories\">(Sitenews)<\/span> <span class=\"sya_author\">(par Gilles)<\/span><\/div><\/li><li class=\"\"><div class=\"sya_postcontent\"><span class=\"sya_date\">12. juillet  |  <\/span><a href=\"https:\/\/lgspeiteng.lu\/fr_FR\/35\" class=\"post-35\" rel=\"bookmark\">Nei W\u00c3\u00abllef Fotoen<\/a> <span class=\"sya_categories\">(Sitenews)<\/span> <span class=\"sya_author\">(par Gilles)<\/span><\/div><\/li><li class=\"\"><div class=\"sya_postcontent\"><span class=\"sya_date\">11. juillet  |  <\/span><a href=\"https:\/\/lgspeiteng.lu\/fr_FR\/34\" class=\"post-34\" rel=\"bookmark\">Neien Agenda<\/a> <span class=\"sya_categories\">(Sitenews)<\/span> <span class=\"sya_author\">(par Gilles)<\/span><\/div><\/li><\/ul><h2><a id=\"year2007\"><\/a><a href=\"#\" onclick=\"this.parentNode.nextSibling.style.display=(this.parentNode.nextSibling.style.display!='none'?'none':'');return false;\">2007<\/a> <span class=\"sya_yearcount\">(14)<\/span><\/h2><ul style=\"display:none;\"><li class=\"\"><div class=\"sya_postcontent\"><span class=\"sya_date\">08. ao\u00fbt  |  <\/span><a href=\"https:\/\/lgspeiteng.lu\/fr_FR\/19\" class=\"post-19\" rel=\"bookmark\">RTL Reportage: L\u00c3\u00abtzebuerger Scouten um Jamboree<\/a> <span class=\"sya_categories\">(Neiegkeeten)<\/span> <span class=\"sya_author\">(par Gilles)<\/span><\/div><\/li><li class=\"\"><div class=\"sya_postcontent\"><span class=\"sya_date\">02. ao\u00fbt  |  <\/span><a href=\"https:\/\/lgspeiteng.lu\/fr_FR\/18\" class=\"post-18\" rel=\"bookmark\">Nei Fotoen: Sonnenopgangszeremonie<\/a> <span class=\"sya_categories\">(Sitenews)<\/span> <span class=\"sya_author\">(par Gilles)<\/span><\/div><\/li><li class=\"\"><div class=\"sya_postcontent\"><span class=\"sya_date\">31. juillet  |  <\/span><a href=\"https:\/\/lgspeiteng.lu\/fr_FR\/17\" class=\"post-17\" rel=\"bookmark\">Nei Fotoen: AvEx Indianer Camp<\/a> <span class=\"sya_categories\">(Sitenews)<\/span> <span class=\"sya_author\">(par Gilles)<\/span><\/div><\/li><li class=\"\"><div class=\"sya_postcontent\"><span class=\"sya_date\">07. juillet  |  <\/span><a href=\"https:\/\/lgspeiteng.lu\/fr_FR\/32\" class=\"post-32\" rel=\"bookmark\">Spam<\/a> <span class=\"sya_categories\">(Sitenews)<\/span> <span class=\"sya_author\">(par Gilles)<\/span><\/div><\/li><li class=\"\"><div class=\"sya_postcontent\"><span class=\"sya_date\">02. juin  |  <\/span><a href=\"https:\/\/lgspeiteng.lu\/fr_FR\/31\" class=\"post-31\" rel=\"bookmark\">Concours &#8211; Nach eng Woch<\/a> <span class=\"sya_categories\">(Neiegkeeten)<\/span> <span class=\"sya_author\">(par Gilles)<\/span><\/div><\/li><li class=\"\"><div class=\"sya_postcontent\"><span class=\"sya_date\">02. mai  |  <\/span><a href=\"https:\/\/lgspeiteng.lu\/fr_FR\/30\" class=\"post-30\" rel=\"bookmark\">Logo Concours<\/a> <span class=\"sya_categories\">(Neiegkeeten)<\/span> <span class=\"sya_author\">(par Guy)<\/span><\/div><\/li><li class=\"\"><div class=\"sya_postcontent\"><span class=\"sya_date\">26. avril  |  <\/span><a href=\"https:\/\/lgspeiteng.lu\/fr_FR\/29\" class=\"post-29\" rel=\"bookmark\">Diner Spectacle<\/a> <span class=\"sya_categories\">(Neiegkeeten)<\/span> <span class=\"sya_author\">(par Gilles)<\/span><\/div><\/li><li class=\"\"><div class=\"sya_postcontent\"><span class=\"sya_date\">24. avril  |  <\/span><a href=\"https:\/\/lgspeiteng.lu\/fr_FR\/28\" class=\"post-28\" rel=\"bookmark\">\u00c3\u2039mmer bereet<\/a> <span class=\"sya_categories\">(Neiegkeeten)<\/span> <span class=\"sya_author\">(par Gilles)<\/span><\/div><\/li><li class=\"\"><div class=\"sya_postcontent\"><span class=\"sya_date\">23. avril  |  <\/span><a href=\"https:\/\/lgspeiteng.lu\/fr_FR\/27\" class=\"post-27\" rel=\"bookmark\">Philately<\/a> <span class=\"sya_categories\">(Neiegkeeten)<\/span> <span class=\"sya_author\">(par Gilles)<\/span><\/div><\/li><li class=\"\"><div class=\"sya_postcontent\"><span class=\"sya_date\">19. avril  |  <\/span><a href=\"https:\/\/lgspeiteng.lu\/fr_FR\/26\" class=\"post-26\" rel=\"bookmark\">Ausstellung am Sch\u00c3\u00a9ine St\u00c3\u00a4r<\/a> <span class=\"sya_categories\">(Neiegkeeten)<\/span> <span class=\"sya_author\">(par Gilles)<\/span><\/div><\/li><li class=\"\"><div class=\"sya_postcontent\"><span class=\"sya_date\">17. avril  |  <\/span><a href=\"https:\/\/lgspeiteng.lu\/fr_FR\/25\" class=\"post-25\" rel=\"bookmark\">Neies aus der Scoutszentral<\/a> <span class=\"sya_categories\">(Neiegkeeten)<\/span> <span class=\"sya_author\">(par Guy)<\/span><\/div><\/li><li class=\"\"><div class=\"sya_postcontent\"><span class=\"sya_date\">16. avril  |  <\/span><a href=\"https:\/\/lgspeiteng.lu\/fr_FR\/24\" class=\"post-24\" rel=\"bookmark\">AvEx Weekend zu Ettelbr\u00c3\u00a9ck &#8211; Fotoen<\/a> <span class=\"sya_categories\">(Sitenews)<\/span> <span class=\"sya_author\">(par Gilles)<\/span><\/div><\/li><li class=\"\"><div class=\"sya_postcontent\"><span class=\"sya_date\">12. avril  |  <\/span><a href=\"https:\/\/lgspeiteng.lu\/fr_FR\/23\" class=\"post-23\" rel=\"bookmark\">Technesch Detailer<\/a> <span class=\"sya_categories\">(Sitenews)<\/span> <span class=\"sya_author\">(par Gilles)<\/span><\/div><\/li><li class=\"\"><div class=\"sya_postcontent\"><span class=\"sya_date\">11. avril  |  <\/span><a href=\"https:\/\/lgspeiteng.lu\/fr_FR\/22\" class=\"post-22\" rel=\"bookmark\">Starts\u00c3\u00a4it &#38; Logbicher<\/a> <span class=\"sya_categories\">(Sitenews)<\/span> <span class=\"sya_author\">(par Gilles)<\/span><\/div><\/li><\/ul><\/div>\n\n\n\n<p><\/p>\n<\/div><\/section>\n","protected":false},"excerpt":{"rendered":"<p>&#8230;<\/p>\n","protected":false},"author":10,"featured_media":0,"parent":0,"menu_order":0,"comment_status":"closed","ping_status":"closed","template":"","meta":{"ngg_post_thumbnail":0},"uagb_featured_image_src":{"full":false,"thumbnail":false,"medium":false,"medium_large":false,"large":false,"1536x1536":false,"2048x2048":false},"uagb_author_info":{"display_name":"Administrator","author_link":"https:\/\/lgspeiteng.lu\/fr_FR\/author\/lgsadmin"},"uagb_comment_info":0,"uagb_excerpt":"...","_links":{"self":[{"href":"https:\/\/lgspeiteng.lu\/fr_FR\/wp-json\/wp\/v2\/pages\/9757"}],"collection":[{"href":"https:\/\/lgspeiteng.lu\/fr_FR\/wp-json\/wp\/v2\/pages"}],"about":[{"href":"https:\/\/lgspeiteng.lu\/fr_FR\/wp-json\/wp\/v2\/types\/page"}],"author":[{"embeddable":true,"href":"https:\/\/lgspeiteng.lu\/fr_FR\/wp-json\/wp\/v2\/users\/10"}],"replies":[{"embeddable":true,"href":"https:\/\/lgspeiteng.lu\/fr_FR\/wp-json\/wp\/v2\/comments?post=9757"}],"version-history":[{"count":3,"href":"https:\/\/lgspeiteng.lu\/fr_FR\/wp-json\/wp\/v2\/pages\/9757\/revisions"}],"predecessor-version":[{"id":9808,"href":"https:\/\/lgspeiteng.lu\/fr_FR\/wp-json\/wp\/v2\/pages\/9757\/revisions\/9808"}],"wp:attachment":[{"href":"https:\/\/lgspeiteng.lu\/fr_FR\/wp-json\/wp\/v2\/media?parent=9757"}],"curies":[{"name":"wp","href":"https:\/\/api.w.org\/{rel}","templated":true}]}}